{"id":45903,"date":"2025-03-28T14:09:28","date_gmt":"2025-03-28T20:09:28","guid":{"rendered":"https:\/\/quepocamadre.com\/?page_id=45903"},"modified":"2026-04-14T08:49:06","modified_gmt":"2026-04-14T14:49:06","slug":"que-poca-madre","status":"publish","type":"page","link":"https:\/\/quepocamadre.com\/","title":{"rendered":"Que Poca Madre"},"content":{"rendered":"\t\t<div data-elementor-type=\"wp-page\" data-elementor-id=\"45903\" class=\"elementor elementor-45903\">\n\t\t\t\t\t\t<section class=\"elementor-section elementor-top-section elementor-element elementor-element-732913f1 elementor-section-boxed elementor-section-height-default elementor-section-height-default\" data-id=\"732913f1\" data-element_type=\"section\">\n\t\t\t\t\t\t<div class=\"elementor-container elementor-column-gap-no\">\n\t\t\t\t\t<div class=\"elementor-column elementor-col-100 elementor-top-column elementor-element elementor-element-272ad3c8\" data-id=\"272ad3c8\" data-element_type=\"column\">\n\t\t\t<div class=\"elementor-widget-wrap elementor-element-populated\">\n\t\t\t\t\t\t<div class=\"elementor-element elementor-element-5d9df9b1 elementor-widget elementor-widget-slider_revolution\" data-id=\"5d9df9b1\" data-element_type=\"widget\" data-widget_type=\"slider_revolution.default\">\n\t\t\t\t<div class=\"elementor-widget-container\">\n\t\t\t\t\t\n\t\t<div class=\"wp-block-themepunch-revslider\">\n\t\t\t<!-- START Ladehoy REVOLUTION SLIDER 6.6.8 --><p class=\"rs-p-wp-fix\"><\/p>\n\t\t\t<rs-module-wrap id=\"rev_slider_1_1_wrapper\" data-source=\"post\" style=\"visibility:hidden;background:transparent;padding:0px;margin:0px auto;margin-top:0;margin-bottom:0;\">\n\t\t\t\t<rs-module id=\"rev_slider_1_1\" style=\"\" data-version=\"6.6.8\">\n\t\t\t\t\t<rs-slides style=\"overflow: hidden; position: absolute;\">\n\t\t\t\t\t\t<rs-slide style=\"position: absolute;\" data-key=\"rs-66454\" data-title=\"\u00a1TRISTE D\u00cdA DEL NI\u00d1O Y LA NI\u00d1A! LA INFANCIA EN M\u00c9XICO EST\u00c1 EN CRISIS\" data-in=\"o:0;\" data-out=\"a:false;\">\n\t\t\t\t\t\t\t<img decoding=\"async\" src=\"\/\/quepocamadre.com\/wp-content\/plugins\/revslider\/public\/assets\/assets\/dummy.png\" alt=\"\u00a1TRISTE D\u00cdA DEL NI\u00d1O Y LA NI\u00d1A! LA INFANCIA EN M\u00c9XICO EST\u00c1 EN CRISIS\" title=\"Que Poca Madre\" class=\"rev-slidebg tp-rs-img rs-lazyload\" data-lazyload=\"\/\/quepocamadre.com\/wp-content\/plugins\/revslider\/public\/assets\/assets\/transparent.png\" data-no-retina>\n<!--\n\t\t\t\t\t\t\t--><rs-layer\n\t\t\t\t\t\t\t\tid=\"slider-1-slide-66454-layer-0\" \n\t\t\t\t\t\t\t\tdata-type=\"image\"\n\t\t\t\t\t\t\t\tdata-rsp_ch=\"on\"\n\t\t\t\t\t\t\t\tdata-xy=\"x:c;y:c;\"\n\t\t\t\t\t\t\t\tdata-text=\"w:normal;\"\n\t\t\t\t\t\t\t\tdata-dim=\"w:100%;h:100%;\"\n\t\t\t\t\t\t\t\tdata-actions='o:click;a:simplelink;target:_self;url:https:\/\/quepocamadre.com\/?p=66454;'\n\t\t\t\t\t\t\t\tdata-border=\"bor:15px,15px,15px,15px;\"\n\t\t\t\t\t\t\t\tdata-frame_0=\"y:100%;\"\n\t\t\t\t\t\t\t\tdata-frame_0_mask=\"u:t;\"\n\t\t\t\t\t\t\t\tdata-frame_1=\"st:500;sp:1200;sR:500;\"\n\t\t\t\t\t\t\t\tdata-frame_1_mask=\"u:t;\"\n\t\t\t\t\t\t\t\tdata-frame_999=\"o:0;st:w;sR:7300;\"\n\t\t\t\t\t\t\t\tstyle=\"z-index:5;\"\n\t\t\t\t\t\t\t><img fetchpriority=\"high\" decoding=\"async\" src=\"\/\/quepocamadre.com\/wp-content\/plugins\/revslider\/public\/assets\/assets\/dummy.png\" alt=\"\" class=\"tp-rs-img rs-lazyload\" width=\"1200\" height=\"801\" data-lazyload=\"\/\/quepocamadre.com\/wp-content\/uploads\/2026\/05\/triste-3.jpg\" data-c=\"cover-proportional\" data-no-retina> \n\t\t\t\t\t\t\t<\/rs-layer><!--\n\n\t\t\t\t\t\t\t--><rs-layer\n\t\t\t\t\t\t\t\tid=\"slider-1-slide-66454-layer-1\" \n\t\t\t\t\t\t\t\tdata-type=\"text\"\n\t\t\t\t\t\t\t\tdata-color=\"#ffffff\"\n\t\t\t\t\t\t\t\tdata-tsh=\"c:rgba(0,0,0,0.75);h:7px;v:7px;b:10px;\"\n\t\t\t\t\t\t\t\tdata-rsp_ch=\"on\"\n\t\t\t\t\t\t\t\tdata-xy=\"x:c;y:b;yo:20px;\"\n\t\t\t\t\t\t\t\tdata-text=\"w:normal;s:55;l:70;a:center;\"\n\t\t\t\t\t\t\t\tdata-dim=\"w:1200px;h:160px;\"\n\t\t\t\t\t\t\t\tdata-actions='o:click;a:simplelink;target:_self;url:https:\/\/quepocamadre.com\/?p=66454;'\n\t\t\t\t\t\t\t\tdata-padding=\"t:10;r:10;b:10;l:10;\"\n\t\t\t\t\t\t\t\tdata-border=\"bor:0,0,0,0px;\"\n\t\t\t\t\t\t\t\tdata-frame_1=\"e:power4.inOut;st:2500;sp:1200;sR:2500;bgc:rgba(12,12,12,0.8);\"\n\t\t\t\t\t\t\t\tdata-frame_1_sfx=\"se:blocktoright;fxc:rgba(12, 12, 12, 0.8);\"\n\t\t\t\t\t\t\t\tdata-frame_999=\"o:0;st:w;sR:5300;\"\n\t\t\t\t\t\t\t\tstyle=\"z-index:6;font-family:'Impact', 'Charcoal', 'sans-serif';text-transform:uppercase;\"\n\t\t\t\t\t\t\t>\u00a1TRISTE D\u00cdA DEL NI\u00d1O Y LA NI\u00d1A! LA INFANCIA EN M\u00c9XICO EST\u00c1 EN CRISIS \n\t\t\t\t\t\t\t<\/rs-layer><!--\n\n\t\t\t\t\t\t\t--><rs-layer\n\t\t\t\t\t\t\t\tid=\"slider-1-slide-66454-layer-2\" \n\t\t\t\t\t\t\t\tdata-type=\"shape\"\n\t\t\t\t\t\t\t\tdata-rsp_ch=\"on\"\n\t\t\t\t\t\t\t\tdata-xy=\"x:c;y:b;\"\n\t\t\t\t\t\t\t\tdata-text=\"w:normal;\"\n\t\t\t\t\t\t\t\tdata-dim=\"w:1200px;h:20px;\"\n\t\t\t\t\t\t\t\tdata-border=\"bor:0px,0px,15px,15px;\"\n\t\t\t\t\t\t\t\tdata-frame_0=\"x:100%;\"\n\t\t\t\t\t\t\t\tdata-frame_0_mask=\"u:t;\"\n\t\t\t\t\t\t\t\tdata-frame_1=\"st:1500;sp:1000;sR:1500;\"\n\t\t\t\t\t\t\t\tdata-frame_1_mask=\"u:t;\"\n\t\t\t\t\t\t\t\tdata-frame_999=\"o:0;st:w;sR:6500;\"\n\t\t\t\t\t\t\t\tstyle=\"z-index:7;background-color:rgba(255,236,1,0.9);\"\n\t\t\t\t\t\t\t> \n\t\t\t\t\t\t\t<\/rs-layer><!--\n\n\t\t\t\t\t\t\t--><rs-layer\n\t\t\t\t\t\t\t\tid=\"slider-1-slide-66454-layer-3\" \n\t\t\t\t\t\t\t\tdata-type=\"text\"\n\t\t\t\t\t\t\t\tdata-color=\"#0c0c0c\"\n\t\t\t\t\t\t\t\tdata-rsp_ch=\"on\"\n\t\t\t\t\t\t\t\tdata-text=\"w:normal;s:30;\"\n\t\t\t\t\t\t\t\tdata-padding=\"t:10;r:10;b:10;l:10;\"\n\t\t\t\t\t\t\t\tdata-border=\"bor:15px,0,0,0;\"\n\t\t\t\t\t\t\t\tdata-frame_1=\"e:power4.inOut;st:1500;sp:1200;\"\n\t\t\t\t\t\t\t\tdata-frame_1_sfx=\"se:blocktobottom;fxc:rgba(255, 236, 1, 0.9);\"\n\t\t\t\t\t\t\t\tdata-frame_999=\"o:0;st:w;sR:7200;\"\n\t\t\t\t\t\t\t\tstyle=\"z-index:8;background-color:rgba(255,236,1,0.9);font-family:'Impact', 'Charcoal', 'sans-serif';\"\n\t\t\t\t\t\t\t>En Portada: \n\t\t\t\t\t\t\t<\/rs-layer><!--\n-->\t\t\t\t\t\t<\/rs-slide>\n\t\t\t\t\t<\/rs-slides>\n\t\t\t\t<\/rs-module>\n\t\t\t\t<script>\n\t\t\t\t\tsetREVStartSize({c: 'rev_slider_1_1',rl:[1240,1024,778,480],el:[801],gw:[1200],gh:[801],type:'hero',justify:'',layout:'fullwidth',mh:\"0\"});if (window.RS_MODULES!==undefined && window.RS_MODULES.modules!==undefined && window.RS_MODULES.modules[\"revslider11\"]!==undefined) {window.RS_MODULES.modules[\"revslider11\"].once = false;window.revapi1 = undefined;if (window.RS_MODULES.checkMinimal!==undefined) window.RS_MODULES.checkMinimal()}\n\t\t\t\t<\/script>\n\t\t\t<\/rs-module-wrap>\n\t\t\t<!-- END REVOLUTION SLIDER -->\n<\/div>\n\n\t\t\t\t\t\t<\/div>\n\t\t\t\t<\/div>\n\t\t\t\t\t<\/div>\n\t\t<\/div>\n\t\t\t\t\t<\/div>\n\t\t<\/section>\n\t\t\t\t<section class=\"elementor-section elementor-top-section elementor-element elementor-element-2edff03b elementor-section-boxed elementor-section-height-default elementor-section-height-default\" data-id=\"2edff03b\" data-element_type=\"section\">\n\t\t\t\t\t\t<div class=\"elementor-container elementor-column-gap-default\">\n\t\t\t\t\t<div class=\"elementor-column elementor-col-100 elementor-top-column elementor-element elementor-element-1f2e0b86\" data-id=\"1f2e0b86\" data-element_type=\"column\">\n\t\t\t<div class=\"elementor-widget-wrap elementor-element-populated\">\n\t\t\t\t\t\t<div class=\"elementor-element elementor-element-42ea4d1a elementor-align-left elementor-widget elementor-widget-button\" data-id=\"42ea4d1a\" data-element_type=\"widget\" data-widget_type=\"button.default\">\n\t\t\t\t<div class=\"elementor-widget-container\">\n\t\t\t\t\t\t\t\t\t<div class=\"elementor-button-wrapper\">\n\t\t\t\t\t<a class=\"elementor-button elementor-size-sm\" role=\"button\">\n\t\t\t\t\t\t<span class=\"elementor-button-content-wrapper\">\n\t\t\t\t\t\t<span class=\"elementor-button-icon\">\n\t\t\t\t<i aria-hidden=\"true\" class=\"fas fa-hand-point-down\"><\/i>\t\t\t<\/span>\n\t\t\t\t\t\t\t\t\t<span class=\"elementor-button-text\">Principales:<\/span>\n\t\t\t\t\t<\/span>\n\t\t\t\t\t<\/a>\n\t\t\t\t<\/div>\n\t\t\t\t\t\t\t\t<\/div>\n\t\t\t\t<\/div>\n\t\t\t\t<div class=\"elementor-element elementor-element-66d2b305 elementor-widget-divider--view-line elementor-widget elementor-widget-divider\" data-id=\"66d2b305\" data-element_type=\"widget\" data-widget_type=\"divider.default\">\n\t\t\t\t<div class=\"elementor-widget-container\">\n\t\t\t\t\t\t\t<div class=\"elementor-divider\">\n\t\t\t<span class=\"elementor-divider-separator\">\n\t\t\t\t\t\t<\/span>\n\t\t<\/div>\n\t\t\t\t\t\t<\/div>\n\t\t\t\t<\/div>\n\t\t\t\t<div class=\"elementor-element elementor-element-2d289c5 premium-blog-align-left elementor-widget elementor-widget-premium-addon-blog\" data-id=\"2d289c5\" data-element_type=\"widget\" data-settings=\"{&quot;premium_blog_carousel&quot;:&quot;yes&quot;,&quot;premium_blog_grid&quot;:&quot;yes&quot;,&quot;premium_blog_layout&quot;:&quot;even&quot;,&quot;premium_blog_columns_number&quot;:&quot;50%&quot;,&quot;premium_blog_columns_number_tablet&quot;:&quot;50%&quot;,&quot;premium_blog_columns_number_mobile&quot;:&quot;100%&quot;,&quot;carousel_speed&quot;:300,&quot;premium_blog_carousel_spacing&quot;:&quot;15&quot;,&quot;premium_blog_carousel_arrows&quot;:&quot;yes&quot;}\" data-widget_type=\"premium-addon-blog.default\">\n\t\t\t\t<div class=\"elementor-widget-container\">\n\t\t\t\t\t\r\n\t\t\t\t<div class=\"premium-blog-wrap  premium-blog-even premium-carousel-hidden\" data-page=\"45903\">\r\n\t\t\t\t\t<div class=\"premium-blog-post-outer-container\" data-total=\"603\">\r\n\t\t\t<div class=\"premium-blog-post-container premium-blog-skin-classic\">\r\n\t\t\t\t\t\t\t\t\t<div class=\"premium-blog-thumb-effect-wrapper\">\r\n\t\t\t\t\t\t<div class=\"premium-blog-thumbnail-container premium-blog-sepia-effect\">\r\n\t\t\t\t\t\t\t<img decoding=\"async\" width=\"1200\" height=\"801\" src=\"https:\/\/quepocamadre.com\/wp-content\/uploads\/2026\/05\/banda.jpg\" class=\"attachment-full size-full wp-image-66452\" alt=\"\" srcset=\"https:\/\/quepocamadre.com\/wp-content\/uploads\/2026\/05\/banda.jpg 1200w, https:\/\/quepocamadre.com\/wp-content\/uploads\/2026\/05\/banda-300x200.jpg 300w, https:\/\/quepocamadre.com\/wp-content\/uploads\/2026\/05\/banda-1024x684.jpg 1024w, https:\/\/quepocamadre.com\/wp-content\/uploads\/2026\/05\/banda-768x513.jpg 768w\" sizes=\"(max-width: 1200px) 100vw, 1200px\" \/>\t\t\t\t\t\t<\/div>\r\n\t\t\t\t\t\t\t\t\t\t\t\t\t<div class=\"premium-blog-thumbnail-overlay\">\r\n\t\t\t\t\t\t\t\t<a class=\"elementor-icon\" href=\"https:\/\/quepocamadre.com\/?p=66448\" target=\"_self\" aria-hidden=\"true\"><span>Banda Clave Especial sorprende con donativo al hijo del mexicano que compite en reto de MrBeast<\/span><\/a>\r\n\t\t\t\t\t\t\t<\/div>\r\n\r\n\t\t\t\t\t\t\t\t\t\t\t\t\t\t\t\t\t\t<\/div>\r\n\t\t\t\t\t\t\t\t\t\t\t\t<div class=\"premium-blog-content-wrapper \">\r\n\r\n\t\t\t\t\t<div class=\"premium-blog-inner-container\">\r\n\r\n\t\t\t\t\t\t\t\t\t\t\t\t\t\t<h2 class=\"premium-blog-entry-title\">\r\n\t\t\t<a href=\"https:\/\/quepocamadre.com\/?p=66448\" target=\"_self\">\r\n\t\t\t\tBanda Clave Especial sorprende con donativo al hijo del mexicano que compite en reto de MrBeast\t\t\t<\/a>\r\n\t\t<\/h2>\r\n\t\t\t\t<div class=\"premium-blog-entry-meta\">\r\n\t\t\t\r\n\t\t\t\t\t\t\t<span class=\"premium-blog-meta-separator\">\u2022<\/span>\r\n\t\t\t\t<div class=\"premium-blog-post-time premium-blog-meta-data\">\r\n\t\t\t\t\t<i class=\"fa fa-calendar-alt\" aria-hidden=\"true\"><\/i>\r\n\t\t\t\t\t<span>1 mayo, 2026<\/span>\r\n\t\t\t\t<\/div>\r\n\t\t\t\r\n\t\t\t\t\t\t\t<span class=\"premium-blog-meta-separator\">\u2022<\/span>\r\n\t\t\t\t<div class=\"premium-blog-post-categories premium-blog-meta-data\">\r\n\t\t\t\t\t<i class=\"fa fa-align-left fa-fw\" aria-hidden=\"true\"><\/i>\r\n\t\t\t\t\t<a href=\"https:\/\/quepocamadre.com\/?cat=124\" rel=\"category\">Nacional<\/a>\t\t\t\t<\/div>\r\n\t\t\t\r\n\t\t\t\t\t<\/div>\r\n\t\t\r\n\t\t\t\t\t<\/div>\r\n\r\n\t\t\t\t\t\t\t<div class=\"premium-blog-content-inner-wrapper\">\r\n\t\t<p class=\"premium-blog-post-content\">El apoyo econ\u00f3mico se volvi\u00f3 viral y desat\u00f3 muestras de solidaridad en redes La agrupaci\u00f3n Clave Especial don\u00f3 cinco mil d\u00f3lares al \u2026<\/p>\t\t<\/div>\r\n\t\t\t\t\t\t\t\r\n\t\t\t\t<\/div>\r\n\t\t\t<\/div>\r\n\t\t<\/div>\r\n\r\n\t\t\t\t<div class=\"premium-blog-post-outer-container\" data-total=\"603\">\r\n\t\t\t<div class=\"premium-blog-post-container premium-blog-skin-classic\">\r\n\t\t\t\t\t\t\t\t\t<div class=\"premium-blog-thumb-effect-wrapper\">\r\n\t\t\t\t\t\t<div class=\"premium-blog-thumbnail-container premium-blog-sepia-effect\">\r\n\t\t\t\t\t\t\t<img decoding=\"async\" width=\"1200\" height=\"801\" src=\"https:\/\/quepocamadre.com\/wp-content\/uploads\/2026\/05\/canelo.jpg\" class=\"attachment-full size-full wp-image-66449\" alt=\"\" srcset=\"https:\/\/quepocamadre.com\/wp-content\/uploads\/2026\/05\/canelo.jpg 1200w, https:\/\/quepocamadre.com\/wp-content\/uploads\/2026\/05\/canelo-300x200.jpg 300w, https:\/\/quepocamadre.com\/wp-content\/uploads\/2026\/05\/canelo-1024x684.jpg 1024w, https:\/\/quepocamadre.com\/wp-content\/uploads\/2026\/05\/canelo-768x513.jpg 768w\" sizes=\"(max-width: 1200px) 100vw, 1200px\" \/>\t\t\t\t\t\t<\/div>\r\n\t\t\t\t\t\t\t\t\t\t\t\t\t<div class=\"premium-blog-thumbnail-overlay\">\r\n\t\t\t\t\t\t\t\t<a class=\"elementor-icon\" href=\"https:\/\/quepocamadre.com\/?p=66445\" target=\"_self\" aria-hidden=\"true\"><span>Canelo va por la revancha: pelear\u00e1 por el t\u00edtulo del CMB en Arabia Saudita<\/span><\/a>\r\n\t\t\t\t\t\t\t<\/div>\r\n\r\n\t\t\t\t\t\t\t\t\t\t\t\t\t\t\t\t\t\t<\/div>\r\n\t\t\t\t\t\t\t\t\t\t\t\t<div class=\"premium-blog-content-wrapper \">\r\n\r\n\t\t\t\t\t<div class=\"premium-blog-inner-container\">\r\n\r\n\t\t\t\t\t\t\t\t\t\t\t\t\t\t<h2 class=\"premium-blog-entry-title\">\r\n\t\t\t<a href=\"https:\/\/quepocamadre.com\/?p=66445\" target=\"_self\">\r\n\t\t\t\tCanelo va por la revancha: pelear\u00e1 por el t\u00edtulo del CMB en Arabia Saudita\t\t\t<\/a>\r\n\t\t<\/h2>\r\n\t\t\t\t<div class=\"premium-blog-entry-meta\">\r\n\t\t\t\r\n\t\t\t\t\t\t\t<span class=\"premium-blog-meta-separator\">\u2022<\/span>\r\n\t\t\t\t<div class=\"premium-blog-post-time premium-blog-meta-data\">\r\n\t\t\t\t\t<i class=\"fa fa-calendar-alt\" aria-hidden=\"true\"><\/i>\r\n\t\t\t\t\t<span>1 mayo, 2026<\/span>\r\n\t\t\t\t<\/div>\r\n\t\t\t\r\n\t\t\t\t\t\t\t<span class=\"premium-blog-meta-separator\">\u2022<\/span>\r\n\t\t\t\t<div class=\"premium-blog-post-categories premium-blog-meta-data\">\r\n\t\t\t\t\t<i class=\"fa fa-align-left fa-fw\" aria-hidden=\"true\"><\/i>\r\n\t\t\t\t\t<a href=\"https:\/\/quepocamadre.com\/?cat=124\" rel=\"category\">Nacional<\/a>\t\t\t\t<\/div>\r\n\t\t\t\r\n\t\t\t\t\t<\/div>\r\n\t\t\r\n\t\t\t\t\t<\/div>\r\n\r\n\t\t\t\t\t\t\t<div class=\"premium-blog-content-inner-wrapper\">\r\n\t\t<p class=\"premium-blog-post-content\">El mexicano enfrentar\u00e1 al invicto Christian Mbilli en una contienda clave para recuperar protagonismo El boxeador mexicano Sa\u00fal \u00c1lvarez, conocido como \u201cCanelo\u201d, \u2026<\/p>\t\t<\/div>\r\n\t\t\t\t\t\t\t\r\n\t\t\t\t<\/div>\r\n\t\t\t<\/div>\r\n\t\t<\/div>\r\n\r\n\t\t\t\t<div class=\"premium-blog-post-outer-container\" data-total=\"603\">\r\n\t\t\t<div class=\"premium-blog-post-container premium-blog-skin-classic\">\r\n\t\t\t\t\t\t\t\t\t<div class=\"premium-blog-thumb-effect-wrapper\">\r\n\t\t\t\t\t\t<div class=\"premium-blog-thumbnail-container premium-blog-sepia-effect\">\r\n\t\t\t\t\t\t\t<img loading=\"lazy\" decoding=\"async\" width=\"1200\" height=\"801\" src=\"https:\/\/quepocamadre.com\/wp-content\/uploads\/2026\/05\/va-por-portada.jpg\" class=\"attachment-full size-full wp-image-66446\" alt=\"\" srcset=\"https:\/\/quepocamadre.com\/wp-content\/uploads\/2026\/05\/va-por-portada.jpg 1200w, https:\/\/quepocamadre.com\/wp-content\/uploads\/2026\/05\/va-por-portada-300x200.jpg 300w, https:\/\/quepocamadre.com\/wp-content\/uploads\/2026\/05\/va-por-portada-1024x684.jpg 1024w, https:\/\/quepocamadre.com\/wp-content\/uploads\/2026\/05\/va-por-portada-768x513.jpg 768w\" sizes=\"(max-width: 1200px) 100vw, 1200px\" \/>\t\t\t\t\t\t<\/div>\r\n\t\t\t\t\t\t\t\t\t\t\t\t\t<div class=\"premium-blog-thumbnail-overlay\">\r\n\t\t\t\t\t\t\t\t<a class=\"elementor-icon\" href=\"https:\/\/quepocamadre.com\/?p=66441\" target=\"_self\" aria-hidden=\"true\"><span>\u00a1VA POR EL SEXTO! MEMO OCHOA JUGAR\u00c1 EN EL MUNDIAL 2026<\/span><\/a>\r\n\t\t\t\t\t\t\t<\/div>\r\n\r\n\t\t\t\t\t\t\t\t\t\t\t\t\t\t\t\t\t\t<\/div>\r\n\t\t\t\t\t\t\t\t\t\t\t\t<div class=\"premium-blog-content-wrapper \">\r\n\r\n\t\t\t\t\t<div class=\"premium-blog-inner-container\">\r\n\r\n\t\t\t\t\t\t\t\t\t\t\t\t\t\t<h2 class=\"premium-blog-entry-title\">\r\n\t\t\t<a href=\"https:\/\/quepocamadre.com\/?p=66441\" target=\"_self\">\r\n\t\t\t\t\u00a1VA POR EL SEXTO! MEMO OCHOA JUGAR\u00c1 EN EL MUNDIAL 2026\t\t\t<\/a>\r\n\t\t<\/h2>\r\n\t\t\t\t<div class=\"premium-blog-entry-meta\">\r\n\t\t\t\r\n\t\t\t\t\t\t\t<span class=\"premium-blog-meta-separator\">\u2022<\/span>\r\n\t\t\t\t<div class=\"premium-blog-post-time premium-blog-meta-data\">\r\n\t\t\t\t\t<i class=\"fa fa-calendar-alt\" aria-hidden=\"true\"><\/i>\r\n\t\t\t\t\t<span>1 mayo, 2026<\/span>\r\n\t\t\t\t<\/div>\r\n\t\t\t\r\n\t\t\t\t\t\t\t<span class=\"premium-blog-meta-separator\">\u2022<\/span>\r\n\t\t\t\t<div class=\"premium-blog-post-categories premium-blog-meta-data\">\r\n\t\t\t\t\t<i class=\"fa fa-align-left fa-fw\" aria-hidden=\"true\"><\/i>\r\n\t\t\t\t\t<a href=\"https:\/\/quepocamadre.com\/?cat=124\" rel=\"category\">Nacional<\/a>\t\t\t\t<\/div>\r\n\t\t\t\r\n\t\t\t\t\t<\/div>\r\n\t\t\r\n\t\t\t\t\t<\/div>\r\n\r\n\t\t\t\t\t\t\t<div class=\"premium-blog-content-inner-wrapper\">\r\n\t\t<p class=\"premium-blog-post-content\">Guillermo Ochoa hizo dos anuncios: el primero, que ser\u00e1 convocado a la Selecci\u00f3n Mexicana para disputar el Mundial 2026 en casa; el \u2026<\/p>\t\t<\/div>\r\n\t\t\t\t\t\t\t\r\n\t\t\t\t<\/div>\r\n\t\t\t<\/div>\r\n\t\t<\/div>\r\n\r\n\t\t\t\t<div class=\"premium-blog-post-outer-container\" data-total=\"603\">\r\n\t\t\t<div class=\"premium-blog-post-container premium-blog-skin-classic\">\r\n\t\t\t\t\t\t\t\t\t<div class=\"premium-blog-thumb-effect-wrapper\">\r\n\t\t\t\t\t\t<div class=\"premium-blog-thumbnail-container premium-blog-sepia-effect\">\r\n\t\t\t\t\t\t\t<img loading=\"lazy\" decoding=\"async\" width=\"1200\" height=\"801\" src=\"https:\/\/quepocamadre.com\/wp-content\/uploads\/2026\/05\/caen-por.jpg\" class=\"attachment-full size-full wp-image-66442\" alt=\"\" srcset=\"https:\/\/quepocamadre.com\/wp-content\/uploads\/2026\/05\/caen-por.jpg 1200w, https:\/\/quepocamadre.com\/wp-content\/uploads\/2026\/05\/caen-por-300x200.jpg 300w, https:\/\/quepocamadre.com\/wp-content\/uploads\/2026\/05\/caen-por-1024x684.jpg 1024w, https:\/\/quepocamadre.com\/wp-content\/uploads\/2026\/05\/caen-por-768x513.jpg 768w\" sizes=\"(max-width: 1200px) 100vw, 1200px\" \/>\t\t\t\t\t\t<\/div>\r\n\t\t\t\t\t\t\t\t\t\t\t\t\t<div class=\"premium-blog-thumbnail-overlay\">\r\n\t\t\t\t\t\t\t\t<a class=\"elementor-icon\" href=\"https:\/\/quepocamadre.com\/?p=66437\" target=\"_self\" aria-hidden=\"true\"><span>\u00a1Caen por violento robo! Detienen a dos por asalto de camioneta en Guadalajara<\/span><\/a>\r\n\t\t\t\t\t\t\t<\/div>\r\n\r\n\t\t\t\t\t\t\t\t\t\t\t\t\t\t\t\t\t\t<\/div>\r\n\t\t\t\t\t\t\t\t\t\t\t\t<div class=\"premium-blog-content-wrapper \">\r\n\r\n\t\t\t\t\t<div class=\"premium-blog-inner-container\">\r\n\r\n\t\t\t\t\t\t\t\t\t\t\t\t\t\t<h2 class=\"premium-blog-entry-title\">\r\n\t\t\t<a href=\"https:\/\/quepocamadre.com\/?p=66437\" target=\"_self\">\r\n\t\t\t\t\u00a1Caen por violento robo! Detienen a dos por asalto de camioneta en Guadalajara\t\t\t<\/a>\r\n\t\t<\/h2>\r\n\t\t\t\t<div class=\"premium-blog-entry-meta\">\r\n\t\t\t\r\n\t\t\t\t\t\t\t<span class=\"premium-blog-meta-separator\">\u2022<\/span>\r\n\t\t\t\t<div class=\"premium-blog-post-time premium-blog-meta-data\">\r\n\t\t\t\t\t<i class=\"fa fa-calendar-alt\" aria-hidden=\"true\"><\/i>\r\n\t\t\t\t\t<span>1 mayo, 2026<\/span>\r\n\t\t\t\t<\/div>\r\n\t\t\t\r\n\t\t\t\t\t\t\t<span class=\"premium-blog-meta-separator\">\u2022<\/span>\r\n\t\t\t\t<div class=\"premium-blog-post-categories premium-blog-meta-data\">\r\n\t\t\t\t\t<i class=\"fa fa-align-left fa-fw\" aria-hidden=\"true\"><\/i>\r\n\t\t\t\t\t<a href=\"https:\/\/quepocamadre.com\/?cat=145\" rel=\"category\">Jalisco<\/a>, <a href=\"https:\/\/quepocamadre.com\/?cat=124\" rel=\"category\">Nacional<\/a>\t\t\t\t<\/div>\r\n\t\t\t\r\n\t\t\t\t\t<\/div>\r\n\t\t\r\n\t\t\t\t\t<\/div>\r\n\r\n\t\t\t\t\t\t\t<div class=\"premium-blog-content-inner-wrapper\">\r\n\t\t<p class=\"premium-blog-post-content\">Dos sujetos fueron capturados por autoridades tras ser identificados como los presuntos responsables del robo de una camioneta ocurrido el pasado 8 \u2026<\/p>\t\t<\/div>\r\n\t\t\t\t\t\t\t\r\n\t\t\t\t<\/div>\r\n\t\t\t<\/div>\r\n\t\t<\/div>\r\n\r\n\t\t\t\t<div class=\"premium-blog-post-outer-container\" data-total=\"603\">\r\n\t\t\t<div class=\"premium-blog-post-container premium-blog-skin-classic\">\r\n\t\t\t\t\t\t\t\t\t<div class=\"premium-blog-thumb-effect-wrapper\">\r\n\t\t\t\t\t\t<div class=\"premium-blog-thumbnail-container premium-blog-sepia-effect\">\r\n\t\t\t\t\t\t\t<img loading=\"lazy\" decoding=\"async\" width=\"1200\" height=\"801\" src=\"https:\/\/quepocamadre.com\/wp-content\/uploads\/2026\/05\/justicia.jpg\" class=\"attachment-full size-full wp-image-66438\" alt=\"\" srcset=\"https:\/\/quepocamadre.com\/wp-content\/uploads\/2026\/05\/justicia.jpg 1200w, https:\/\/quepocamadre.com\/wp-content\/uploads\/2026\/05\/justicia-300x200.jpg 300w, https:\/\/quepocamadre.com\/wp-content\/uploads\/2026\/05\/justicia-1024x684.jpg 1024w, https:\/\/quepocamadre.com\/wp-content\/uploads\/2026\/05\/justicia-768x513.jpg 768w\" sizes=\"(max-width: 1200px) 100vw, 1200px\" \/>\t\t\t\t\t\t<\/div>\r\n\t\t\t\t\t\t\t\t\t\t\t\t\t<div class=\"premium-blog-thumbnail-overlay\">\r\n\t\t\t\t\t\t\t\t<a class=\"elementor-icon\" href=\"https:\/\/quepocamadre.com\/?p=66434\" target=\"_self\" aria-hidden=\"true\"><span>\u00a1Justicia para el peque\u00f1o! Caen presuntos asesinos de ni\u00f1o en balacera en G\u00f3mez Palacio<\/span><\/a>\r\n\t\t\t\t\t\t\t<\/div>\r\n\r\n\t\t\t\t\t\t\t\t\t\t\t\t\t\t\t\t\t\t<\/div>\r\n\t\t\t\t\t\t\t\t\t\t\t\t<div class=\"premium-blog-content-wrapper \">\r\n\r\n\t\t\t\t\t<div class=\"premium-blog-inner-container\">\r\n\r\n\t\t\t\t\t\t\t\t\t\t\t\t\t\t<h2 class=\"premium-blog-entry-title\">\r\n\t\t\t<a href=\"https:\/\/quepocamadre.com\/?p=66434\" target=\"_self\">\r\n\t\t\t\t\u00a1Justicia para el peque\u00f1o! Caen presuntos asesinos de ni\u00f1o en balacera en G\u00f3mez Palacio\t\t\t<\/a>\r\n\t\t<\/h2>\r\n\t\t\t\t<div class=\"premium-blog-entry-meta\">\r\n\t\t\t\r\n\t\t\t\t\t\t\t<span class=\"premium-blog-meta-separator\">\u2022<\/span>\r\n\t\t\t\t<div class=\"premium-blog-post-time premium-blog-meta-data\">\r\n\t\t\t\t\t<i class=\"fa fa-calendar-alt\" aria-hidden=\"true\"><\/i>\r\n\t\t\t\t\t<span>1 mayo, 2026<\/span>\r\n\t\t\t\t<\/div>\r\n\t\t\t\r\n\t\t\t\t\t\t\t<span class=\"premium-blog-meta-separator\">\u2022<\/span>\r\n\t\t\t\t<div class=\"premium-blog-post-categories premium-blog-meta-data\">\r\n\t\t\t\t\t<i class=\"fa fa-align-left fa-fw\" aria-hidden=\"true\"><\/i>\r\n\t\t\t\t\t<a href=\"https:\/\/quepocamadre.com\/?cat=168\" rel=\"category\">Durango<\/a>, <a href=\"https:\/\/quepocamadre.com\/?cat=124\" rel=\"category\">Nacional<\/a>\t\t\t\t<\/div>\r\n\t\t\t\r\n\t\t\t\t\t<\/div>\r\n\t\t\r\n\t\t\t\t\t<\/div>\r\n\r\n\t\t\t\t\t\t\t<div class=\"premium-blog-content-inner-wrapper\">\r\n\t\t<p class=\"premium-blog-post-content\">Dos sujetos fueron detenidos por su presunta participaci\u00f3n en el ataque armado que cobr\u00f3 la vida de un ni\u00f1o de 7 a\u00f1os \u2026<\/p>\t\t<\/div>\r\n\t\t\t\t\t\t\t\r\n\t\t\t\t<\/div>\r\n\t\t\t<\/div>\r\n\t\t<\/div>\r\n\r\n\t\t\t\t<div class=\"premium-blog-post-outer-container\" data-total=\"603\">\r\n\t\t\t<div class=\"premium-blog-post-container premium-blog-skin-classic\">\r\n\t\t\t\t\t\t\t\t\t<div class=\"premium-blog-thumb-effect-wrapper\">\r\n\t\t\t\t\t\t<div class=\"premium-blog-thumbnail-container premium-blog-sepia-effect\">\r\n\t\t\t\t\t\t\t<img loading=\"lazy\" decoding=\"async\" width=\"1200\" height=\"801\" src=\"https:\/\/quepocamadre.com\/wp-content\/uploads\/2026\/05\/RAPINA.jpg\" class=\"attachment-full size-full wp-image-66435\" alt=\"\" srcset=\"https:\/\/quepocamadre.com\/wp-content\/uploads\/2026\/05\/RAPINA.jpg 1200w, https:\/\/quepocamadre.com\/wp-content\/uploads\/2026\/05\/RAPINA-300x200.jpg 300w, https:\/\/quepocamadre.com\/wp-content\/uploads\/2026\/05\/RAPINA-1024x684.jpg 1024w, https:\/\/quepocamadre.com\/wp-content\/uploads\/2026\/05\/RAPINA-768x513.jpg 768w\" sizes=\"(max-width: 1200px) 100vw, 1200px\" \/>\t\t\t\t\t\t<\/div>\r\n\t\t\t\t\t\t\t\t\t\t\t\t\t<div class=\"premium-blog-thumbnail-overlay\">\r\n\t\t\t\t\t\t\t\t<a class=\"elementor-icon\" href=\"https:\/\/quepocamadre.com\/?p=66430\" target=\"_self\" aria-hidden=\"true\"><span>\u00a1RAPI\u00d1A SIN CONTROL! VOLCADURA DESATA SAQUEO EN XALAPA-PEROTE<\/span><\/a>\r\n\t\t\t\t\t\t\t<\/div>\r\n\r\n\t\t\t\t\t\t\t\t\t\t\t\t\t\t\t\t\t\t<\/div>\r\n\t\t\t\t\t\t\t\t\t\t\t\t<div class=\"premium-blog-content-wrapper \">\r\n\r\n\t\t\t\t\t<div class=\"premium-blog-inner-container\">\r\n\r\n\t\t\t\t\t\t\t\t\t\t\t\t\t\t<h2 class=\"premium-blog-entry-title\">\r\n\t\t\t<a href=\"https:\/\/quepocamadre.com\/?p=66430\" target=\"_self\">\r\n\t\t\t\t\u00a1RAPI\u00d1A SIN CONTROL! VOLCADURA DESATA SAQUEO EN XALAPA-PEROTE\t\t\t<\/a>\r\n\t\t<\/h2>\r\n\t\t\t\t<div class=\"premium-blog-entry-meta\">\r\n\t\t\t\r\n\t\t\t\t\t\t\t<span class=\"premium-blog-meta-separator\">\u2022<\/span>\r\n\t\t\t\t<div class=\"premium-blog-post-time premium-blog-meta-data\">\r\n\t\t\t\t\t<i class=\"fa fa-calendar-alt\" aria-hidden=\"true\"><\/i>\r\n\t\t\t\t\t<span>1 mayo, 2026<\/span>\r\n\t\t\t\t<\/div>\r\n\t\t\t\r\n\t\t\t\t\t\t\t<span class=\"premium-blog-meta-separator\">\u2022<\/span>\r\n\t\t\t\t<div class=\"premium-blog-post-categories premium-blog-meta-data\">\r\n\t\t\t\t\t<i class=\"fa fa-align-left fa-fw\" aria-hidden=\"true\"><\/i>\r\n\t\t\t\t\t<a href=\"https:\/\/quepocamadre.com\/?cat=124\" rel=\"category\">Nacional<\/a>, <a href=\"https:\/\/quepocamadre.com\/?cat=131\" rel=\"category\">Veracruz<\/a>\t\t\t\t<\/div>\r\n\t\t\t\r\n\t\t\t\t\t<\/div>\r\n\t\t\r\n\t\t\t\t\t<\/div>\r\n\r\n\t\t\t\t\t\t\t<div class=\"premium-blog-content-inner-wrapper\">\r\n\t\t<p class=\"premium-blog-post-content\">La volcadura de un tr\u00e1iler cargado con productos l\u00e1cteos desat\u00f3 actos de rapi\u00f1a la tarde de este jueves en la autopista Xalapa\u2013Perote. \u2026<\/p>\t\t<\/div>\r\n\t\t\t\t\t\t\t\r\n\t\t\t\t<\/div>\r\n\t\t\t<\/div>\r\n\t\t<\/div>\r\n\r\n\t\t\t\t<div class=\"premium-blog-post-outer-container\" data-total=\"603\">\r\n\t\t\t<div class=\"premium-blog-post-container premium-blog-skin-classic\">\r\n\t\t\t\t\t\t\t\t\t<div class=\"premium-blog-thumb-effect-wrapper\">\r\n\t\t\t\t\t\t<div class=\"premium-blog-thumbnail-container premium-blog-sepia-effect\">\r\n\t\t\t\t\t\t\t<img loading=\"lazy\" decoding=\"async\" width=\"1200\" height=\"801\" src=\"https:\/\/quepocamadre.com\/wp-content\/uploads\/2026\/05\/SE-CONSUME.jpg\" class=\"attachment-full size-full wp-image-66431\" alt=\"\" srcset=\"https:\/\/quepocamadre.com\/wp-content\/uploads\/2026\/05\/SE-CONSUME.jpg 1200w, https:\/\/quepocamadre.com\/wp-content\/uploads\/2026\/05\/SE-CONSUME-300x200.jpg 300w, https:\/\/quepocamadre.com\/wp-content\/uploads\/2026\/05\/SE-CONSUME-1024x684.jpg 1024w, https:\/\/quepocamadre.com\/wp-content\/uploads\/2026\/05\/SE-CONSUME-768x513.jpg 768w\" sizes=\"(max-width: 1200px) 100vw, 1200px\" \/>\t\t\t\t\t\t<\/div>\r\n\t\t\t\t\t\t\t\t\t\t\t\t\t<div class=\"premium-blog-thumbnail-overlay\">\r\n\t\t\t\t\t\t\t\t<a class=\"elementor-icon\" href=\"https:\/\/quepocamadre.com\/?p=66426\" target=\"_self\" aria-hidden=\"true\"><span>\u00a1SE CONSUME TODO! INCENDIO DEVORA BODEGA EN YUCAT\u00c1N<\/span><\/a>\r\n\t\t\t\t\t\t\t<\/div>\r\n\r\n\t\t\t\t\t\t\t\t\t\t\t\t\t\t\t\t\t\t<\/div>\r\n\t\t\t\t\t\t\t\t\t\t\t\t<div class=\"premium-blog-content-wrapper \">\r\n\r\n\t\t\t\t\t<div class=\"premium-blog-inner-container\">\r\n\r\n\t\t\t\t\t\t\t\t\t\t\t\t\t\t<h2 class=\"premium-blog-entry-title\">\r\n\t\t\t<a href=\"https:\/\/quepocamadre.com\/?p=66426\" target=\"_self\">\r\n\t\t\t\t\u00a1SE CONSUME TODO! INCENDIO DEVORA BODEGA EN YUCAT\u00c1N\t\t\t<\/a>\r\n\t\t<\/h2>\r\n\t\t\t\t<div class=\"premium-blog-entry-meta\">\r\n\t\t\t\r\n\t\t\t\t\t\t\t<span class=\"premium-blog-meta-separator\">\u2022<\/span>\r\n\t\t\t\t<div class=\"premium-blog-post-time premium-blog-meta-data\">\r\n\t\t\t\t\t<i class=\"fa fa-calendar-alt\" aria-hidden=\"true\"><\/i>\r\n\t\t\t\t\t<span>1 mayo, 2026<\/span>\r\n\t\t\t\t<\/div>\r\n\t\t\t\r\n\t\t\t\t\t\t\t<span class=\"premium-blog-meta-separator\">\u2022<\/span>\r\n\t\t\t\t<div class=\"premium-blog-post-categories premium-blog-meta-data\">\r\n\t\t\t\t\t<i class=\"fa fa-align-left fa-fw\" aria-hidden=\"true\"><\/i>\r\n\t\t\t\t\t<a href=\"https:\/\/quepocamadre.com\/?cat=124\" rel=\"category\">Nacional<\/a>, <a href=\"https:\/\/quepocamadre.com\/?cat=175\" rel=\"category\">Yucat\u00e1n<\/a>\t\t\t\t<\/div>\r\n\t\t\t\r\n\t\t\t\t\t<\/div>\r\n\t\t\r\n\t\t\t\t\t<\/div>\r\n\r\n\t\t\t\t\t\t\t<div class=\"premium-blog-content-inner-wrapper\">\r\n\t\t<p class=\"premium-blog-post-content\">Un fuerte incendio consumi\u00f3 gran parte de una bodega en la colonia Sac Nict\u00e9, en Um\u00e1n, Yucat\u00e1n, provocando una intensa movilizaci\u00f3n de \u2026<\/p>\t\t<\/div>\r\n\t\t\t\t\t\t\t\r\n\t\t\t\t<\/div>\r\n\t\t\t<\/div>\r\n\t\t<\/div>\r\n\r\n\t\t\t\t<div class=\"premium-blog-post-outer-container\" data-total=\"603\">\r\n\t\t\t<div class=\"premium-blog-post-container premium-blog-skin-classic\">\r\n\t\t\t\t\t\t\t\t\t<div class=\"premium-blog-thumb-effect-wrapper\">\r\n\t\t\t\t\t\t<div class=\"premium-blog-thumbnail-container premium-blog-sepia-effect\">\r\n\t\t\t\t\t\t\t<img loading=\"lazy\" decoding=\"async\" width=\"1200\" height=\"801\" src=\"https:\/\/quepocamadre.com\/wp-content\/uploads\/2026\/05\/FATAL-CAIDA.jpg\" class=\"attachment-full size-full wp-image-66427\" alt=\"\" srcset=\"https:\/\/quepocamadre.com\/wp-content\/uploads\/2026\/05\/FATAL-CAIDA.jpg 1200w, https:\/\/quepocamadre.com\/wp-content\/uploads\/2026\/05\/FATAL-CAIDA-300x200.jpg 300w, https:\/\/quepocamadre.com\/wp-content\/uploads\/2026\/05\/FATAL-CAIDA-1024x684.jpg 1024w, https:\/\/quepocamadre.com\/wp-content\/uploads\/2026\/05\/FATAL-CAIDA-768x513.jpg 768w\" sizes=\"(max-width: 1200px) 100vw, 1200px\" \/>\t\t\t\t\t\t<\/div>\r\n\t\t\t\t\t\t\t\t\t\t\t\t\t<div class=\"premium-blog-thumbnail-overlay\">\r\n\t\t\t\t\t\t\t\t<a class=\"elementor-icon\" href=\"https:\/\/quepocamadre.com\/?p=66422\" target=\"_self\" aria-hidden=\"true\"><span>\u00a1FATAL CA\u00cdDA! MUERE JOVEN TRAS ACCIDENTE EN SCOOTER<\/span><\/a>\r\n\t\t\t\t\t\t\t<\/div>\r\n\r\n\t\t\t\t\t\t\t\t\t\t\t\t\t\t\t\t\t\t<\/div>\r\n\t\t\t\t\t\t\t\t\t\t\t\t<div class=\"premium-blog-content-wrapper \">\r\n\r\n\t\t\t\t\t<div class=\"premium-blog-inner-container\">\r\n\r\n\t\t\t\t\t\t\t\t\t\t\t\t\t\t<h2 class=\"premium-blog-entry-title\">\r\n\t\t\t<a href=\"https:\/\/quepocamadre.com\/?p=66422\" target=\"_self\">\r\n\t\t\t\t\u00a1FATAL CA\u00cdDA! MUERE JOVEN TRAS ACCIDENTE EN SCOOTER\t\t\t<\/a>\r\n\t\t<\/h2>\r\n\t\t\t\t<div class=\"premium-blog-entry-meta\">\r\n\t\t\t\r\n\t\t\t\t\t\t\t<span class=\"premium-blog-meta-separator\">\u2022<\/span>\r\n\t\t\t\t<div class=\"premium-blog-post-time premium-blog-meta-data\">\r\n\t\t\t\t\t<i class=\"fa fa-calendar-alt\" aria-hidden=\"true\"><\/i>\r\n\t\t\t\t\t<span>1 mayo, 2026<\/span>\r\n\t\t\t\t<\/div>\r\n\t\t\t\r\n\t\t\t\t\t\t\t<span class=\"premium-blog-meta-separator\">\u2022<\/span>\r\n\t\t\t\t<div class=\"premium-blog-post-categories premium-blog-meta-data\">\r\n\t\t\t\t\t<i class=\"fa fa-align-left fa-fw\" aria-hidden=\"true\"><\/i>\r\n\t\t\t\t\t<a href=\"https:\/\/quepocamadre.com\/?cat=124\" rel=\"category\">Nacional<\/a>, <a href=\"https:\/\/quepocamadre.com\/?cat=132\" rel=\"category\">Puebla<\/a>\t\t\t\t<\/div>\r\n\t\t\t\r\n\t\t\t\t\t<\/div>\r\n\t\t\r\n\t\t\t\t\t<\/div>\r\n\r\n\t\t\t\t\t\t\t<div class=\"premium-blog-content-inner-wrapper\">\r\n\t\t<p class=\"premium-blog-post-content\">Un hombre de entre 30 y 35 a\u00f1os muri\u00f3 tras sufrir un aparatoso accidente mientras viajaba en un scooter el\u00e9ctrico en la \u2026<\/p>\t\t<\/div>\r\n\t\t\t\t\t\t\t\r\n\t\t\t\t<\/div>\r\n\t\t\t<\/div>\r\n\t\t<\/div>\r\n\r\n\t\t\t\t<div class=\"premium-blog-post-outer-container\" data-total=\"603\">\r\n\t\t\t<div class=\"premium-blog-post-container premium-blog-skin-classic\">\r\n\t\t\t\t\t\t\t\t\t<div class=\"premium-blog-thumb-effect-wrapper\">\r\n\t\t\t\t\t\t<div class=\"premium-blog-thumbnail-container premium-blog-sepia-effect\">\r\n\t\t\t\t\t\t\t<img loading=\"lazy\" decoding=\"async\" width=\"1200\" height=\"801\" src=\"https:\/\/quepocamadre.com\/wp-content\/uploads\/2026\/05\/INFIERNO.jpg\" class=\"attachment-full size-full wp-image-66423\" alt=\"\" srcset=\"https:\/\/quepocamadre.com\/wp-content\/uploads\/2026\/05\/INFIERNO.jpg 1200w, https:\/\/quepocamadre.com\/wp-content\/uploads\/2026\/05\/INFIERNO-300x200.jpg 300w, https:\/\/quepocamadre.com\/wp-content\/uploads\/2026\/05\/INFIERNO-1024x684.jpg 1024w, https:\/\/quepocamadre.com\/wp-content\/uploads\/2026\/05\/INFIERNO-768x513.jpg 768w\" sizes=\"(max-width: 1200px) 100vw, 1200px\" \/>\t\t\t\t\t\t<\/div>\r\n\t\t\t\t\t\t\t\t\t\t\t\t\t<div class=\"premium-blog-thumbnail-overlay\">\r\n\t\t\t\t\t\t\t\t<a class=\"elementor-icon\" href=\"https:\/\/quepocamadre.com\/?p=66419\" target=\"_self\" aria-hidden=\"true\"><span>\u00a1INFIERNO EN LA 57! TR\u00c1ILER ARDE Y COLAPSA LA M\u00c9XICO-QUER\u00c9TARO<\/span><\/a>\r\n\t\t\t\t\t\t\t<\/div>\r\n\r\n\t\t\t\t\t\t\t\t\t\t\t\t\t\t\t\t\t\t<\/div>\r\n\t\t\t\t\t\t\t\t\t\t\t\t<div class=\"premium-blog-content-wrapper \">\r\n\r\n\t\t\t\t\t<div class=\"premium-blog-inner-container\">\r\n\r\n\t\t\t\t\t\t\t\t\t\t\t\t\t\t<h2 class=\"premium-blog-entry-title\">\r\n\t\t\t<a href=\"https:\/\/quepocamadre.com\/?p=66419\" target=\"_self\">\r\n\t\t\t\t\u00a1INFIERNO EN LA 57! TR\u00c1ILER ARDE Y COLAPSA LA M\u00c9XICO-QUER\u00c9TARO\t\t\t<\/a>\r\n\t\t<\/h2>\r\n\t\t\t\t<div class=\"premium-blog-entry-meta\">\r\n\t\t\t\r\n\t\t\t\t\t\t\t<span class=\"premium-blog-meta-separator\">\u2022<\/span>\r\n\t\t\t\t<div class=\"premium-blog-post-time premium-blog-meta-data\">\r\n\t\t\t\t\t<i class=\"fa fa-calendar-alt\" aria-hidden=\"true\"><\/i>\r\n\t\t\t\t\t<span>1 mayo, 2026<\/span>\r\n\t\t\t\t<\/div>\r\n\t\t\t\r\n\t\t\t\t\t\t\t<span class=\"premium-blog-meta-separator\">\u2022<\/span>\r\n\t\t\t\t<div class=\"premium-blog-post-categories premium-blog-meta-data\">\r\n\t\t\t\t\t<i class=\"fa fa-align-left fa-fw\" aria-hidden=\"true\"><\/i>\r\n\t\t\t\t\t<a href=\"https:\/\/quepocamadre.com\/?cat=124\" rel=\"category\">Nacional<\/a>, <a href=\"https:\/\/quepocamadre.com\/?cat=160\" rel=\"category\">Quer\u00e9taro<\/a>\t\t\t\t<\/div>\r\n\t\t\t\r\n\t\t\t\t\t<\/div>\r\n\t\t\r\n\t\t\t\t\t<\/div>\r\n\r\n\t\t\t\t\t\t\t<div class=\"premium-blog-content-inner-wrapper\">\r\n\t\t<p class=\"premium-blog-post-content\">Un tr\u00e1iler fue consumido por un voraz incendio la tarde de este jueves sobre la autopista M\u00e9xico-Quer\u00e9taro, a la altura del kil\u00f3metro \u2026<\/p>\t\t<\/div>\r\n\t\t\t\t\t\t\t\r\n\t\t\t\t<\/div>\r\n\t\t\t<\/div>\r\n\t\t<\/div>\r\n\r\n\t\t\t\t<div class=\"premium-blog-post-outer-container\" data-total=\"603\">\r\n\t\t\t<div class=\"premium-blog-post-container premium-blog-skin-classic\">\r\n\t\t\t\t\t\t\t\t\t<div class=\"premium-blog-thumb-effect-wrapper\">\r\n\t\t\t\t\t\t<div class=\"premium-blog-thumbnail-container premium-blog-sepia-effect\">\r\n\t\t\t\t\t\t\t<img loading=\"lazy\" decoding=\"async\" width=\"1200\" height=\"801\" src=\"https:\/\/quepocamadre.com\/wp-content\/uploads\/2026\/05\/TRAGEDIA.jpg\" class=\"attachment-full size-full wp-image-66420\" alt=\"\" srcset=\"https:\/\/quepocamadre.com\/wp-content\/uploads\/2026\/05\/TRAGEDIA.jpg 1200w, https:\/\/quepocamadre.com\/wp-content\/uploads\/2026\/05\/TRAGEDIA-300x200.jpg 300w, https:\/\/quepocamadre.com\/wp-content\/uploads\/2026\/05\/TRAGEDIA-1024x684.jpg 1024w, https:\/\/quepocamadre.com\/wp-content\/uploads\/2026\/05\/TRAGEDIA-768x513.jpg 768w\" sizes=\"(max-width: 1200px) 100vw, 1200px\" \/>\t\t\t\t\t\t<\/div>\r\n\t\t\t\t\t\t\t\t\t\t\t\t\t<div class=\"premium-blog-thumbnail-overlay\">\r\n\t\t\t\t\t\t\t\t<a class=\"elementor-icon\" href=\"https:\/\/quepocamadre.com\/?p=66416\" target=\"_self\" aria-hidden=\"true\"><span>\u00a1TRAGEDIA EN D\u00cdA DEL NI\u00d1O! MUERE MENOR EN BRUTAL CHOQUE EN TOLUCA<\/span><\/a>\r\n\t\t\t\t\t\t\t<\/div>\r\n\r\n\t\t\t\t\t\t\t\t\t\t\t\t\t\t\t\t\t\t<\/div>\r\n\t\t\t\t\t\t\t\t\t\t\t\t<div class=\"premium-blog-content-wrapper \">\r\n\r\n\t\t\t\t\t<div class=\"premium-blog-inner-container\">\r\n\r\n\t\t\t\t\t\t\t\t\t\t\t\t\t\t<h2 class=\"premium-blog-entry-title\">\r\n\t\t\t<a href=\"https:\/\/quepocamadre.com\/?p=66416\" target=\"_self\">\r\n\t\t\t\t\u00a1TRAGEDIA EN D\u00cdA DEL NI\u00d1O! MUERE MENOR EN BRUTAL CHOQUE EN TOLUCA\t\t\t<\/a>\r\n\t\t<\/h2>\r\n\t\t\t\t<div class=\"premium-blog-entry-meta\">\r\n\t\t\t\r\n\t\t\t\t\t\t\t<span class=\"premium-blog-meta-separator\">\u2022<\/span>\r\n\t\t\t\t<div class=\"premium-blog-post-time premium-blog-meta-data\">\r\n\t\t\t\t\t<i class=\"fa fa-calendar-alt\" aria-hidden=\"true\"><\/i>\r\n\t\t\t\t\t<span>1 mayo, 2026<\/span>\r\n\t\t\t\t<\/div>\r\n\t\t\t\r\n\t\t\t\t\t\t\t<span class=\"premium-blog-meta-separator\">\u2022<\/span>\r\n\t\t\t\t<div class=\"premium-blog-post-categories premium-blog-meta-data\">\r\n\t\t\t\t\t<i class=\"fa fa-align-left fa-fw\" aria-hidden=\"true\"><\/i>\r\n\t\t\t\t\t<a href=\"https:\/\/quepocamadre.com\/?cat=102\" rel=\"category\">Edomex<\/a>, <a href=\"https:\/\/quepocamadre.com\/?cat=103\" rel=\"category\">Toluca<\/a>\t\t\t\t<\/div>\r\n\t\t\t\r\n\t\t\t\t\t<\/div>\r\n\t\t\r\n\t\t\t\t\t<\/div>\r\n\r\n\t\t\t\t\t\t\t<div class=\"premium-blog-content-inner-wrapper\">\r\n\t\t<p class=\"premium-blog-post-content\">Una adolescente de aproximadamente 14 a\u00f1os perdi\u00f3 la vida la ma\u00f1ana de este jueves tras un fuerte accidente en Calzada del Pac\u00edfico, \u2026<\/p>\t\t<\/div>\r\n\t\t\t\t\t\t\t\r\n\t\t\t\t<\/div>\r\n\t\t\t<\/div>\r\n\t\t<\/div>\r\n\r\n\t\t\t\t<\/div>\r\n\r\n\t\t\t\t\t\t<\/div>\n\t\t\t\t<\/div>\n\t\t\t\t\t<\/div>\n\t\t<\/div>\n\t\t\t\t\t<\/div>\n\t\t<\/section>\n\t\t\t\t<section class=\"elementor-section elementor-top-section elementor-element elementor-element-5686a5bf elementor-hidden-mobile elementor-section-boxed elementor-section-height-default elementor-section-height-default\" data-id=\"5686a5bf\" data-element_type=\"section\">\n\t\t\t\t\t\t<div class=\"elementor-container elementor-column-gap-default\">\n\t\t\t\t\t<div class=\"elementor-column elementor-col-66 elementor-top-column elementor-element elementor-element-378ef5a5\" data-id=\"378ef5a5\" data-element_type=\"column\">\n\t\t\t<div class=\"elementor-widget-wrap elementor-element-populated\">\n\t\t\t\t\t\t<div class=\"elementor-element elementor-element-51302a26 elementor-align-left elementor-widget elementor-widget-button\" data-id=\"51302a26\" data-element_type=\"widget\" data-widget_type=\"button.default\">\n\t\t\t\t<div class=\"elementor-widget-container\">\n\t\t\t\t\t\t\t\t\t<div class=\"elementor-button-wrapper\">\n\t\t\t\t\t<a class=\"elementor-button elementor-size-sm\" role=\"button\">\n\t\t\t\t\t\t<span class=\"elementor-button-content-wrapper\">\n\t\t\t\t\t\t<span class=\"elementor-button-icon\">\n\t\t\t\t<i aria-hidden=\"true\" class=\"fas fa-hand-point-down\"><\/i>\t\t\t<\/span>\n\t\t\t\t\t\t\t\t\t<span class=\"elementor-button-text\">Cuidad de M\u00e9xico:<\/span>\n\t\t\t\t\t<\/span>\n\t\t\t\t\t<\/a>\n\t\t\t\t<\/div>\n\t\t\t\t\t\t\t\t<\/div>\n\t\t\t\t<\/div>\n\t\t\t\t<div class=\"elementor-element elementor-element-69a4a1ed elementor-widget-divider--view-line elementor-widget elementor-widget-divider\" data-id=\"69a4a1ed\" data-element_type=\"widget\" data-widget_type=\"divider.default\">\n\t\t\t\t<div class=\"elementor-widget-container\">\n\t\t\t\t\t\t\t<div class=\"elementor-divider\">\n\t\t\t<span class=\"elementor-divider-separator\">\n\t\t\t\t\t\t<\/span>\n\t\t<\/div>\n\t\t\t\t\t\t<\/div>\n\t\t\t\t<\/div>\n\t\t\t\t<div class=\"elementor-element elementor-element-7e32ccd6 elementor-posts--align-center elementor-grid-2 elementor-grid-mobile-2 elementor-hidden-mobile elementor-grid-tablet-2 elementor-posts--thumbnail-top elementor-widget elementor-widget-posts\" data-id=\"7e32ccd6\" data-element_type=\"widget\" data-settings=\"{&quot;classic_row_gap&quot;:{&quot;unit&quot;:&quot;px&quot;,&quot;size&quot;:5,&quot;sizes&quot;:[]},&quot;classic_columns&quot;:&quot;2&quot;,&quot;classic_columns_mobile&quot;:&quot;2&quot;,&quot;classic_columns_tablet&quot;:&quot;2&quot;,&quot;classic_row_gap_tablet&quot;:{&quot;unit&quot;:&quot;px&quot;,&quot;size&quot;:&quot;&quot;,&quot;sizes&quot;:[]},&quot;classic_row_gap_mobile&quot;:{&quot;unit&quot;:&quot;px&quot;,&quot;size&quot;:&quot;&quot;,&quot;sizes&quot;:[]}}\" data-widget_type=\"posts.classic\">\n\t\t\t\t<div class=\"elementor-widget-container\">\n\t\t\t\t\t\t\t<div class=\"elementor-posts-container elementor-posts elementor-posts--skin-classic elementor-grid\">\n\t\t\t\t<article class=\"elementor-post elementor-grid-item post-66406 post type-post status-publish format-standard has-post-thumbnail hentry category-cdmx\">\n\t\t\t\t<a class=\"elementor-post__thumbnail__link\" href=\"https:\/\/quepocamadre.com\/?p=66406\" >\n\t\t\t<div class=\"elementor-post__thumbnail\"><img loading=\"lazy\" decoding=\"async\" width=\"300\" height=\"200\" src=\"https:\/\/quepocamadre.com\/wp-content\/uploads\/2026\/05\/CAIDA-300x200.jpg\" class=\"attachment-medium size-medium wp-image-66411\" alt=\"\" srcset=\"https:\/\/quepocamadre.com\/wp-content\/uploads\/2026\/05\/CAIDA-300x200.jpg 300w, https:\/\/quepocamadre.com\/wp-content\/uploads\/2026\/05\/CAIDA-1024x684.jpg 1024w, https:\/\/quepocamadre.com\/wp-content\/uploads\/2026\/05\/CAIDA-768x513.jpg 768w, https:\/\/quepocamadre.com\/wp-content\/uploads\/2026\/05\/CAIDA.jpg 1200w\" sizes=\"(max-width: 300px) 100vw, 300px\" \/><\/div>\n\t\t<\/a>\n\t\t\t\t<div class=\"elementor-post__text\">\n\t\t\t\t<h3 class=\"elementor-post__title\">\n\t\t\t<a href=\"https:\/\/quepocamadre.com\/?p=66406\" >\n\t\t\t\t\u00a1CA\u00cdDA MORTAL! MUERE MUJER EN ESTACIONAMIENTO DEL CENTRO\t\t\t<\/a>\n\t\t<\/h3>\n\t\t\t\t<div class=\"elementor-post__meta-data\">\n\t\t\t\t\t<span class=\"elementor-post-date\">\n\t\t\t1 mayo, 2026\t\t<\/span>\n\t\t\t\t<\/div>\n\t\t\t\t<div class=\"elementor-post__excerpt\">\n\t\t\t<p>Una adulta mayor perdi\u00f3 la vida tras caer al s\u00f3tano de un estacionamiento en el<\/p>\n\t\t<\/div>\n\t\t\t\t<\/div>\n\t\t\t\t<\/article>\n\t\t\t\t<article class=\"elementor-post elementor-grid-item post-66356 post type-post status-publish format-standard has-post-thumbnail hentry category-cdmx\">\n\t\t\t\t<a class=\"elementor-post__thumbnail__link\" href=\"https:\/\/quepocamadre.com\/?p=66356\" >\n\t\t\t<div class=\"elementor-post__thumbnail\"><img loading=\"lazy\" decoding=\"async\" width=\"300\" height=\"200\" src=\"https:\/\/quepocamadre.com\/wp-content\/uploads\/2026\/04\/MINUTOS-PORTADA-300x200.jpg\" class=\"attachment-medium size-medium wp-image-66362\" alt=\"\" srcset=\"https:\/\/quepocamadre.com\/wp-content\/uploads\/2026\/04\/MINUTOS-PORTADA-300x200.jpg 300w, https:\/\/quepocamadre.com\/wp-content\/uploads\/2026\/04\/MINUTOS-PORTADA-1024x684.jpg 1024w, https:\/\/quepocamadre.com\/wp-content\/uploads\/2026\/04\/MINUTOS-PORTADA-768x513.jpg 768w, https:\/\/quepocamadre.com\/wp-content\/uploads\/2026\/04\/MINUTOS-PORTADA.jpg 1200w\" sizes=\"(max-width: 300px) 100vw, 300px\" \/><\/div>\n\t\t<\/a>\n\t\t\t\t<div class=\"elementor-post__text\">\n\t\t\t\t<h3 class=\"elementor-post__title\">\n\t\t\t<a href=\"https:\/\/quepocamadre.com\/?p=66356\" >\n\t\t\t\t31 Minutos alista show masivo en el Z\u00f3calo capitalino\t\t\t<\/a>\n\t\t<\/h3>\n\t\t\t\t<div class=\"elementor-post__meta-data\">\n\t\t\t\t\t<span class=\"elementor-post-date\">\n\t\t\t30 abril, 2026\t\t<\/span>\n\t\t\t\t<\/div>\n\t\t\t\t<div class=\"elementor-post__excerpt\">\n\t\t\t<p>Lanza divertido promocional para el D\u00eda del Ni\u00f1o La ic\u00f3nica producci\u00f3n chilena 31 Minutos encendi\u00f3<\/p>\n\t\t<\/div>\n\t\t\t\t<\/div>\n\t\t\t\t<\/article>\n\t\t\t\t<article class=\"elementor-post elementor-grid-item post-66346 post type-post status-publish format-standard has-post-thumbnail hentry category-cdmx\">\n\t\t\t\t<a class=\"elementor-post__thumbnail__link\" href=\"https:\/\/quepocamadre.com\/?p=66346\" >\n\t\t\t<div class=\"elementor-post__thumbnail\"><img loading=\"lazy\" decoding=\"async\" width=\"300\" height=\"200\" src=\"https:\/\/quepocamadre.com\/wp-content\/uploads\/2026\/04\/MASACRE-EN-AZCAPOTZALCO-300x200.jpg\" class=\"attachment-medium size-medium wp-image-66350\" alt=\"\" srcset=\"https:\/\/quepocamadre.com\/wp-content\/uploads\/2026\/04\/MASACRE-EN-AZCAPOTZALCO-300x200.jpg 300w, https:\/\/quepocamadre.com\/wp-content\/uploads\/2026\/04\/MASACRE-EN-AZCAPOTZALCO-1024x684.jpg 1024w, https:\/\/quepocamadre.com\/wp-content\/uploads\/2026\/04\/MASACRE-EN-AZCAPOTZALCO-768x513.jpg 768w, https:\/\/quepocamadre.com\/wp-content\/uploads\/2026\/04\/MASACRE-EN-AZCAPOTZALCO.jpg 1200w\" sizes=\"(max-width: 300px) 100vw, 300px\" \/><\/div>\n\t\t<\/a>\n\t\t\t\t<div class=\"elementor-post__text\">\n\t\t\t\t<h3 class=\"elementor-post__title\">\n\t\t\t<a href=\"https:\/\/quepocamadre.com\/?p=66346\" >\n\t\t\t\t\u00a1MASACRE EN AZCAPOTZALCO! FAMILIA ES ASESINADA EN SU CASA\t\t\t<\/a>\n\t\t<\/h3>\n\t\t\t\t<div class=\"elementor-post__meta-data\">\n\t\t\t\t\t<span class=\"elementor-post-date\">\n\t\t\t30 abril, 2026\t\t<\/span>\n\t\t\t\t<\/div>\n\t\t\t\t<div class=\"elementor-post__excerpt\">\n\t\t\t<p>Cuatro integrantes de una familia \u2014dos adultos de 47 a\u00f1os y sus hijas de 16<\/p>\n\t\t<\/div>\n\t\t\t\t<\/div>\n\t\t\t\t<\/article>\n\t\t\t\t<article class=\"elementor-post elementor-grid-item post-66340 post type-post status-publish format-standard has-post-thumbnail hentry category-cdmx\">\n\t\t\t\t<a class=\"elementor-post__thumbnail__link\" href=\"https:\/\/quepocamadre.com\/?p=66340\" >\n\t\t\t<div class=\"elementor-post__thumbnail\"><img loading=\"lazy\" decoding=\"async\" width=\"300\" height=\"200\" src=\"https:\/\/quepocamadre.com\/wp-content\/uploads\/2026\/04\/lo-paunalan-300x200.jpg\" class=\"attachment-medium size-medium wp-image-66344\" alt=\"\" srcset=\"https:\/\/quepocamadre.com\/wp-content\/uploads\/2026\/04\/lo-paunalan-300x200.jpg 300w, https:\/\/quepocamadre.com\/wp-content\/uploads\/2026\/04\/lo-paunalan-1024x684.jpg 1024w, https:\/\/quepocamadre.com\/wp-content\/uploads\/2026\/04\/lo-paunalan-768x513.jpg 768w, https:\/\/quepocamadre.com\/wp-content\/uploads\/2026\/04\/lo-paunalan.jpg 1200w\" sizes=\"(max-width: 300px) 100vw, 300px\" \/><\/div>\n\t\t<\/a>\n\t\t\t\t<div class=\"elementor-post__text\">\n\t\t\t\t<h3 class=\"elementor-post__title\">\n\t\t\t<a href=\"https:\/\/quepocamadre.com\/?p=66340\" >\n\t\t\t\tLO APU\u00d1ALAN EN EL CUELLO EN PLENO PASEO REFORMA\t\t\t<\/a>\n\t\t<\/h3>\n\t\t\t\t<div class=\"elementor-post__meta-data\">\n\t\t\t\t\t<span class=\"elementor-post-date\">\n\t\t\t30 abril, 2026\t\t<\/span>\n\t\t\t\t<\/div>\n\t\t\t\t<div class=\"elementor-post__excerpt\">\n\t\t\t<p>Un hombre de aproximadamente 48 a\u00f1os fue encontrado gravemente herido tras ser atacado con arma<\/p>\n\t\t<\/div>\n\t\t\t\t<\/div>\n\t\t\t\t<\/article>\n\t\t\t\t<article class=\"elementor-post elementor-grid-item post-66326 post type-post status-publish format-standard has-post-thumbnail hentry category-cdmx\">\n\t\t\t\t<a class=\"elementor-post__thumbnail__link\" href=\"https:\/\/quepocamadre.com\/?p=66326\" >\n\t\t\t<div class=\"elementor-post__thumbnail\"><img loading=\"lazy\" decoding=\"async\" width=\"300\" height=\"200\" src=\"https:\/\/quepocamadre.com\/wp-content\/uploads\/2026\/04\/derrapa-300x200.jpg\" class=\"attachment-medium size-medium wp-image-66330\" alt=\"\" srcset=\"https:\/\/quepocamadre.com\/wp-content\/uploads\/2026\/04\/derrapa-300x200.jpg 300w, https:\/\/quepocamadre.com\/wp-content\/uploads\/2026\/04\/derrapa-1024x684.jpg 1024w, https:\/\/quepocamadre.com\/wp-content\/uploads\/2026\/04\/derrapa-768x513.jpg 768w, https:\/\/quepocamadre.com\/wp-content\/uploads\/2026\/04\/derrapa.jpg 1200w\" sizes=\"(max-width: 300px) 100vw, 300px\" \/><\/div>\n\t\t<\/a>\n\t\t\t\t<div class=\"elementor-post__text\">\n\t\t\t\t<h3 class=\"elementor-post__title\">\n\t\t\t<a href=\"https:\/\/quepocamadre.com\/?p=66326\" >\n\t\t\t\tDERRAP\u00d3 Y TERMIN\u00d3 EN CHARCO DE SANGRE\t\t\t<\/a>\n\t\t<\/h3>\n\t\t\t\t<div class=\"elementor-post__meta-data\">\n\t\t\t\t\t<span class=\"elementor-post-date\">\n\t\t\t30 abril, 2026\t\t<\/span>\n\t\t\t\t<\/div>\n\t\t\t\t<div class=\"elementor-post__excerpt\">\n\t\t\t<p>Una mujer de entre 30 y 35 a\u00f1os result\u00f3 lesionada tras derrapar la motocicleta en<\/p>\n\t\t<\/div>\n\t\t\t\t<\/div>\n\t\t\t\t<\/article>\n\t\t\t\t<article class=\"elementor-post elementor-grid-item post-66265 post type-post status-publish format-standard has-post-thumbnail hentry category-cdmx\">\n\t\t\t\t<a class=\"elementor-post__thumbnail__link\" href=\"https:\/\/quepocamadre.com\/?p=66265\" >\n\t\t\t<div class=\"elementor-post__thumbnail\"><img loading=\"lazy\" decoding=\"async\" width=\"300\" height=\"200\" src=\"https:\/\/quepocamadre.com\/wp-content\/uploads\/2026\/04\/MASACRE-FAMILIAR-EN-AZCAPOTZALCO-CONMOCIONA-A-LA-CDMX-300x200.jpg\" class=\"attachment-medium size-medium wp-image-66270\" alt=\"\" srcset=\"https:\/\/quepocamadre.com\/wp-content\/uploads\/2026\/04\/MASACRE-FAMILIAR-EN-AZCAPOTZALCO-CONMOCIONA-A-LA-CDMX-300x200.jpg 300w, https:\/\/quepocamadre.com\/wp-content\/uploads\/2026\/04\/MASACRE-FAMILIAR-EN-AZCAPOTZALCO-CONMOCIONA-A-LA-CDMX-1024x684.jpg 1024w, https:\/\/quepocamadre.com\/wp-content\/uploads\/2026\/04\/MASACRE-FAMILIAR-EN-AZCAPOTZALCO-CONMOCIONA-A-LA-CDMX-768x513.jpg 768w, https:\/\/quepocamadre.com\/wp-content\/uploads\/2026\/04\/MASACRE-FAMILIAR-EN-AZCAPOTZALCO-CONMOCIONA-A-LA-CDMX.jpg 1200w\" sizes=\"(max-width: 300px) 100vw, 300px\" \/><\/div>\n\t\t<\/a>\n\t\t\t\t<div class=\"elementor-post__text\">\n\t\t\t\t<h3 class=\"elementor-post__title\">\n\t\t\t<a href=\"https:\/\/quepocamadre.com\/?p=66265\" >\n\t\t\t\tMASACRE FAMILIAR EN AZCAPOTZALCO CONMOCIONA A LA CDMX\t\t\t<\/a>\n\t\t<\/h3>\n\t\t\t\t<div class=\"elementor-post__meta-data\">\n\t\t\t\t\t<span class=\"elementor-post-date\">\n\t\t\t29 abril, 2026\t\t<\/span>\n\t\t\t\t<\/div>\n\t\t\t\t<div class=\"elementor-post__excerpt\">\n\t\t\t<p>Una familia de cuatro integrantes fue encontrada sin vida al interior de su domicilio en<\/p>\n\t\t<\/div>\n\t\t\t\t<\/div>\n\t\t\t\t<\/article>\n\t\t\t\t<\/div>\n\n\n\t\t\n\t\t\t\t\t\t<\/div>\n\t\t\t\t<\/div>\n\t\t\t\t<div class=\"elementor-element elementor-element-3b0e0ca7 elementor-widget elementor-widget-spacer\" data-id=\"3b0e0ca7\" data-element_type=\"widget\" data-widget_type=\"spacer.default\">\n\t\t\t\t<div class=\"elementor-widget-container\">\n\t\t\t\t\t\t\t<div class=\"elementor-spacer\">\n\t\t\t<div class=\"elementor-spacer-inner\"><\/div>\n\t\t<\/div>\n\t\t\t\t\t\t<\/div>\n\t\t\t\t<\/div>\n\t\t\t\t<div class=\"elementor-element elementor-element-7e4abe26 elementor-align-left elementor-widget elementor-widget-button\" data-id=\"7e4abe26\" data-element_type=\"widget\" data-widget_type=\"button.default\">\n\t\t\t\t<div class=\"elementor-widget-container\">\n\t\t\t\t\t\t\t\t\t<div class=\"elementor-button-wrapper\">\n\t\t\t\t\t<a class=\"elementor-button elementor-size-sm\" role=\"button\">\n\t\t\t\t\t\t<span class=\"elementor-button-content-wrapper\">\n\t\t\t\t\t\t<span class=\"elementor-button-icon\">\n\t\t\t\t<i aria-hidden=\"true\" class=\"fas fa-hand-point-down\"><\/i>\t\t\t<\/span>\n\t\t\t\t\t\t\t\t\t<span class=\"elementor-button-text\">Estado de M\u00e9xico:<\/span>\n\t\t\t\t\t<\/span>\n\t\t\t\t\t<\/a>\n\t\t\t\t<\/div>\n\t\t\t\t\t\t\t\t<\/div>\n\t\t\t\t<\/div>\n\t\t\t\t<div class=\"elementor-element elementor-element-359ce1c7 elementor-widget-divider--view-line elementor-widget elementor-widget-divider\" data-id=\"359ce1c7\" data-element_type=\"widget\" data-widget_type=\"divider.default\">\n\t\t\t\t<div class=\"elementor-widget-container\">\n\t\t\t\t\t\t\t<div class=\"elementor-divider\">\n\t\t\t<span class=\"elementor-divider-separator\">\n\t\t\t\t\t\t<\/span>\n\t\t<\/div>\n\t\t\t\t\t\t<\/div>\n\t\t\t\t<\/div>\n\t\t\t\t<div class=\"elementor-element elementor-element-167be6c5 elementor-posts--align-center elementor-grid-tablet-3 elementor-grid-3 elementor-grid-mobile-1 elementor-posts--thumbnail-top elementor-widget elementor-widget-posts\" data-id=\"167be6c5\" data-element_type=\"widget\" data-settings=\"{&quot;classic_row_gap&quot;:{&quot;unit&quot;:&quot;px&quot;,&quot;size&quot;:5,&quot;sizes&quot;:[]},&quot;classic_columns_tablet&quot;:&quot;3&quot;,&quot;classic_columns&quot;:&quot;3&quot;,&quot;classic_columns_mobile&quot;:&quot;1&quot;,&quot;classic_row_gap_tablet&quot;:{&quot;unit&quot;:&quot;px&quot;,&quot;size&quot;:&quot;&quot;,&quot;sizes&quot;:[]},&quot;classic_row_gap_mobile&quot;:{&quot;unit&quot;:&quot;px&quot;,&quot;size&quot;:&quot;&quot;,&quot;sizes&quot;:[]}}\" data-widget_type=\"posts.classic\">\n\t\t\t\t<div class=\"elementor-widget-container\">\n\t\t\t\t\t\t\t<div class=\"elementor-posts-container elementor-posts elementor-posts--skin-classic elementor-grid\">\n\t\t\t\t<article class=\"elementor-post elementor-grid-item post-66451 post type-post status-publish format-standard has-post-thumbnail hentry category-edomex\">\n\t\t\t\t<a class=\"elementor-post__thumbnail__link\" href=\"https:\/\/quepocamadre.com\/?p=66451\" >\n\t\t\t<div class=\"elementor-post__thumbnail\"><img loading=\"lazy\" decoding=\"async\" width=\"300\" height=\"200\" src=\"https:\/\/quepocamadre.com\/wp-content\/uploads\/2026\/05\/4DENUNDIA-2-300x200.jpg\" class=\"attachment-medium size-medium wp-image-66455\" alt=\"\" srcset=\"https:\/\/quepocamadre.com\/wp-content\/uploads\/2026\/05\/4DENUNDIA-2-300x200.jpg 300w, https:\/\/quepocamadre.com\/wp-content\/uploads\/2026\/05\/4DENUNDIA-2-1024x684.jpg 1024w, https:\/\/quepocamadre.com\/wp-content\/uploads\/2026\/05\/4DENUNDIA-2-768x513.jpg 768w, https:\/\/quepocamadre.com\/wp-content\/uploads\/2026\/05\/4DENUNDIA-2.jpg 1200w\" sizes=\"(max-width: 300px) 100vw, 300px\" \/><\/div>\n\t\t<\/a>\n\t\t\t\t<div class=\"elementor-post__text\">\n\t\t\t\t<h3 class=\"elementor-post__title\">\n\t\t\t<a href=\"https:\/\/quepocamadre.com\/?p=66451\" >\n\t\t\t\tDenuncia ciudadana contra la extorsi\u00f3n evita pagos de m\u00e1s de 123 mdp: Delfina G\u00f3mez\t\t\t<\/a>\n\t\t<\/h3>\n\t\t\t\t<div class=\"elementor-post__meta-data\">\n\t\t\t\t\t<span class=\"elementor-post-date\">\n\t\t\t1 mayo, 2026\t\t<\/span>\n\t\t\t\t<\/div>\n\t\t\t\t<div class=\"elementor-post__excerpt\">\n\t\t\t<p>Esta cifra es resultado de la estrategia de seguridad y la coordinaci\u00f3n institucional que lograron<\/p>\n\t\t<\/div>\n\t\t\t\t<\/div>\n\t\t\t\t<\/article>\n\t\t\t\t<article class=\"elementor-post elementor-grid-item post-66416 post type-post status-publish format-standard has-post-thumbnail hentry category-edomex category-toluca\">\n\t\t\t\t<a class=\"elementor-post__thumbnail__link\" href=\"https:\/\/quepocamadre.com\/?p=66416\" >\n\t\t\t<div class=\"elementor-post__thumbnail\"><img loading=\"lazy\" decoding=\"async\" width=\"300\" height=\"200\" src=\"https:\/\/quepocamadre.com\/wp-content\/uploads\/2026\/05\/TRAGEDIA-300x200.jpg\" class=\"attachment-medium size-medium wp-image-66420\" alt=\"\" srcset=\"https:\/\/quepocamadre.com\/wp-content\/uploads\/2026\/05\/TRAGEDIA-300x200.jpg 300w, https:\/\/quepocamadre.com\/wp-content\/uploads\/2026\/05\/TRAGEDIA-1024x684.jpg 1024w, https:\/\/quepocamadre.com\/wp-content\/uploads\/2026\/05\/TRAGEDIA-768x513.jpg 768w, https:\/\/quepocamadre.com\/wp-content\/uploads\/2026\/05\/TRAGEDIA.jpg 1200w\" sizes=\"(max-width: 300px) 100vw, 300px\" \/><\/div>\n\t\t<\/a>\n\t\t\t\t<div class=\"elementor-post__text\">\n\t\t\t\t<h3 class=\"elementor-post__title\">\n\t\t\t<a href=\"https:\/\/quepocamadre.com\/?p=66416\" >\n\t\t\t\t\u00a1TRAGEDIA EN D\u00cdA DEL NI\u00d1O! MUERE MENOR EN BRUTAL CHOQUE EN TOLUCA\t\t\t<\/a>\n\t\t<\/h3>\n\t\t\t\t<div class=\"elementor-post__meta-data\">\n\t\t\t\t\t<span class=\"elementor-post-date\">\n\t\t\t1 mayo, 2026\t\t<\/span>\n\t\t\t\t<\/div>\n\t\t\t\t<div class=\"elementor-post__excerpt\">\n\t\t\t<p>Una adolescente de aproximadamente 14 a\u00f1os perdi\u00f3 la vida la ma\u00f1ana de este jueves tras<\/p>\n\t\t<\/div>\n\t\t\t\t<\/div>\n\t\t\t\t<\/article>\n\t\t\t\t<article class=\"elementor-post elementor-grid-item post-66397 post type-post status-publish format-standard has-post-thumbnail hentry category-edomex category-metepec\">\n\t\t\t\t<a class=\"elementor-post__thumbnail__link\" href=\"https:\/\/quepocamadre.com\/?p=66397\" >\n\t\t\t<div class=\"elementor-post__thumbnail\"><img loading=\"lazy\" decoding=\"async\" width=\"169\" height=\"300\" src=\"https:\/\/quepocamadre.com\/wp-content\/uploads\/2026\/04\/Copia-de-Black-and-White-Vintage-Minimalist-Rotate-Your-Phone-Video-Intro-Mobile-Video-7-1-169x300.png\" class=\"attachment-medium size-medium wp-image-66400\" alt=\"\" srcset=\"https:\/\/quepocamadre.com\/wp-content\/uploads\/2026\/04\/Copia-de-Black-and-White-Vintage-Minimalist-Rotate-Your-Phone-Video-Intro-Mobile-Video-7-1-169x300.png 169w, https:\/\/quepocamadre.com\/wp-content\/uploads\/2026\/04\/Copia-de-Black-and-White-Vintage-Minimalist-Rotate-Your-Phone-Video-Intro-Mobile-Video-7-1-576x1024.png 576w, https:\/\/quepocamadre.com\/wp-content\/uploads\/2026\/04\/Copia-de-Black-and-White-Vintage-Minimalist-Rotate-Your-Phone-Video-Intro-Mobile-Video-7-1-768x1365.png 768w, https:\/\/quepocamadre.com\/wp-content\/uploads\/2026\/04\/Copia-de-Black-and-White-Vintage-Minimalist-Rotate-Your-Phone-Video-Intro-Mobile-Video-7-1-864x1536.png 864w, https:\/\/quepocamadre.com\/wp-content\/uploads\/2026\/04\/Copia-de-Black-and-White-Vintage-Minimalist-Rotate-Your-Phone-Video-Intro-Mobile-Video-7-1.png 1080w\" sizes=\"(max-width: 169px) 100vw, 169px\" \/><\/div>\n\t\t<\/a>\n\t\t\t\t<div class=\"elementor-post__text\">\n\t\t\t\t<h3 class=\"elementor-post__title\">\n\t\t\t<a href=\"https:\/\/quepocamadre.com\/?p=66397\" >\n\t\t\t\tEL ASFALTO COBRA OTRA VIDA EN METEPEC: SU MOTO QUED\u00d3 DESTROZADA EN LA TOLUCA\u2013TENANGO\t\t\t<\/a>\n\t\t<\/h3>\n\t\t\t\t<div class=\"elementor-post__meta-data\">\n\t\t\t\t\t<span class=\"elementor-post-date\">\n\t\t\t30 abril, 2026\t\t<\/span>\n\t\t\t\t<\/div>\n\t\t\t\t<div class=\"elementor-post__excerpt\">\n\t\t\t<p>El rugido del motor se apag\u00f3 en segundos sobre Avenida Pino Su\u00e1rez, a la altura<\/p>\n\t\t<\/div>\n\t\t\t\t<\/div>\n\t\t\t\t<\/article>\n\t\t\t\t<article class=\"elementor-post elementor-grid-item post-66379 post type-post status-publish format-standard has-post-thumbnail hentry category-edomex category-toluca\">\n\t\t\t\t<a class=\"elementor-post__thumbnail__link\" href=\"https:\/\/quepocamadre.com\/?p=66379\" >\n\t\t\t<div class=\"elementor-post__thumbnail\"><img loading=\"lazy\" decoding=\"async\" width=\"300\" height=\"300\" src=\"https:\/\/quepocamadre.com\/wp-content\/uploads\/2026\/04\/ChatGPT-Image-30-abr-2026-16_04_22-300x300.png\" class=\"attachment-medium size-medium wp-image-66395\" alt=\"\" srcset=\"https:\/\/quepocamadre.com\/wp-content\/uploads\/2026\/04\/ChatGPT-Image-30-abr-2026-16_04_22-300x300.png 300w, https:\/\/quepocamadre.com\/wp-content\/uploads\/2026\/04\/ChatGPT-Image-30-abr-2026-16_04_22-1024x1024.png 1024w, https:\/\/quepocamadre.com\/wp-content\/uploads\/2026\/04\/ChatGPT-Image-30-abr-2026-16_04_22-150x150.png 150w, https:\/\/quepocamadre.com\/wp-content\/uploads\/2026\/04\/ChatGPT-Image-30-abr-2026-16_04_22-768x768.png 768w, https:\/\/quepocamadre.com\/wp-content\/uploads\/2026\/04\/ChatGPT-Image-30-abr-2026-16_04_22.png 1254w\" sizes=\"(max-width: 300px) 100vw, 300px\" \/><\/div>\n\t\t<\/a>\n\t\t\t\t<div class=\"elementor-post__text\">\n\t\t\t\t<h3 class=\"elementor-post__title\">\n\t\t\t<a href=\"https:\/\/quepocamadre.com\/?p=66379\" >\n\t\t\t\tBARRIDA CONTRA ROBA-MOTOS EN TOLUCA: CAEN 7 Y RECUPERAN VEH\u00cdCULOS\t\t\t<\/a>\n\t\t<\/h3>\n\t\t\t\t<div class=\"elementor-post__meta-data\">\n\t\t\t\t\t<span class=\"elementor-post-date\">\n\t\t\t30 abril, 2026\t\t<\/span>\n\t\t\t\t<\/div>\n\t\t\t\t<div class=\"elementor-post__excerpt\">\n\t\t\t<p>Operativos en distintos puntos de Toluca dejaron siete detenidos y la recuperaci\u00f3n de motocicletas y<\/p>\n\t\t<\/div>\n\t\t\t\t<\/div>\n\t\t\t\t<\/article>\n\t\t\t\t<article class=\"elementor-post elementor-grid-item post-66384 post type-post status-publish format-standard has-post-thumbnail hentry category-edomex category-toluca category-valle-de-toluca\">\n\t\t\t\t<a class=\"elementor-post__thumbnail__link\" href=\"https:\/\/quepocamadre.com\/?p=66384\" >\n\t\t\t<div class=\"elementor-post__thumbnail\"><img loading=\"lazy\" decoding=\"async\" width=\"300\" height=\"169\" src=\"https:\/\/quepocamadre.com\/wp-content\/uploads\/2026\/04\/PORTADAS-QPM-17-300x169.png\" class=\"attachment-medium size-medium wp-image-66387\" alt=\"\" srcset=\"https:\/\/quepocamadre.com\/wp-content\/uploads\/2026\/04\/PORTADAS-QPM-17-300x169.png 300w, https:\/\/quepocamadre.com\/wp-content\/uploads\/2026\/04\/PORTADAS-QPM-17-1024x576.png 1024w, https:\/\/quepocamadre.com\/wp-content\/uploads\/2026\/04\/PORTADAS-QPM-17-768x432.png 768w, https:\/\/quepocamadre.com\/wp-content\/uploads\/2026\/04\/PORTADAS-QPM-17-1536x864.png 1536w, https:\/\/quepocamadre.com\/wp-content\/uploads\/2026\/04\/PORTADAS-QPM-17.png 1920w\" sizes=\"(max-width: 300px) 100vw, 300px\" \/><\/div>\n\t\t<\/a>\n\t\t\t\t<div class=\"elementor-post__text\">\n\t\t\t\t<h3 class=\"elementor-post__title\">\n\t\t\t<a href=\"https:\/\/quepocamadre.com\/?p=66384\" >\n\t\t\t\tTRAGEDIA EN D\u00cdA DEL NI\u00d1O: CHOQUE DEVASTADOR DEJA A MUJER SI VIDA DENTRO DE SU AUTO EN TOLUCA\t\t\t<\/a>\n\t\t<\/h3>\n\t\t\t\t<div class=\"elementor-post__meta-data\">\n\t\t\t\t\t<span class=\"elementor-post-date\">\n\t\t\t30 abril, 2026\t\t<\/span>\n\t\t\t\t<\/div>\n\t\t\t\t<div class=\"elementor-post__excerpt\">\n\t\t\t<p>Lo que deb\u00eda ser una ma\u00f1ana de celebraci\u00f3n se convirti\u00f3 en una escena devastadora en<\/p>\n\t\t<\/div>\n\t\t\t\t<\/div>\n\t\t\t\t<\/article>\n\t\t\t\t<article class=\"elementor-post elementor-grid-item post-66367 post type-post status-publish format-standard has-post-thumbnail hentry category-edomex\">\n\t\t\t\t<a class=\"elementor-post__thumbnail__link\" href=\"https:\/\/quepocamadre.com\/?p=66367\" >\n\t\t\t<div class=\"elementor-post__thumbnail\"><img loading=\"lazy\" decoding=\"async\" width=\"300\" height=\"200\" src=\"https:\/\/quepocamadre.com\/wp-content\/uploads\/2026\/04\/8DELFINA-4-2-300x200.jpg\" class=\"attachment-medium size-medium wp-image-66373\" alt=\"\" srcset=\"https:\/\/quepocamadre.com\/wp-content\/uploads\/2026\/04\/8DELFINA-4-2-300x200.jpg 300w, https:\/\/quepocamadre.com\/wp-content\/uploads\/2026\/04\/8DELFINA-4-2-1024x684.jpg 1024w, https:\/\/quepocamadre.com\/wp-content\/uploads\/2026\/04\/8DELFINA-4-2-768x513.jpg 768w, https:\/\/quepocamadre.com\/wp-content\/uploads\/2026\/04\/8DELFINA-4-2.jpg 1200w\" sizes=\"(max-width: 300px) 100vw, 300px\" \/><\/div>\n\t\t<\/a>\n\t\t\t\t<div class=\"elementor-post__text\">\n\t\t\t\t<h3 class=\"elementor-post__title\">\n\t\t\t<a href=\"https:\/\/quepocamadre.com\/?p=66367\" >\n\t\t\t\tDelfina G\u00f3mez reconoce a mandos militares por su labor en la seguridad de la entidad\t\t\t<\/a>\n\t\t<\/h3>\n\t\t\t\t<div class=\"elementor-post__meta-data\">\n\t\t\t\t\t<span class=\"elementor-post-date\">\n\t\t\t30 abril, 2026\t\t<\/span>\n\t\t\t\t<\/div>\n\t\t\t\t<div class=\"elementor-post__excerpt\">\n\t\t\t<p>Destaca el impacto para consolidar la seguridad y la tranquilidad de la poblaci\u00f3n en el<\/p>\n\t\t<\/div>\n\t\t\t\t<\/div>\n\t\t\t\t<\/article>\n\t\t\t\t<article class=\"elementor-post elementor-grid-item post-66353 post type-post status-publish format-standard has-post-thumbnail hentry category-edomex category-xalatlaco\">\n\t\t\t\t<a class=\"elementor-post__thumbnail__link\" href=\"https:\/\/quepocamadre.com\/?p=66353\" >\n\t\t\t<div class=\"elementor-post__thumbnail\"><img loading=\"lazy\" decoding=\"async\" width=\"300\" height=\"200\" src=\"https:\/\/quepocamadre.com\/wp-content\/uploads\/2026\/04\/cae-1-300x200.jpg\" class=\"attachment-medium size-medium wp-image-66357\" alt=\"\" srcset=\"https:\/\/quepocamadre.com\/wp-content\/uploads\/2026\/04\/cae-1-300x200.jpg 300w, https:\/\/quepocamadre.com\/wp-content\/uploads\/2026\/04\/cae-1-1024x684.jpg 1024w, https:\/\/quepocamadre.com\/wp-content\/uploads\/2026\/04\/cae-1-768x513.jpg 768w, https:\/\/quepocamadre.com\/wp-content\/uploads\/2026\/04\/cae-1.jpg 1200w\" sizes=\"(max-width: 300px) 100vw, 300px\" \/><\/div>\n\t\t<\/a>\n\t\t\t\t<div class=\"elementor-post__text\">\n\t\t\t\t<h3 class=\"elementor-post__title\">\n\t\t\t<a href=\"https:\/\/quepocamadre.com\/?p=66353\" >\n\t\t\t\tCae mando policiaco en Edom\u00e9x por agredir a su pareja\t\t\t<\/a>\n\t\t<\/h3>\n\t\t\t\t<div class=\"elementor-post__meta-data\">\n\t\t\t\t\t<span class=\"elementor-post-date\">\n\t\t\t30 abril, 2026\t\t<\/span>\n\t\t\t\t<\/div>\n\t\t\t\t<div class=\"elementor-post__excerpt\">\n\t\t\t<p>Edgar \u201cN\u201d, subdirector de Seguridad P\u00fablica de Xalatlaco, fue detenido por la Fiscal\u00eda del Estado<\/p>\n\t\t<\/div>\n\t\t\t\t<\/div>\n\t\t\t\t<\/article>\n\t\t\t\t<article class=\"elementor-post elementor-grid-item post-66349 post type-post status-publish format-standard has-post-thumbnail hentry category-chalco category-edomex\">\n\t\t\t\t<a class=\"elementor-post__thumbnail__link\" href=\"https:\/\/quepocamadre.com\/?p=66349\" >\n\t\t\t<div class=\"elementor-post__thumbnail\"><img loading=\"lazy\" decoding=\"async\" width=\"300\" height=\"200\" src=\"https:\/\/quepocamadre.com\/wp-content\/uploads\/2026\/04\/rescatam-300x200.jpg\" class=\"attachment-medium size-medium wp-image-66354\" alt=\"\" srcset=\"https:\/\/quepocamadre.com\/wp-content\/uploads\/2026\/04\/rescatam-300x200.jpg 300w, https:\/\/quepocamadre.com\/wp-content\/uploads\/2026\/04\/rescatam-1024x684.jpg 1024w, https:\/\/quepocamadre.com\/wp-content\/uploads\/2026\/04\/rescatam-768x513.jpg 768w, https:\/\/quepocamadre.com\/wp-content\/uploads\/2026\/04\/rescatam.jpg 1200w\" sizes=\"(max-width: 300px) 100vw, 300px\" \/><\/div>\n\t\t<\/a>\n\t\t\t\t<div class=\"elementor-post__text\">\n\t\t\t\t<h3 class=\"elementor-post__title\">\n\t\t\t<a href=\"https:\/\/quepocamadre.com\/?p=66349\" >\n\t\t\t\tRescatan a leona en Chalco; viv\u00eda en condiciones de abandono\t\t\t<\/a>\n\t\t<\/h3>\n\t\t\t\t<div class=\"elementor-post__meta-data\">\n\t\t\t\t\t<span class=\"elementor-post-date\">\n\t\t\t30 abril, 2026\t\t<\/span>\n\t\t\t\t<\/div>\n\t\t\t\t<div class=\"elementor-post__excerpt\">\n\t\t\t<p>Una leona de ocho meses fue rescatada durante un cateo en un inmueble de la<\/p>\n\t\t<\/div>\n\t\t\t\t<\/div>\n\t\t\t\t<\/article>\n\t\t\t\t<article class=\"elementor-post elementor-grid-item post-66343 post type-post status-publish format-standard has-post-thumbnail hentry category-edomex category-naucalpan\">\n\t\t\t\t<a class=\"elementor-post__thumbnail__link\" href=\"https:\/\/quepocamadre.com\/?p=66343\" >\n\t\t\t<div class=\"elementor-post__thumbnail\"><img loading=\"lazy\" decoding=\"async\" width=\"300\" height=\"200\" src=\"https:\/\/quepocamadre.com\/wp-content\/uploads\/2026\/04\/choque-1-300x200.jpg\" class=\"attachment-medium size-medium wp-image-66347\" alt=\"\" srcset=\"https:\/\/quepocamadre.com\/wp-content\/uploads\/2026\/04\/choque-1-300x200.jpg 300w, https:\/\/quepocamadre.com\/wp-content\/uploads\/2026\/04\/choque-1-1024x684.jpg 1024w, https:\/\/quepocamadre.com\/wp-content\/uploads\/2026\/04\/choque-1-768x513.jpg 768w, https:\/\/quepocamadre.com\/wp-content\/uploads\/2026\/04\/choque-1.jpg 1200w\" sizes=\"(max-width: 300px) 100vw, 300px\" \/><\/div>\n\t\t<\/a>\n\t\t\t\t<div class=\"elementor-post__text\">\n\t\t\t\t<h3 class=\"elementor-post__title\">\n\t\t\t<a href=\"https:\/\/quepocamadre.com\/?p=66343\" >\n\t\t\t\t\u00a1CHOQUE EN NAUCALPAN! VECINOS VS POLIC\u00cdAS POR OBRA EN PARQUE\t\t\t<\/a>\n\t\t<\/h3>\n\t\t\t\t<div class=\"elementor-post__meta-data\">\n\t\t\t\t\t<span class=\"elementor-post-date\">\n\t\t\t30 abril, 2026\t\t<\/span>\n\t\t\t\t<\/div>\n\t\t\t\t<div class=\"elementor-post__excerpt\">\n\t\t\t<p>La entrada de maquinaria al parque \u201cF\u00e1brica de Sue\u00f1os\u201d desat\u00f3 un enfrentamiento entre colonos y<\/p>\n\t\t<\/div>\n\t\t\t\t<\/div>\n\t\t\t\t<\/article>\n\t\t\t\t<\/div>\n\n\n\t\t\n\t\t\t\t\t\t<\/div>\n\t\t\t\t<\/div>\n\t\t\t\t<div class=\"elementor-element elementor-element-7ad7b16b elementor-widget elementor-widget-spacer\" data-id=\"7ad7b16b\" data-element_type=\"widget\" data-widget_type=\"spacer.default\">\n\t\t\t\t<div class=\"elementor-widget-container\">\n\t\t\t\t\t\t\t<div class=\"elementor-spacer\">\n\t\t\t<div class=\"elementor-spacer-inner\"><\/div>\n\t\t<\/div>\n\t\t\t\t\t\t<\/div>\n\t\t\t\t<\/div>\n\t\t\t\t<div class=\"elementor-element elementor-element-5b1860f8 elementor-align-left elementor-widget elementor-widget-button\" data-id=\"5b1860f8\" data-element_type=\"widget\" data-widget_type=\"button.default\">\n\t\t\t\t<div class=\"elementor-widget-container\">\n\t\t\t\t\t\t\t\t\t<div class=\"elementor-button-wrapper\">\n\t\t\t\t\t<a class=\"elementor-button elementor-size-sm\" role=\"button\">\n\t\t\t\t\t\t<span class=\"elementor-button-content-wrapper\">\n\t\t\t\t\t\t<span class=\"elementor-button-icon\">\n\t\t\t\t<i aria-hidden=\"true\" class=\"fas fa-hand-point-down\"><\/i>\t\t\t<\/span>\n\t\t\t\t\t\t\t\t\t<span class=\"elementor-button-text\">Nacionales:<\/span>\n\t\t\t\t\t<\/span>\n\t\t\t\t\t<\/a>\n\t\t\t\t<\/div>\n\t\t\t\t\t\t\t\t<\/div>\n\t\t\t\t<\/div>\n\t\t\t\t<div class=\"elementor-element elementor-element-21fb5bbc elementor-widget-divider--view-line elementor-widget elementor-widget-divider\" data-id=\"21fb5bbc\" data-element_type=\"widget\" data-widget_type=\"divider.default\">\n\t\t\t\t<div class=\"elementor-widget-container\">\n\t\t\t\t\t\t\t<div class=\"elementor-divider\">\n\t\t\t<span class=\"elementor-divider-separator\">\n\t\t\t\t\t\t<\/span>\n\t\t<\/div>\n\t\t\t\t\t\t<\/div>\n\t\t\t\t<\/div>\n\t\t\t\t<div class=\"elementor-element elementor-element-368de477 elementor-posts--align-center elementor-grid-tablet-3 elementor-grid-3 elementor-grid-mobile-1 elementor-posts--thumbnail-top elementor-widget elementor-widget-posts\" data-id=\"368de477\" data-element_type=\"widget\" data-settings=\"{&quot;classic_row_gap&quot;:{&quot;unit&quot;:&quot;px&quot;,&quot;size&quot;:5,&quot;sizes&quot;:[]},&quot;classic_columns_tablet&quot;:&quot;3&quot;,&quot;classic_columns&quot;:&quot;3&quot;,&quot;classic_columns_mobile&quot;:&quot;1&quot;,&quot;classic_row_gap_tablet&quot;:{&quot;unit&quot;:&quot;px&quot;,&quot;size&quot;:&quot;&quot;,&quot;sizes&quot;:[]},&quot;classic_row_gap_mobile&quot;:{&quot;unit&quot;:&quot;px&quot;,&quot;size&quot;:&quot;&quot;,&quot;sizes&quot;:[]}}\" data-widget_type=\"posts.classic\">\n\t\t\t\t<div class=\"elementor-widget-container\">\n\t\t\t\t\t\t\t<div class=\"elementor-posts-container elementor-posts elementor-posts--skin-classic elementor-grid\">\n\t\t\t\t<article class=\"elementor-post elementor-grid-item post-66454 post type-post status-publish format-standard has-post-thumbnail hentry category-nacional category-portada\">\n\t\t\t\t<a class=\"elementor-post__thumbnail__link\" href=\"https:\/\/quepocamadre.com\/?p=66454\" >\n\t\t\t<div class=\"elementor-post__thumbnail\"><img loading=\"lazy\" decoding=\"async\" width=\"300\" height=\"200\" src=\"https:\/\/quepocamadre.com\/wp-content\/uploads\/2026\/05\/triste-3-300x200.jpg\" class=\"attachment-medium size-medium wp-image-66458\" alt=\"\" srcset=\"https:\/\/quepocamadre.com\/wp-content\/uploads\/2026\/05\/triste-3-300x200.jpg 300w, https:\/\/quepocamadre.com\/wp-content\/uploads\/2026\/05\/triste-3-1024x684.jpg 1024w, https:\/\/quepocamadre.com\/wp-content\/uploads\/2026\/05\/triste-3-768x513.jpg 768w, https:\/\/quepocamadre.com\/wp-content\/uploads\/2026\/05\/triste-3.jpg 1200w\" sizes=\"(max-width: 300px) 100vw, 300px\" \/><\/div>\n\t\t<\/a>\n\t\t\t\t<div class=\"elementor-post__text\">\n\t\t\t\t<h3 class=\"elementor-post__title\">\n\t\t\t<a href=\"https:\/\/quepocamadre.com\/?p=66454\" >\n\t\t\t\t\u00a1TRISTE D\u00cdA DEL NI\u00d1O Y LA NI\u00d1A! LA INFANCIA EN M\u00c9XICO EST\u00c1 EN CRISIS\t\t\t<\/a>\n\t\t<\/h3>\n\t\t\t\t<div class=\"elementor-post__meta-data\">\n\t\t\t\t\t<span class=\"elementor-post-date\">\n\t\t\t1 mayo, 2026\t\t<\/span>\n\t\t\t\t<\/div>\n\t\t\t\t<div class=\"elementor-post__excerpt\">\n\t\t\t<p>Pobreza, trabajo y violencia marcan la realidad de millones de menores en el pa\u00eds. En<\/p>\n\t\t<\/div>\n\t\t\t\t<\/div>\n\t\t\t\t<\/article>\n\t\t\t\t<article class=\"elementor-post elementor-grid-item post-66448 post type-post status-publish format-standard has-post-thumbnail hentry category-nacional\">\n\t\t\t\t<a class=\"elementor-post__thumbnail__link\" href=\"https:\/\/quepocamadre.com\/?p=66448\" >\n\t\t\t<div class=\"elementor-post__thumbnail\"><img loading=\"lazy\" decoding=\"async\" width=\"300\" height=\"200\" src=\"https:\/\/quepocamadre.com\/wp-content\/uploads\/2026\/05\/banda-300x200.jpg\" class=\"attachment-medium size-medium wp-image-66452\" alt=\"\" srcset=\"https:\/\/quepocamadre.com\/wp-content\/uploads\/2026\/05\/banda-300x200.jpg 300w, https:\/\/quepocamadre.com\/wp-content\/uploads\/2026\/05\/banda-1024x684.jpg 1024w, https:\/\/quepocamadre.com\/wp-content\/uploads\/2026\/05\/banda-768x513.jpg 768w, https:\/\/quepocamadre.com\/wp-content\/uploads\/2026\/05\/banda.jpg 1200w\" sizes=\"(max-width: 300px) 100vw, 300px\" \/><\/div>\n\t\t<\/a>\n\t\t\t\t<div class=\"elementor-post__text\">\n\t\t\t\t<h3 class=\"elementor-post__title\">\n\t\t\t<a href=\"https:\/\/quepocamadre.com\/?p=66448\" >\n\t\t\t\tBanda Clave Especial sorprende con donativo al hijo del mexicano que compite en reto de MrBeast\t\t\t<\/a>\n\t\t<\/h3>\n\t\t\t\t<div class=\"elementor-post__meta-data\">\n\t\t\t\t\t<span class=\"elementor-post-date\">\n\t\t\t1 mayo, 2026\t\t<\/span>\n\t\t\t\t<\/div>\n\t\t\t\t<div class=\"elementor-post__excerpt\">\n\t\t\t<p>El apoyo econ\u00f3mico se volvi\u00f3 viral y desat\u00f3 muestras de solidaridad en redes La agrupaci\u00f3n<\/p>\n\t\t<\/div>\n\t\t\t\t<\/div>\n\t\t\t\t<\/article>\n\t\t\t\t<article class=\"elementor-post elementor-grid-item post-66445 post type-post status-publish format-standard has-post-thumbnail hentry category-nacional\">\n\t\t\t\t<a class=\"elementor-post__thumbnail__link\" href=\"https:\/\/quepocamadre.com\/?p=66445\" >\n\t\t\t<div class=\"elementor-post__thumbnail\"><img loading=\"lazy\" decoding=\"async\" width=\"300\" height=\"200\" src=\"https:\/\/quepocamadre.com\/wp-content\/uploads\/2026\/05\/canelo-300x200.jpg\" class=\"attachment-medium size-medium wp-image-66449\" alt=\"\" srcset=\"https:\/\/quepocamadre.com\/wp-content\/uploads\/2026\/05\/canelo-300x200.jpg 300w, https:\/\/quepocamadre.com\/wp-content\/uploads\/2026\/05\/canelo-1024x684.jpg 1024w, https:\/\/quepocamadre.com\/wp-content\/uploads\/2026\/05\/canelo-768x513.jpg 768w, https:\/\/quepocamadre.com\/wp-content\/uploads\/2026\/05\/canelo.jpg 1200w\" sizes=\"(max-width: 300px) 100vw, 300px\" \/><\/div>\n\t\t<\/a>\n\t\t\t\t<div class=\"elementor-post__text\">\n\t\t\t\t<h3 class=\"elementor-post__title\">\n\t\t\t<a href=\"https:\/\/quepocamadre.com\/?p=66445\" >\n\t\t\t\tCanelo va por la revancha: pelear\u00e1 por el t\u00edtulo del CMB en Arabia Saudita\t\t\t<\/a>\n\t\t<\/h3>\n\t\t\t\t<div class=\"elementor-post__meta-data\">\n\t\t\t\t\t<span class=\"elementor-post-date\">\n\t\t\t1 mayo, 2026\t\t<\/span>\n\t\t\t\t<\/div>\n\t\t\t\t<div class=\"elementor-post__excerpt\">\n\t\t\t<p>El mexicano enfrentar\u00e1 al invicto Christian Mbilli en una contienda clave para recuperar protagonismo El<\/p>\n\t\t<\/div>\n\t\t\t\t<\/div>\n\t\t\t\t<\/article>\n\t\t\t\t<article class=\"elementor-post elementor-grid-item post-66441 post type-post status-publish format-standard has-post-thumbnail hentry category-nacional\">\n\t\t\t\t<a class=\"elementor-post__thumbnail__link\" href=\"https:\/\/quepocamadre.com\/?p=66441\" >\n\t\t\t<div class=\"elementor-post__thumbnail\"><img loading=\"lazy\" decoding=\"async\" width=\"300\" height=\"200\" src=\"https:\/\/quepocamadre.com\/wp-content\/uploads\/2026\/05\/va-por-portada-300x200.jpg\" class=\"attachment-medium size-medium wp-image-66446\" alt=\"\" srcset=\"https:\/\/quepocamadre.com\/wp-content\/uploads\/2026\/05\/va-por-portada-300x200.jpg 300w, https:\/\/quepocamadre.com\/wp-content\/uploads\/2026\/05\/va-por-portada-1024x684.jpg 1024w, https:\/\/quepocamadre.com\/wp-content\/uploads\/2026\/05\/va-por-portada-768x513.jpg 768w, https:\/\/quepocamadre.com\/wp-content\/uploads\/2026\/05\/va-por-portada.jpg 1200w\" sizes=\"(max-width: 300px) 100vw, 300px\" \/><\/div>\n\t\t<\/a>\n\t\t\t\t<div class=\"elementor-post__text\">\n\t\t\t\t<h3 class=\"elementor-post__title\">\n\t\t\t<a href=\"https:\/\/quepocamadre.com\/?p=66441\" >\n\t\t\t\t\u00a1VA POR EL SEXTO! MEMO OCHOA JUGAR\u00c1 EN EL MUNDIAL 2026\t\t\t<\/a>\n\t\t<\/h3>\n\t\t\t\t<div class=\"elementor-post__meta-data\">\n\t\t\t\t\t<span class=\"elementor-post-date\">\n\t\t\t1 mayo, 2026\t\t<\/span>\n\t\t\t\t<\/div>\n\t\t\t\t<div class=\"elementor-post__excerpt\">\n\t\t\t<p>Guillermo Ochoa hizo dos anuncios: el primero, que ser\u00e1 convocado a la Selecci\u00f3n Mexicana para<\/p>\n\t\t<\/div>\n\t\t\t\t<\/div>\n\t\t\t\t<\/article>\n\t\t\t\t<article class=\"elementor-post elementor-grid-item post-66437 post type-post status-publish format-standard has-post-thumbnail hentry category-jalisco category-nacional\">\n\t\t\t\t<a class=\"elementor-post__thumbnail__link\" href=\"https:\/\/quepocamadre.com\/?p=66437\" >\n\t\t\t<div class=\"elementor-post__thumbnail\"><img loading=\"lazy\" decoding=\"async\" width=\"300\" height=\"200\" src=\"https:\/\/quepocamadre.com\/wp-content\/uploads\/2026\/05\/caen-por-300x200.jpg\" class=\"attachment-medium size-medium wp-image-66442\" alt=\"\" srcset=\"https:\/\/quepocamadre.com\/wp-content\/uploads\/2026\/05\/caen-por-300x200.jpg 300w, https:\/\/quepocamadre.com\/wp-content\/uploads\/2026\/05\/caen-por-1024x684.jpg 1024w, https:\/\/quepocamadre.com\/wp-content\/uploads\/2026\/05\/caen-por-768x513.jpg 768w, https:\/\/quepocamadre.com\/wp-content\/uploads\/2026\/05\/caen-por.jpg 1200w\" sizes=\"(max-width: 300px) 100vw, 300px\" \/><\/div>\n\t\t<\/a>\n\t\t\t\t<div class=\"elementor-post__text\">\n\t\t\t\t<h3 class=\"elementor-post__title\">\n\t\t\t<a href=\"https:\/\/quepocamadre.com\/?p=66437\" >\n\t\t\t\t\u00a1Caen por violento robo! Detienen a dos por asalto de camioneta en Guadalajara\t\t\t<\/a>\n\t\t<\/h3>\n\t\t\t\t<div class=\"elementor-post__meta-data\">\n\t\t\t\t\t<span class=\"elementor-post-date\">\n\t\t\t1 mayo, 2026\t\t<\/span>\n\t\t\t\t<\/div>\n\t\t\t\t<div class=\"elementor-post__excerpt\">\n\t\t\t<p>Dos sujetos fueron capturados por autoridades tras ser identificados como los presuntos responsables del robo<\/p>\n\t\t<\/div>\n\t\t\t\t<\/div>\n\t\t\t\t<\/article>\n\t\t\t\t<article class=\"elementor-post elementor-grid-item post-66434 post type-post status-publish format-standard has-post-thumbnail hentry category-durango category-nacional\">\n\t\t\t\t<a class=\"elementor-post__thumbnail__link\" href=\"https:\/\/quepocamadre.com\/?p=66434\" >\n\t\t\t<div class=\"elementor-post__thumbnail\"><img loading=\"lazy\" decoding=\"async\" width=\"300\" height=\"200\" src=\"https:\/\/quepocamadre.com\/wp-content\/uploads\/2026\/05\/justicia-300x200.jpg\" class=\"attachment-medium size-medium wp-image-66438\" alt=\"\" srcset=\"https:\/\/quepocamadre.com\/wp-content\/uploads\/2026\/05\/justicia-300x200.jpg 300w, https:\/\/quepocamadre.com\/wp-content\/uploads\/2026\/05\/justicia-1024x684.jpg 1024w, https:\/\/quepocamadre.com\/wp-content\/uploads\/2026\/05\/justicia-768x513.jpg 768w, https:\/\/quepocamadre.com\/wp-content\/uploads\/2026\/05\/justicia.jpg 1200w\" sizes=\"(max-width: 300px) 100vw, 300px\" \/><\/div>\n\t\t<\/a>\n\t\t\t\t<div class=\"elementor-post__text\">\n\t\t\t\t<h3 class=\"elementor-post__title\">\n\t\t\t<a href=\"https:\/\/quepocamadre.com\/?p=66434\" >\n\t\t\t\t\u00a1Justicia para el peque\u00f1o! Caen presuntos asesinos de ni\u00f1o en balacera en G\u00f3mez Palacio\t\t\t<\/a>\n\t\t<\/h3>\n\t\t\t\t<div class=\"elementor-post__meta-data\">\n\t\t\t\t\t<span class=\"elementor-post-date\">\n\t\t\t1 mayo, 2026\t\t<\/span>\n\t\t\t\t<\/div>\n\t\t\t\t<div class=\"elementor-post__excerpt\">\n\t\t\t<p>Dos sujetos fueron detenidos por su presunta participaci\u00f3n en el ataque armado que cobr\u00f3 la<\/p>\n\t\t<\/div>\n\t\t\t\t<\/div>\n\t\t\t\t<\/article>\n\t\t\t\t<article class=\"elementor-post elementor-grid-item post-66430 post type-post status-publish format-standard has-post-thumbnail hentry category-nacional category-veracruz\">\n\t\t\t\t<a class=\"elementor-post__thumbnail__link\" href=\"https:\/\/quepocamadre.com\/?p=66430\" >\n\t\t\t<div class=\"elementor-post__thumbnail\"><img loading=\"lazy\" decoding=\"async\" width=\"300\" height=\"200\" src=\"https:\/\/quepocamadre.com\/wp-content\/uploads\/2026\/05\/RAPINA-300x200.jpg\" class=\"attachment-medium size-medium wp-image-66435\" alt=\"\" srcset=\"https:\/\/quepocamadre.com\/wp-content\/uploads\/2026\/05\/RAPINA-300x200.jpg 300w, https:\/\/quepocamadre.com\/wp-content\/uploads\/2026\/05\/RAPINA-1024x684.jpg 1024w, https:\/\/quepocamadre.com\/wp-content\/uploads\/2026\/05\/RAPINA-768x513.jpg 768w, https:\/\/quepocamadre.com\/wp-content\/uploads\/2026\/05\/RAPINA.jpg 1200w\" sizes=\"(max-width: 300px) 100vw, 300px\" \/><\/div>\n\t\t<\/a>\n\t\t\t\t<div class=\"elementor-post__text\">\n\t\t\t\t<h3 class=\"elementor-post__title\">\n\t\t\t<a href=\"https:\/\/quepocamadre.com\/?p=66430\" >\n\t\t\t\t\u00a1RAPI\u00d1A SIN CONTROL! VOLCADURA DESATA SAQUEO EN XALAPA-PEROTE\t\t\t<\/a>\n\t\t<\/h3>\n\t\t\t\t<div class=\"elementor-post__meta-data\">\n\t\t\t\t\t<span class=\"elementor-post-date\">\n\t\t\t1 mayo, 2026\t\t<\/span>\n\t\t\t\t<\/div>\n\t\t\t\t<div class=\"elementor-post__excerpt\">\n\t\t\t<p>La volcadura de un tr\u00e1iler cargado con productos l\u00e1cteos desat\u00f3 actos de rapi\u00f1a la tarde<\/p>\n\t\t<\/div>\n\t\t\t\t<\/div>\n\t\t\t\t<\/article>\n\t\t\t\t<article class=\"elementor-post elementor-grid-item post-66426 post type-post status-publish format-standard has-post-thumbnail hentry category-nacional category-yucatan\">\n\t\t\t\t<a class=\"elementor-post__thumbnail__link\" href=\"https:\/\/quepocamadre.com\/?p=66426\" >\n\t\t\t<div class=\"elementor-post__thumbnail\"><img loading=\"lazy\" decoding=\"async\" width=\"300\" height=\"200\" src=\"https:\/\/quepocamadre.com\/wp-content\/uploads\/2026\/05\/SE-CONSUME-300x200.jpg\" class=\"attachment-medium size-medium wp-image-66431\" alt=\"\" srcset=\"https:\/\/quepocamadre.com\/wp-content\/uploads\/2026\/05\/SE-CONSUME-300x200.jpg 300w, https:\/\/quepocamadre.com\/wp-content\/uploads\/2026\/05\/SE-CONSUME-1024x684.jpg 1024w, https:\/\/quepocamadre.com\/wp-content\/uploads\/2026\/05\/SE-CONSUME-768x513.jpg 768w, https:\/\/quepocamadre.com\/wp-content\/uploads\/2026\/05\/SE-CONSUME.jpg 1200w\" sizes=\"(max-width: 300px) 100vw, 300px\" \/><\/div>\n\t\t<\/a>\n\t\t\t\t<div class=\"elementor-post__text\">\n\t\t\t\t<h3 class=\"elementor-post__title\">\n\t\t\t<a href=\"https:\/\/quepocamadre.com\/?p=66426\" >\n\t\t\t\t\u00a1SE CONSUME TODO! INCENDIO DEVORA BODEGA EN YUCAT\u00c1N\t\t\t<\/a>\n\t\t<\/h3>\n\t\t\t\t<div class=\"elementor-post__meta-data\">\n\t\t\t\t\t<span class=\"elementor-post-date\">\n\t\t\t1 mayo, 2026\t\t<\/span>\n\t\t\t\t<\/div>\n\t\t\t\t<div class=\"elementor-post__excerpt\">\n\t\t\t<p>Un fuerte incendio consumi\u00f3 gran parte de una bodega en la colonia Sac Nict\u00e9, en<\/p>\n\t\t<\/div>\n\t\t\t\t<\/div>\n\t\t\t\t<\/article>\n\t\t\t\t<article class=\"elementor-post elementor-grid-item post-66422 post type-post status-publish format-standard has-post-thumbnail hentry category-nacional category-puebla\">\n\t\t\t\t<a class=\"elementor-post__thumbnail__link\" href=\"https:\/\/quepocamadre.com\/?p=66422\" >\n\t\t\t<div class=\"elementor-post__thumbnail\"><img loading=\"lazy\" decoding=\"async\" width=\"300\" height=\"200\" src=\"https:\/\/quepocamadre.com\/wp-content\/uploads\/2026\/05\/FATAL-CAIDA-300x200.jpg\" class=\"attachment-medium size-medium wp-image-66427\" alt=\"\" srcset=\"https:\/\/quepocamadre.com\/wp-content\/uploads\/2026\/05\/FATAL-CAIDA-300x200.jpg 300w, https:\/\/quepocamadre.com\/wp-content\/uploads\/2026\/05\/FATAL-CAIDA-1024x684.jpg 1024w, https:\/\/quepocamadre.com\/wp-content\/uploads\/2026\/05\/FATAL-CAIDA-768x513.jpg 768w, https:\/\/quepocamadre.com\/wp-content\/uploads\/2026\/05\/FATAL-CAIDA.jpg 1200w\" sizes=\"(max-width: 300px) 100vw, 300px\" \/><\/div>\n\t\t<\/a>\n\t\t\t\t<div class=\"elementor-post__text\">\n\t\t\t\t<h3 class=\"elementor-post__title\">\n\t\t\t<a href=\"https:\/\/quepocamadre.com\/?p=66422\" >\n\t\t\t\t\u00a1FATAL CA\u00cdDA! MUERE JOVEN TRAS ACCIDENTE EN SCOOTER\t\t\t<\/a>\n\t\t<\/h3>\n\t\t\t\t<div class=\"elementor-post__meta-data\">\n\t\t\t\t\t<span class=\"elementor-post-date\">\n\t\t\t1 mayo, 2026\t\t<\/span>\n\t\t\t\t<\/div>\n\t\t\t\t<div class=\"elementor-post__excerpt\">\n\t\t\t<p>Un hombre de entre 30 y 35 a\u00f1os muri\u00f3 tras sufrir un aparatoso accidente mientras<\/p>\n\t\t<\/div>\n\t\t\t\t<\/div>\n\t\t\t\t<\/article>\n\t\t\t\t<\/div>\n\n\n\t\t\n\t\t\t\t\t\t<\/div>\n\t\t\t\t<\/div>\n\t\t\t\t\t<\/div>\n\t\t<\/div>\n\t\t\t\t<div class=\"elementor-column elementor-col-33 elementor-top-column elementor-element elementor-element-2668f12b\" data-id=\"2668f12b\" data-element_type=\"column\">\n\t\t\t<div class=\"elementor-widget-wrap elementor-element-populated\">\n\t\t\t\t\t\t<div class=\"elementor-element elementor-element-9783188 elementor-widget elementor-widget-template\" data-id=\"9783188\" data-element_type=\"widget\" data-settings=\"{&quot;sticky_parent&quot;:&quot;yes&quot;,&quot;sticky&quot;:&quot;top&quot;,&quot;sticky_offset&quot;:110,&quot;sticky_on&quot;:[&quot;desktop&quot;,&quot;tablet&quot;,&quot;mobile&quot;],&quot;sticky_effects_offset&quot;:0}\" data-widget_type=\"template.default\">\n\t\t\t\t<div class=\"elementor-widget-container\">\n\t\t\t\t\t\t\t<div class=\"elementor-template\">\n\t\t\t\t\t<div data-elementor-type=\"section\" data-elementor-id=\"45690\" class=\"elementor elementor-45690\">\n\t\t\t\t\t<div class=\"elementor-section-wrap\">\n\t\t\t\t\t\t\t\t<section class=\"elementor-section elementor-top-section elementor-element elementor-element-db86a25 elementor-section-boxed elementor-section-height-default elementor-section-height-default\" data-id=\"db86a25\" data-element_type=\"section\">\n\t\t\t\t\t\t<div class=\"elementor-container elementor-column-gap-no\">\n\t\t\t\t\t<div class=\"elementor-column elementor-col-100 elementor-top-column elementor-element elementor-element-2bdf40aa\" data-id=\"2bdf40aa\" data-element_type=\"column\">\n\t\t\t<div class=\"elementor-widget-wrap elementor-element-populated\">\n\t\t\t\t\t\t<section class=\"elementor-section elementor-inner-section elementor-element elementor-element-23515a87 elementor-section-content-middle elementor-section-boxed elementor-section-height-default elementor-section-height-default\" data-id=\"23515a87\" data-element_type=\"section\">\n\t\t\t\t\t\t<div class=\"elementor-container elementor-column-gap-default\">\n\t\t\t\t\t<div class=\"elementor-column elementor-col-100 elementor-inner-column elementor-element elementor-element-66ca7ed0\" data-id=\"66ca7ed0\" data-element_type=\"column\">\n\t\t\t<div class=\"elementor-widget-wrap elementor-element-populated\">\n\t\t\t\t\t\t<div class=\"elementor-element elementor-element-362688e6 elementor-align-left elementor-widget elementor-widget-button\" data-id=\"362688e6\" data-element_type=\"widget\" data-widget_type=\"button.default\">\n\t\t\t\t<div class=\"elementor-widget-container\">\n\t\t\t\t\t\t\t\t\t<div class=\"elementor-button-wrapper\">\n\t\t\t\t\t<a class=\"elementor-button elementor-size-sm\" role=\"button\">\n\t\t\t\t\t\t<span class=\"elementor-button-content-wrapper\">\n\t\t\t\t\t\t<span class=\"elementor-button-icon\">\n\t\t\t\t<i aria-hidden=\"true\" class=\"fas fa-hand-point-down\"><\/i>\t\t\t<\/span>\n\t\t\t\t\t\t\t\t\t<span class=\"elementor-button-text\">Portada de hoy:<\/span>\n\t\t\t\t\t<\/span>\n\t\t\t\t\t<\/a>\n\t\t\t\t<\/div>\n\t\t\t\t\t\t\t\t<\/div>\n\t\t\t\t<\/div>\n\t\t\t\t<div class=\"elementor-element elementor-element-46ea1ee2 elementor-widget-divider--view-line elementor-widget elementor-widget-divider\" data-id=\"46ea1ee2\" data-element_type=\"widget\" data-widget_type=\"divider.default\">\n\t\t\t\t<div class=\"elementor-widget-container\">\n\t\t\t\t\t\t\t<div class=\"elementor-divider\">\n\t\t\t<span class=\"elementor-divider-separator\">\n\t\t\t\t\t\t<\/span>\n\t\t<\/div>\n\t\t\t\t\t\t<\/div>\n\t\t\t\t<\/div>\n\t\t\t\t<div class=\"elementor-element elementor-element-87ce0d8 elementor-widget elementor-widget-image\" data-id=\"87ce0d8\" data-element_type=\"widget\" data-widget_type=\"image.default\">\n\t\t\t\t<div class=\"elementor-widget-container\">\n\t\t\t\t\t\t\t\t\t\t\t\t\t\t\t\t<a href=\"https:\/\/quepocamadre.com\/wp-content\/uploads\/2025\/03\/QPMF-130-scaled.jpg\" data-elementor-open-lightbox=\"yes\" data-elementor-lightbox-title=\"QPMF\" data-e-action-hash=\"#elementor-action%3Aaction%3Dlightbox%26settings%3DeyJpZCI6NjY0MDQsInVybCI6Imh0dHBzOlwvXC9xdWVwb2NhbWFkcmUuY29tXC93cC1jb250ZW50XC91cGxvYWRzXC8yMDI1XC8wM1wvUVBNRi0xMzAtc2NhbGVkLmpwZyJ9\">\n\t\t\t\t\t\t\t<img loading=\"lazy\" decoding=\"async\" width=\"2048\" height=\"2560\" src=\"https:\/\/quepocamadre.com\/wp-content\/uploads\/2025\/03\/QPMF-130-scaled.jpg\" class=\"attachment-full size-full wp-image-66404\" alt=\"\" srcset=\"https:\/\/quepocamadre.com\/wp-content\/uploads\/2025\/03\/QPMF-130-scaled.jpg 2048w, https:\/\/quepocamadre.com\/wp-content\/uploads\/2025\/03\/QPMF-130-240x300.jpg 240w, https:\/\/quepocamadre.com\/wp-content\/uploads\/2025\/03\/QPMF-130-819x1024.jpg 819w, https:\/\/quepocamadre.com\/wp-content\/uploads\/2025\/03\/QPMF-130-768x960.jpg 768w, https:\/\/quepocamadre.com\/wp-content\/uploads\/2025\/03\/QPMF-130-1229x1536.jpg 1229w, https:\/\/quepocamadre.com\/wp-content\/uploads\/2025\/03\/QPMF-130-1638x2048.jpg 1638w\" sizes=\"(max-width: 2048px) 100vw, 2048px\" \/>\t\t\t\t\t\t\t\t<\/a>\n\t\t\t\t\t\t\t\t\t\t\t\t\t\t\t<\/div>\n\t\t\t\t<\/div>\n\t\t\t\t\t<\/div>\n\t\t<\/div>\n\t\t\t\t\t<\/div>\n\t\t<\/section>\n\t\t\t\t<section class=\"elementor-section elementor-inner-section elementor-element elementor-element-529fd258 elementor-section-content-middle elementor-hidden-desktop elementor-hidden-tablet elementor-hidden-mobile elementor-section-boxed elementor-section-height-default elementor-section-height-default\" data-id=\"529fd258\" data-element_type=\"section\">\n\t\t\t\t\t\t<div class=\"elementor-container elementor-column-gap-default\">\n\t\t\t\t\t<div class=\"elementor-column elementor-col-100 elementor-inner-column elementor-element elementor-element-2f34131c\" data-id=\"2f34131c\" data-element_type=\"column\">\n\t\t\t<div class=\"elementor-widget-wrap elementor-element-populated\">\n\t\t\t\t\t\t<div class=\"elementor-element elementor-element-70a4a245 elementor-align-left elementor-widget elementor-widget-button\" data-id=\"70a4a245\" data-element_type=\"widget\" data-widget_type=\"button.default\">\n\t\t\t\t<div class=\"elementor-widget-container\">\n\t\t\t\t\t\t\t\t\t<div class=\"elementor-button-wrapper\">\n\t\t\t\t\t<a class=\"elementor-button elementor-size-sm\" role=\"button\">\n\t\t\t\t\t\t<span class=\"elementor-button-content-wrapper\">\n\t\t\t\t\t\t<span class=\"elementor-button-icon\">\n\t\t\t\t<i aria-hidden=\"true\" class=\"fas fa-hand-point-down\"><\/i>\t\t\t<\/span>\n\t\t\t\t\t\t\t\t\t<span class=\"elementor-button-text\">Chica QPM de hoy:<\/span>\n\t\t\t\t\t<\/span>\n\t\t\t\t\t<\/a>\n\t\t\t\t<\/div>\n\t\t\t\t\t\t\t\t<\/div>\n\t\t\t\t<\/div>\n\t\t\t\t<div class=\"elementor-element elementor-element-3ee6e60b elementor-widget-divider--view-line elementor-widget elementor-widget-divider\" data-id=\"3ee6e60b\" data-element_type=\"widget\" data-widget_type=\"divider.default\">\n\t\t\t\t<div class=\"elementor-widget-container\">\n\t\t\t\t\t\t\t<div class=\"elementor-divider\">\n\t\t\t<span class=\"elementor-divider-separator\">\n\t\t\t\t\t\t<\/span>\n\t\t<\/div>\n\t\t\t\t\t\t<\/div>\n\t\t\t\t<\/div>\n\t\t\t\t<div class=\"elementor-element elementor-element-810f00c elementor-widget elementor-widget-image\" data-id=\"810f00c\" data-element_type=\"widget\" data-widget_type=\"image.default\">\n\t\t\t\t<div class=\"elementor-widget-container\">\n\t\t\t\t\t\t\t\t\t\t\t\t\t\t\t\t<a href=\"https:\/\/quepocamadre.com\/wp-content\/uploads\/2025\/03\/QPMF-128-scaled.jpg\" data-elementor-open-lightbox=\"yes\" data-elementor-lightbox-title=\"QPMF\" data-e-action-hash=\"#elementor-action%3Aaction%3Dlightbox%26settings%3DeyJpZCI6NjYyNDIsInVybCI6Imh0dHBzOlwvXC9xdWVwb2NhbWFkcmUuY29tXC93cC1jb250ZW50XC91cGxvYWRzXC8yMDI1XC8wM1wvUVBNRi0xMjgtc2NhbGVkLmpwZyJ9\">\n\t\t\t\t\t\t\t<img loading=\"lazy\" decoding=\"async\" width=\"800\" height=\"1000\" src=\"https:\/\/quepocamadre.com\/wp-content\/uploads\/2025\/03\/QPMF-128-819x1024.jpg\" class=\"attachment-large size-large wp-image-66242\" alt=\"\" srcset=\"https:\/\/quepocamadre.com\/wp-content\/uploads\/2025\/03\/QPMF-128-819x1024.jpg 819w, https:\/\/quepocamadre.com\/wp-content\/uploads\/2025\/03\/QPMF-128-240x300.jpg 240w, https:\/\/quepocamadre.com\/wp-content\/uploads\/2025\/03\/QPMF-128-768x960.jpg 768w, https:\/\/quepocamadre.com\/wp-content\/uploads\/2025\/03\/QPMF-128-1229x1536.jpg 1229w, https:\/\/quepocamadre.com\/wp-content\/uploads\/2025\/03\/QPMF-128-1638x2048.jpg 1638w, https:\/\/quepocamadre.com\/wp-content\/uploads\/2025\/03\/QPMF-128-scaled.jpg 2048w\" sizes=\"(max-width: 800px) 100vw, 800px\" \/>\t\t\t\t\t\t\t\t<\/a>\n\t\t\t\t\t\t\t\t\t\t\t\t\t\t\t<\/div>\n\t\t\t\t<\/div>\n\t\t\t\t\t<\/div>\n\t\t<\/div>\n\t\t\t\t\t<\/div>\n\t\t<\/section>\n\t\t\t\t<section class=\"elementor-section elementor-inner-section elementor-element elementor-element-25205419 elementor-section-content-middle elementor-section-boxed elementor-section-height-default elementor-section-height-default\" data-id=\"25205419\" data-element_type=\"section\">\n\t\t\t\t\t\t<div class=\"elementor-container elementor-column-gap-default\">\n\t\t\t\t\t<div class=\"elementor-column elementor-col-100 elementor-inner-column elementor-element elementor-element-63fae3fb\" data-id=\"63fae3fb\" data-element_type=\"column\">\n\t\t\t<div class=\"elementor-widget-wrap elementor-element-populated\">\n\t\t\t\t\t\t<div class=\"elementor-element elementor-element-2d12e94a elementor-align-left elementor-widget elementor-widget-button\" data-id=\"2d12e94a\" data-element_type=\"widget\" data-widget_type=\"button.default\">\n\t\t\t\t<div class=\"elementor-widget-container\">\n\t\t\t\t\t\t\t\t\t<div class=\"elementor-button-wrapper\">\n\t\t\t\t\t<a class=\"elementor-button elementor-size-sm\" role=\"button\">\n\t\t\t\t\t\t<span class=\"elementor-button-content-wrapper\">\n\t\t\t\t\t\t<span class=\"elementor-button-icon\">\n\t\t\t\t<i aria-hidden=\"true\" class=\"fas fa-hand-point-down\"><\/i>\t\t\t<\/span>\n\t\t\t\t\t\t\t\t\t<span class=\"elementor-button-text\">Edici\u00f3n Digital:<\/span>\n\t\t\t\t\t<\/span>\n\t\t\t\t\t<\/a>\n\t\t\t\t<\/div>\n\t\t\t\t\t\t\t\t<\/div>\n\t\t\t\t<\/div>\n\t\t\t\t<div class=\"elementor-element elementor-element-33370e6e elementor-widget-divider--view-line elementor-widget elementor-widget-divider\" data-id=\"33370e6e\" data-element_type=\"widget\" data-widget_type=\"divider.default\">\n\t\t\t\t<div class=\"elementor-widget-container\">\n\t\t\t\t\t\t\t<div class=\"elementor-divider\">\n\t\t\t<span class=\"elementor-divider-separator\">\n\t\t\t\t\t\t<\/span>\n\t\t<\/div>\n\t\t\t\t\t\t<\/div>\n\t\t\t\t<\/div>\n\t\t\t\t<div class=\"elementor-element elementor-element-6c7df8f5 elementor-widget elementor-widget-shortcode\" data-id=\"6c7df8f5\" data-element_type=\"widget\" data-widget_type=\"shortcode.default\">\n\t\t\t\t<div class=\"elementor-widget-container\">\n\t\t\t\t\t\t\t<div class=\"elementor-shortcode\"><div class=\"_3d-flip-book  fb3d-fullscreen-mode full-size\" data-id=\"66402\" data-mode=\"fullscreen\" data-title=\"false\" data-template=\"short-white-book-view\" data-lightbox=\"dark-shadow\" data-urlparam=\"fb3d-page\" data-page-n=\"0\" data-pdf=\"\" data-tax=\"null\" data-thumbnail=\"\" data-cols=\"3\" data-book-template=\"default\" data-trigger=\"\"><\/div><script type=\"text\/javascript\">window.FB3D_CLIENT_DATA = window.FB3D_CLIENT_DATA || [];FB3D_CLIENT_DATA.push('eyJwb3N0cyI6eyI2NjQwMiI6eyJJRCI6NjY0MDIsInRpdGxlIjoiRGlhcmlvIFF1ZSBQb2NhIE1hZHJlIDQxMiIsInR5cGUiOiJwZGYiLCJyZWFkeV9mdW5jdGlvbiI6IiIsImJvb2tfc3R5bGUiOiJmbGF0IiwiYm9va190ZW1wbGF0ZSI6Im5vbmUiLCJvdXRsaW5lIjpbXSwiZGF0YSI6eyJwb3N0X0lEIjoiNjY0MDMiLCJndWlkIjoiaHR0cHM6XC9cL3F1ZXBvY2FtYWRyZS5jb21cL3dwLWNvbnRlbnRcL3VwbG9hZHNcLzIwMjZcLzA1XC9EaWFyaW8tUXVlLVBvY2EtTWFkcmUtNDEyLnBkZiIsInBkZl9wYWdlcyI6IjEyIiwicGFnZXNfY3VzdG9taXphdGlvbiI6Im5vbmUifSwidGh1bWJuYWlsIjp7ImRhdGEiOnsicG9zdF9JRCI6IjAifSwidHlwZSI6ImF1dG8ifSwicHJvcHMiOnsiYmFja2dyb3VuZENvbG9yIjoiYXV0byIsImJhY2tncm91bmRJbWFnZSI6ImF1dG8iLCJiYWNrZ3JvdW5kU3R5bGUiOiJhdXRvIiwiaGlnaGxpZ2h0TGlua3MiOiJhdXRvIiwibGlnaHRpbmciOiJhdXRvIiwic2luZ2xlUGFnZU1vZGUiOiJhdXRvIiwiY2FjaGVkUGFnZXMiOiJhdXRvIiwicmVuZGVySW5hY3RpdmVQYWdlcyI6ImF1dG8iLCJyZW5kZXJJbmFjdGl2ZVBhZ2VzT25Nb2JpbGUiOiJhdXRvIiwicmVuZGVyV2hpbGVGbGlwcGluZyI6ImF1dG8iLCJwcmVsb2FkUGFnZXMiOiJhdXRvIiwiYXV0b1BsYXlEdXJhdGlvbiI6ImF1dG8iLCJydGwiOiJhdXRvIiwiaW50ZXJhY3RpdmVDb3JuZXJzIjoiYXV0byIsIm1heERlcHRoIjoiYXV0byIsInNoZWV0Ijp7InN0YXJ0VmVsb2NpdHkiOiJhdXRvIiwid2F2ZSI6ImF1dG8iLCJzaGFwZSI6ImF1dG8iLCJ3aWR0aFRleGVscyI6ImF1dG8iLCJjb2xvciI6ImF1dG8iLCJzaWRlIjoiYXV0byIsInN0cmV0Y2hJbWFnZXMiOiJhdXRvIiwiY29ybmVyRGV2aWF0aW9uIjoiYXV0byIsImZsZXhpYmlsaXR5IjoiYXV0byIsImZsZXhpYmxlQ29ybmVyIjoiYXV0byIsImJlbmRpbmciOiJhdXRvIiwiaGVpZ2h0VGV4ZWxzIjoiYXV0byJ9LCJjb3ZlciI6eyJ3YXZlIjoiYXV0byIsImNvbG9yIjoiYXV0byIsInNpZGUiOiJhdXRvIiwic3RyZXRjaEltYWdlcyI6ImF1dG8iLCJiaW5kZXJUZXh0dXJlIjoiYXV0byIsImRlcHRoIjoiYXV0byIsInBhZGRpbmciOiJhdXRvIiwic3RhcnRWZWxvY2l0eSI6ImF1dG8iLCJmbGV4aWJpbGl0eSI6ImF1dG8iLCJmbGV4aWJsZUNvcm5lciI6ImF1dG8iLCJiZW5kaW5nIjoiYXV0byIsIndpZHRoVGV4ZWxzIjoiYXV0byIsImhlaWdodFRleGVscyI6ImF1dG8iLCJtYXNzIjoiYXV0byIsInNoYXBlIjoiYXV0byJ9LCJwYWdlIjp7IndhdmUiOiJhdXRvIiwiY29sb3IiOiJhdXRvIiwic2lkZSI6ImF1dG8iLCJzdHJldGNoSW1hZ2VzIjoiYXV0byIsImRlcHRoIjoiYXV0byIsInN0YXJ0VmVsb2NpdHkiOiJhdXRvIiwiZmxleGliaWxpdHkiOiJhdXRvIiwiZmxleGlibGVDb3JuZXIiOiJhdXRvIiwiYmVuZGluZyI6ImF1dG8iLCJ3aWR0aFRleGVscyI6ImF1dG8iLCJoZWlnaHRUZXhlbHMiOiJhdXRvIiwibWFzcyI6ImF1dG8iLCJzaGFwZSI6ImF1dG8ifSwiaGVpZ2h0IjoiYXV0byIsIndpZHRoIjoiYXV0byIsImdyYXZpdHkiOiJhdXRvIiwicGFnZXNGb3JQcmVkaWN0aW5nIjoiYXV0byJ9LCJjb250cm9sUHJvcHMiOnsiYWN0aW9ucyI6eyJjbWRUb2MiOnsiZW5hYmxlZCI6ImF1dG8iLCJlbmFibGVkSW5OYXJyb3ciOiJhdXRvIiwiYWN0aXZlIjoiYXV0byIsImRlZmF1bHRUYWIiOiJhdXRvIn0sImNtZEF1dG9QbGF5Ijp7ImVuYWJsZWQiOiJhdXRvIiwiZW5hYmxlZEluTmFycm93IjoiYXV0byIsImFjdGl2ZSI6ImF1dG8ifSwiY21kU2F2ZSI6eyJlbmFibGVkIjoiYXV0byIsImVuYWJsZWRJbk5hcnJvdyI6ImF1dG8ifSwiY21kUHJpbnQiOnsiZW5hYmxlZCI6ImF1dG8iLCJlbmFibGVkSW5OYXJyb3ciOiJhdXRvIn0sImNtZFNpbmdsZVBhZ2UiOnsiZW5hYmxlZCI6ImF1dG8iLCJlbmFibGVkSW5OYXJyb3ciOiJhdXRvIiwiYWN0aXZlIjoiMSIsImFjdGl2ZUZvck1vYmlsZSI6ImF1dG8ifSwid2lkVG9vbGJhciI6eyJlbmFibGVkIjoiYXV0byIsImVuYWJsZWRJbk5hcnJvdyI6ImF1dG8ifX19LCJhdXRvVGh1bWJuYWlsIjoiaHR0cHM6XC9cL3F1ZXBvY2FtYWRyZS5jb21cL3dwLWNvbnRlbnRcL3VwbG9hZHNcLzNkLWZsaXAtYm9va1wvYXV0by10aHVtYm5haWxzXC82NjQwMi5wbmciLCJwb3N0X25hbWUiOiJkaWFyaW8tcXVlLXBvY2EtbWFkcmUtNDEyIiwicG9zdF90eXBlIjoiM2QtZmxpcC1ib29rIn19LCJwYWdlcyI6W10sImZpcnN0UGFnZXMiOltdfQ==');window.FB3D_CLIENT_LOCALE && FB3D_CLIENT_LOCALE.render && FB3D_CLIENT_LOCALE.render();<\/script><\/div>\n\t\t\t\t\t\t<\/div>\n\t\t\t\t<\/div>\n\t\t\t\t\t<\/div>\n\t\t<\/div>\n\t\t\t\t\t<\/div>\n\t\t<\/section>\n\t\t\t\t<section class=\"elementor-section elementor-inner-section elementor-element elementor-element-32be61c3 elementor-section-content-middle elementor-section-boxed elementor-section-height-default elementor-section-height-default\" data-id=\"32be61c3\" data-element_type=\"section\">\n\t\t\t\t\t\t<div class=\"elementor-container elementor-column-gap-default\">\n\t\t\t\t\t<div class=\"elementor-column elementor-col-100 elementor-inner-column elementor-element elementor-element-6f6b323c\" data-id=\"6f6b323c\" data-element_type=\"column\">\n\t\t\t<div class=\"elementor-widget-wrap elementor-element-populated\">\n\t\t\t\t\t\t<div class=\"elementor-element elementor-element-6fd4a56 elementor-align-left elementor-widget elementor-widget-button\" data-id=\"6fd4a56\" data-element_type=\"widget\" data-widget_type=\"button.default\">\n\t\t\t\t<div class=\"elementor-widget-container\">\n\t\t\t\t\t\t\t\t\t<div class=\"elementor-button-wrapper\">\n\t\t\t\t\t<a class=\"elementor-button elementor-size-sm\" role=\"button\">\n\t\t\t\t\t\t<span class=\"elementor-button-content-wrapper\">\n\t\t\t\t\t\t<span class=\"elementor-button-icon\">\n\t\t\t\t<i aria-hidden=\"true\" class=\"fas fa-hand-point-down\"><\/i>\t\t\t<\/span>\n\t\t\t\t\t\t\t\t\t<span class=\"elementor-button-text\">Facebook:<\/span>\n\t\t\t\t\t<\/span>\n\t\t\t\t\t<\/a>\n\t\t\t\t<\/div>\n\t\t\t\t\t\t\t\t<\/div>\n\t\t\t\t<\/div>\n\t\t\t\t<div class=\"elementor-element elementor-element-2725d4b elementor-widget-divider--view-line elementor-widget elementor-widget-divider\" data-id=\"2725d4b\" data-element_type=\"widget\" data-widget_type=\"divider.default\">\n\t\t\t\t<div class=\"elementor-widget-container\">\n\t\t\t\t\t\t\t<div class=\"elementor-divider\">\n\t\t\t<span class=\"elementor-divider-separator\">\n\t\t\t\t\t\t<\/span>\n\t\t<\/div>\n\t\t\t\t\t\t<\/div>\n\t\t\t\t<\/div>\n\t\t\t\t<div class=\"elementor-element elementor-element-5d3887d8 elementor-widget elementor-widget-html\" data-id=\"5d3887d8\" data-element_type=\"widget\" data-widget_type=\"html.default\">\n\t\t\t\t<div class=\"elementor-widget-container\">\n\t\t\t\t\t<iframe style=\"border: none; overflow: hidden;\" src=\"https:\/\/www.facebook.com\/plugins\/page.php?href=https%3A%2F%2Fwww.facebook.com%2FTolucaQuePocaMadre%2F&amp;tabs=timeline&amp;width=500&amp;height=500&amp;small_header=false&amp;adapt_container_width=true&amp;hide_cover=false&amp;show_facepile=true&amp;appId\" width=\"500\" height=\"500\" frameborder=\"0\" scrolling=\"no\" allowfullscreen=\"allowfullscreen\"><span data-mce-type=\"bookmark\" style=\"display: inline-block; width: 0px; overflow: hidden; line-height: 0;\" class=\"mce_SELRES_start\">\ufeff<\/span><\/iframe>\t\t\t\t<\/div>\n\t\t\t\t<\/div>\n\t\t\t\t\t<\/div>\n\t\t<\/div>\n\t\t\t\t\t<\/div>\n\t\t<\/section>\n\t\t\t\t<section class=\"elementor-section elementor-inner-section elementor-element elementor-element-6970b741 elementor-section-content-bottom elementor-section-boxed elementor-section-height-default elementor-section-height-default\" data-id=\"6970b741\" data-element_type=\"section\">\n\t\t\t\t\t\t<div class=\"elementor-container elementor-column-gap-default\">\n\t\t\t\t\t<div class=\"elementor-column elementor-col-100 elementor-inner-column elementor-element elementor-element-dbb2106\" data-id=\"dbb2106\" data-element_type=\"column\">\n\t\t\t<div class=\"elementor-widget-wrap elementor-element-populated\">\n\t\t\t\t\t\t<div class=\"elementor-element elementor-element-6c8de9b2 elementor-align-left elementor-widget elementor-widget-button\" data-id=\"6c8de9b2\" data-element_type=\"widget\" data-widget_type=\"button.default\">\n\t\t\t\t<div class=\"elementor-widget-container\">\n\t\t\t\t\t\t\t\t\t<div class=\"elementor-button-wrapper\">\n\t\t\t\t\t<a class=\"elementor-button elementor-size-sm\" role=\"button\">\n\t\t\t\t\t\t<span class=\"elementor-button-content-wrapper\">\n\t\t\t\t\t\t<span class=\"elementor-button-icon\">\n\t\t\t\t<i aria-hidden=\"true\" class=\"fas fa-hand-point-down\"><\/i>\t\t\t<\/span>\n\t\t\t\t\t\t\t\t\t<span class=\"elementor-button-text\">X (antes Twitter)<\/span>\n\t\t\t\t\t<\/span>\n\t\t\t\t\t<\/a>\n\t\t\t\t<\/div>\n\t\t\t\t\t\t\t\t<\/div>\n\t\t\t\t<\/div>\n\t\t\t\t<div class=\"elementor-element elementor-element-cc7347b elementor-widget-divider--view-line elementor-widget elementor-widget-divider\" data-id=\"cc7347b\" data-element_type=\"widget\" data-widget_type=\"divider.default\">\n\t\t\t\t<div class=\"elementor-widget-container\">\n\t\t\t\t\t\t\t<div class=\"elementor-divider\">\n\t\t\t<span class=\"elementor-divider-separator\">\n\t\t\t\t\t\t<\/span>\n\t\t<\/div>\n\t\t\t\t\t\t<\/div>\n\t\t\t\t<\/div>\n\t\t\t\t<div class=\"elementor-element elementor-element-1b17675b elementor-widget elementor-widget-shortcode\" data-id=\"1b17675b\" data-element_type=\"widget\" data-widget_type=\"shortcode.default\">\n\t\t\t\t<div class=\"elementor-widget-container\">\n\t\t\t\t\t\t\t<div class=\"elementor-shortcode\"><a class=\"twitter-timeline\" data-height=\"500\" href=\"https:\/\/twitter.com\/QuePocaMadre_Mx?ref_src=twsrc%5Etfw\">Tweets by QuePocaMadre_Mx<\/a> <script async src=\"https:\/\/platform.twitter.com\/widgets.js\" charset=\"utf-8\"><\/script><\/div>\n\t\t\t\t\t\t<\/div>\n\t\t\t\t<\/div>\n\t\t\t\t\t<\/div>\n\t\t<\/div>\n\t\t\t\t\t<\/div>\n\t\t<\/section>\n\t\t\t\t\t<\/div>\n\t\t<\/div>\n\t\t\t\t\t<\/div>\n\t\t<\/section>\n\t\t\t\t\t\t\t<\/div>\n\t\t\t\t<\/div>\n\t\t\t\t<\/div>\n\t\t\t\t\t\t<\/div>\n\t\t\t\t<\/div>\n\t\t\t\t<section class=\"elementor-section elementor-inner-section elementor-element elementor-element-202d10d1 elementor-section-content-middle elementor-section-boxed elementor-section-height-default elementor-section-height-default\" data-id=\"202d10d1\" data-element_type=\"section\">\n\t\t\t\t\t\t<div class=\"elementor-container elementor-column-gap-default\">\n\t\t\t\t\t<div class=\"elementor-column elementor-col-100 elementor-inner-column elementor-element elementor-element-22d4d67c\" data-id=\"22d4d67c\" data-element_type=\"column\">\n\t\t\t<div class=\"elementor-widget-wrap elementor-element-populated\">\n\t\t\t\t\t\t<div class=\"elementor-element elementor-element-78a6406f elementor-align-left elementor-widget elementor-widget-button\" data-id=\"78a6406f\" data-element_type=\"widget\" data-widget_type=\"button.default\">\n\t\t\t\t<div class=\"elementor-widget-container\">\n\t\t\t\t\t\t\t\t\t<div class=\"elementor-button-wrapper\">\n\t\t\t\t\t<a class=\"elementor-button elementor-size-sm\" role=\"button\">\n\t\t\t\t\t\t<span class=\"elementor-button-content-wrapper\">\n\t\t\t\t\t\t<span class=\"elementor-button-icon\">\n\t\t\t\t<i aria-hidden=\"true\" class=\"fas fa-hand-point-down\"><\/i>\t\t\t<\/span>\n\t\t\t\t\t\t\t\t\t<span class=\"elementor-button-text\">Facebook:<\/span>\n\t\t\t\t\t<\/span>\n\t\t\t\t\t<\/a>\n\t\t\t\t<\/div>\n\t\t\t\t\t\t\t\t<\/div>\n\t\t\t\t<\/div>\n\t\t\t\t<div class=\"elementor-element elementor-element-4e7c0b9b elementor-widget-divider--view-line elementor-widget elementor-widget-divider\" data-id=\"4e7c0b9b\" data-element_type=\"widget\" data-widget_type=\"divider.default\">\n\t\t\t\t<div class=\"elementor-widget-container\">\n\t\t\t\t\t\t\t<div class=\"elementor-divider\">\n\t\t\t<span class=\"elementor-divider-separator\">\n\t\t\t\t\t\t<\/span>\n\t\t<\/div>\n\t\t\t\t\t\t<\/div>\n\t\t\t\t<\/div>\n\t\t\t\t<div class=\"elementor-element elementor-element-2b7aecc6 elementor-widget elementor-widget-html\" data-id=\"2b7aecc6\" data-element_type=\"widget\" data-widget_type=\"html.default\">\n\t\t\t\t<div class=\"elementor-widget-container\">\n\t\t\t\t\t<iframe style=\"border: none; overflow: hidden;\" src=\"https:\/\/www.facebook.com\/plugins\/page.php?href=https%3A%2F%2Fwww.facebook.com%2FTolucaQuePocaMadre%2F&amp;tabs=timeline&amp;width=500&amp;height=500&amp;small_header=false&amp;adapt_container_width=true&amp;hide_cover=false&amp;show_facepile=true&amp;appId\" width=\"500\" height=\"500\" frameborder=\"0\" scrolling=\"no\" allowfullscreen=\"allowfullscreen\"><span data-mce-type=\"bookmark\" style=\"display: inline-block; width: 0px; overflow: hidden; line-height: 0;\" class=\"mce_SELRES_start\">\ufeff<\/span><\/iframe>\t\t\t\t<\/div>\n\t\t\t\t<\/div>\n\t\t\t\t\t<\/div>\n\t\t<\/div>\n\t\t\t\t\t<\/div>\n\t\t<\/section>\n\t\t\t\t<section class=\"elementor-section elementor-inner-section elementor-element elementor-element-27e1b53f elementor-section-content-bottom elementor-section-boxed elementor-section-height-default elementor-section-height-default\" data-id=\"27e1b53f\" data-element_type=\"section\">\n\t\t\t\t\t\t<div class=\"elementor-container elementor-column-gap-default\">\n\t\t\t\t\t<div class=\"elementor-column elementor-col-100 elementor-inner-column elementor-element elementor-element-18574f39\" data-id=\"18574f39\" data-element_type=\"column\">\n\t\t\t<div class=\"elementor-widget-wrap elementor-element-populated\">\n\t\t\t\t\t\t<div class=\"elementor-element elementor-element-1387233a elementor-align-left elementor-widget elementor-widget-button\" data-id=\"1387233a\" data-element_type=\"widget\" data-widget_type=\"button.default\">\n\t\t\t\t<div class=\"elementor-widget-container\">\n\t\t\t\t\t\t\t\t\t<div class=\"elementor-button-wrapper\">\n\t\t\t\t\t<a class=\"elementor-button elementor-size-sm\" role=\"button\">\n\t\t\t\t\t\t<span class=\"elementor-button-content-wrapper\">\n\t\t\t\t\t\t<span class=\"elementor-button-icon\">\n\t\t\t\t<i aria-hidden=\"true\" class=\"fas fa-hand-point-down\"><\/i>\t\t\t<\/span>\n\t\t\t\t\t\t\t\t\t<span class=\"elementor-button-text\">X (antes Twitter)<\/span>\n\t\t\t\t\t<\/span>\n\t\t\t\t\t<\/a>\n\t\t\t\t<\/div>\n\t\t\t\t\t\t\t\t<\/div>\n\t\t\t\t<\/div>\n\t\t\t\t<div class=\"elementor-element elementor-element-6f9e61dc elementor-widget-divider--view-line elementor-widget elementor-widget-divider\" data-id=\"6f9e61dc\" data-element_type=\"widget\" data-widget_type=\"divider.default\">\n\t\t\t\t<div class=\"elementor-widget-container\">\n\t\t\t\t\t\t\t<div class=\"elementor-divider\">\n\t\t\t<span class=\"elementor-divider-separator\">\n\t\t\t\t\t\t<\/span>\n\t\t<\/div>\n\t\t\t\t\t\t<\/div>\n\t\t\t\t<\/div>\n\t\t\t\t<div class=\"elementor-element elementor-element-373a79a9 elementor-widget elementor-widget-shortcode\" data-id=\"373a79a9\" data-element_type=\"widget\" data-widget_type=\"shortcode.default\">\n\t\t\t\t<div class=\"elementor-widget-container\">\n\t\t\t\t\t\t\t<div class=\"elementor-shortcode\"><a class=\"twitter-timeline\" data-height=\"500\" href=\"https:\/\/twitter.com\/QuePocaMadre_Mx?ref_src=twsrc%5Etfw\">Tweets by QuePocaMadre_Mx<\/a> <script async src=\"https:\/\/platform.twitter.com\/widgets.js\" charset=\"utf-8\"><\/script><\/div>\n\t\t\t\t\t\t<\/div>\n\t\t\t\t<\/div>\n\t\t\t\t\t<\/div>\n\t\t<\/div>\n\t\t\t\t\t<\/div>\n\t\t<\/section>\n\t\t\t\t\t<\/div>\n\t\t<\/div>\n\t\t\t\t\t<\/div>\n\t\t<\/section>\n\t\t\t\t<section class=\"elementor-section elementor-top-section elementor-element elementor-element-aac76f0 elementor-hidden-desktop elementor-hidden-tablet elementor-section-boxed elementor-section-height-default elementor-section-height-default\" data-id=\"aac76f0\" data-element_type=\"section\">\n\t\t\t\t\t\t<div class=\"elementor-container elementor-column-gap-default\">\n\t\t\t\t\t<div class=\"elementor-column elementor-col-100 elementor-top-column elementor-element elementor-element-708afa75\" data-id=\"708afa75\" data-element_type=\"column\">\n\t\t\t<div class=\"elementor-widget-wrap elementor-element-populated\">\n\t\t\t\t\t\t<div class=\"elementor-element elementor-element-585c5c33 elementor-align-left elementor-widget elementor-widget-button\" data-id=\"585c5c33\" data-element_type=\"widget\" data-widget_type=\"button.default\">\n\t\t\t\t<div class=\"elementor-widget-container\">\n\t\t\t\t\t\t\t\t\t<div class=\"elementor-button-wrapper\">\n\t\t\t\t\t<a class=\"elementor-button elementor-size-sm\" role=\"button\">\n\t\t\t\t\t\t<span class=\"elementor-button-content-wrapper\">\n\t\t\t\t\t\t<span class=\"elementor-button-icon\">\n\t\t\t\t<i aria-hidden=\"true\" class=\"fas fa-hand-point-down\"><\/i>\t\t\t<\/span>\n\t\t\t\t\t\t\t\t\t<span class=\"elementor-button-text\">Cuidad de M\u00e9xico:<\/span>\n\t\t\t\t\t<\/span>\n\t\t\t\t\t<\/a>\n\t\t\t\t<\/div>\n\t\t\t\t\t\t\t\t<\/div>\n\t\t\t\t<\/div>\n\t\t\t\t<div class=\"elementor-element elementor-element-107fbd0c elementor-widget-divider--view-line elementor-widget elementor-widget-divider\" data-id=\"107fbd0c\" data-element_type=\"widget\" data-widget_type=\"divider.default\">\n\t\t\t\t<div class=\"elementor-widget-container\">\n\t\t\t\t\t\t\t<div class=\"elementor-divider\">\n\t\t\t<span class=\"elementor-divider-separator\">\n\t\t\t\t\t\t<\/span>\n\t\t<\/div>\n\t\t\t\t\t\t<\/div>\n\t\t\t\t<\/div>\n\t\t\t\t<div class=\"elementor-element elementor-element-277b1167 elementor-posts--align-center elementor-grid-2 elementor-grid-mobile-2 elementor-hidden-desktop elementor-hidden-tablet elementor-grid-tablet-2 elementor-posts--thumbnail-top elementor-widget elementor-widget-posts\" data-id=\"277b1167\" data-element_type=\"widget\" data-settings=\"{&quot;classic_row_gap&quot;:{&quot;unit&quot;:&quot;px&quot;,&quot;size&quot;:5,&quot;sizes&quot;:[]},&quot;classic_columns&quot;:&quot;2&quot;,&quot;classic_columns_mobile&quot;:&quot;2&quot;,&quot;classic_columns_tablet&quot;:&quot;2&quot;,&quot;classic_row_gap_tablet&quot;:{&quot;unit&quot;:&quot;px&quot;,&quot;size&quot;:&quot;&quot;,&quot;sizes&quot;:[]},&quot;classic_row_gap_mobile&quot;:{&quot;unit&quot;:&quot;px&quot;,&quot;size&quot;:&quot;&quot;,&quot;sizes&quot;:[]}}\" data-widget_type=\"posts.classic\">\n\t\t\t\t<div class=\"elementor-widget-container\">\n\t\t\t\t\t\t\t<div class=\"elementor-posts-container elementor-posts elementor-posts--skin-classic elementor-grid\">\n\t\t\t\t<article class=\"elementor-post elementor-grid-item post-66248 post type-post status-publish format-standard has-post-thumbnail hentry category-cdmx\">\n\t\t\t\t<a class=\"elementor-post__thumbnail__link\" href=\"https:\/\/quepocamadre.com\/?p=66248\" >\n\t\t\t<div class=\"elementor-post__thumbnail\"><img loading=\"lazy\" decoding=\"async\" width=\"300\" height=\"200\" src=\"https:\/\/quepocamadre.com\/wp-content\/uploads\/2026\/04\/por-ir-300x200.jpg\" class=\"attachment-medium size-medium wp-image-66252\" alt=\"\" srcset=\"https:\/\/quepocamadre.com\/wp-content\/uploads\/2026\/04\/por-ir-300x200.jpg 300w, https:\/\/quepocamadre.com\/wp-content\/uploads\/2026\/04\/por-ir-1024x684.jpg 1024w, https:\/\/quepocamadre.com\/wp-content\/uploads\/2026\/04\/por-ir-768x513.jpg 768w, https:\/\/quepocamadre.com\/wp-content\/uploads\/2026\/04\/por-ir.jpg 1200w\" sizes=\"(max-width: 300px) 100vw, 300px\" \/><\/div>\n\t\t<\/a>\n\t\t\t\t<div class=\"elementor-post__text\">\n\t\t\t\t<h3 class=\"elementor-post__title\">\n\t\t\t<a href=\"https:\/\/quepocamadre.com\/?p=66248\" >\n\t\t\t\tPOR IR HECHO UN RAYO TERMINA VOLCADO Y DE CABEZA\t\t\t<\/a>\n\t\t<\/h3>\n\t\t\t\t<div class=\"elementor-post__meta-data\">\n\t\t\t\t\t<span class=\"elementor-post-date\">\n\t\t\t29 abril, 2026\t\t<\/span>\n\t\t\t\t<\/div>\n\t\t\t\t<div class=\"elementor-post__excerpt\">\n\t\t\t<p>El exceso de velocidad provoc\u00f3 que el conductor de un veh\u00edculo compacto terminara volcado, con<\/p>\n\t\t<\/div>\n\t\t\t\t<\/div>\n\t\t\t\t<\/article>\n\t\t\t\t<article class=\"elementor-post elementor-grid-item post-66245 post type-post status-publish format-standard has-post-thumbnail hentry category-cdmx\">\n\t\t\t\t<a class=\"elementor-post__thumbnail__link\" href=\"https:\/\/quepocamadre.com\/?p=66245\" >\n\t\t\t<div class=\"elementor-post__thumbnail\"><img loading=\"lazy\" decoding=\"async\" width=\"300\" height=\"200\" src=\"https:\/\/quepocamadre.com\/wp-content\/uploads\/2026\/04\/macabro-300x200.jpg\" class=\"attachment-medium size-medium wp-image-66249\" alt=\"\" srcset=\"https:\/\/quepocamadre.com\/wp-content\/uploads\/2026\/04\/macabro-300x200.jpg 300w, https:\/\/quepocamadre.com\/wp-content\/uploads\/2026\/04\/macabro-1024x684.jpg 1024w, https:\/\/quepocamadre.com\/wp-content\/uploads\/2026\/04\/macabro-768x513.jpg 768w, https:\/\/quepocamadre.com\/wp-content\/uploads\/2026\/04\/macabro.jpg 1200w\" sizes=\"(max-width: 300px) 100vw, 300px\" \/><\/div>\n\t\t<\/a>\n\t\t\t\t<div class=\"elementor-post__text\">\n\t\t\t\t<h3 class=\"elementor-post__title\">\n\t\t\t<a href=\"https:\/\/quepocamadre.com\/?p=66245\" >\n\t\t\t\t\u00a1MACABRO HALLAZGO JUNTO A PLANTEL! CUERPO ENCOBIJADO CAUSA ALARMA\t\t\t<\/a>\n\t\t<\/h3>\n\t\t\t\t<div class=\"elementor-post__meta-data\">\n\t\t\t\t\t<span class=\"elementor-post-date\">\n\t\t\t29 abril, 2026\t\t<\/span>\n\t\t\t\t<\/div>\n\t\t\t\t<div class=\"elementor-post__excerpt\">\n\t\t\t<p>El cuerpo sin vida de una persona fue localizado envuelto en una cobija y dentro<\/p>\n\t\t<\/div>\n\t\t\t\t<\/div>\n\t\t\t\t<\/article>\n\t\t\t\t<article class=\"elementor-post elementor-grid-item post-66244 post type-post status-publish format-standard has-post-thumbnail hentry category-cdmx\">\n\t\t\t\t<a class=\"elementor-post__thumbnail__link\" href=\"https:\/\/quepocamadre.com\/?p=66244\" >\n\t\t\t<div class=\"elementor-post__thumbnail\"><img loading=\"lazy\" decoding=\"async\" width=\"300\" height=\"200\" src=\"https:\/\/quepocamadre.com\/wp-content\/uploads\/2026\/04\/toca-cables-300x200.jpg\" class=\"attachment-medium size-medium wp-image-66246\" alt=\"\" srcset=\"https:\/\/quepocamadre.com\/wp-content\/uploads\/2026\/04\/toca-cables-300x200.jpg 300w, https:\/\/quepocamadre.com\/wp-content\/uploads\/2026\/04\/toca-cables-1024x684.jpg 1024w, https:\/\/quepocamadre.com\/wp-content\/uploads\/2026\/04\/toca-cables-768x513.jpg 768w, https:\/\/quepocamadre.com\/wp-content\/uploads\/2026\/04\/toca-cables.jpg 1200w\" sizes=\"(max-width: 300px) 100vw, 300px\" \/><\/div>\n\t\t<\/a>\n\t\t\t\t<div class=\"elementor-post__text\">\n\t\t\t\t<h3 class=\"elementor-post__title\">\n\t\t\t<a href=\"https:\/\/quepocamadre.com\/?p=66244\" >\n\t\t\t\t\u00a1TOCA CABLES Y CAE AL VAC\u00cdO! MUERE ELECTROCUTADO EN PLENA FAENA\t\t\t<\/a>\n\t\t<\/h3>\n\t\t\t\t<div class=\"elementor-post__meta-data\">\n\t\t\t\t\t<span class=\"elementor-post-date\">\n\t\t\t29 abril, 2026\t\t<\/span>\n\t\t\t\t<\/div>\n\t\t\t\t<div class=\"elementor-post__excerpt\">\n\t\t\t<p>Un hombre de 27 a\u00f1os perdi\u00f3 la vida tras recibir una descarga el\u00e9ctrica al tocar<\/p>\n\t\t<\/div>\n\t\t\t\t<\/div>\n\t\t\t\t<\/article>\n\t\t\t\t<article class=\"elementor-post elementor-grid-item post-66085 post type-post status-publish format-standard has-post-thumbnail hentry category-cdmx\">\n\t\t\t\t<a class=\"elementor-post__thumbnail__link\" href=\"https:\/\/quepocamadre.com\/?p=66085\" >\n\t\t\t<div class=\"elementor-post__thumbnail\"><img loading=\"lazy\" decoding=\"async\" width=\"300\" height=\"200\" src=\"https:\/\/quepocamadre.com\/wp-content\/uploads\/2026\/04\/ASESINA-300x200.jpg\" class=\"attachment-medium size-medium wp-image-66090\" alt=\"\" srcset=\"https:\/\/quepocamadre.com\/wp-content\/uploads\/2026\/04\/ASESINA-300x200.jpg 300w, https:\/\/quepocamadre.com\/wp-content\/uploads\/2026\/04\/ASESINA-1024x684.jpg 1024w, https:\/\/quepocamadre.com\/wp-content\/uploads\/2026\/04\/ASESINA-768x513.jpg 768w, https:\/\/quepocamadre.com\/wp-content\/uploads\/2026\/04\/ASESINA.jpg 1200w\" sizes=\"(max-width: 300px) 100vw, 300px\" \/><\/div>\n\t\t<\/a>\n\t\t\t\t<div class=\"elementor-post__text\">\n\t\t\t\t<h3 class=\"elementor-post__title\">\n\t\t\t<a href=\"https:\/\/quepocamadre.com\/?p=66085\" >\n\t\t\t\tASESINA A SU PAREJA Y LA INTENTA ENTERRAR EN SU CASA EN XOCHIMILCO\t\t\t<\/a>\n\t\t<\/h3>\n\t\t\t\t<div class=\"elementor-post__meta-data\">\n\t\t\t\t\t<span class=\"elementor-post-date\">\n\t\t\t27 abril, 2026\t\t<\/span>\n\t\t\t\t<\/div>\n\t\t\t\t<div class=\"elementor-post__excerpt\">\n\t\t\t<p>Un feminicidio estremeci\u00f3 a la Ciudad de M\u00e9xico luego de que un hombre fuera detenido<\/p>\n\t\t<\/div>\n\t\t\t\t<\/div>\n\t\t\t\t<\/article>\n\t\t\t\t<article class=\"elementor-post elementor-grid-item post-66005 post type-post status-publish format-standard has-post-thumbnail hentry category-cdmx\">\n\t\t\t\t<a class=\"elementor-post__thumbnail__link\" href=\"https:\/\/quepocamadre.com\/?p=66005\" >\n\t\t\t<div class=\"elementor-post__thumbnail\"><img loading=\"lazy\" decoding=\"async\" width=\"300\" height=\"200\" src=\"https:\/\/quepocamadre.com\/wp-content\/uploads\/2026\/04\/lo-matan-1-300x200.jpg\" class=\"attachment-medium size-medium wp-image-66011\" alt=\"\" srcset=\"https:\/\/quepocamadre.com\/wp-content\/uploads\/2026\/04\/lo-matan-1-300x200.jpg 300w, https:\/\/quepocamadre.com\/wp-content\/uploads\/2026\/04\/lo-matan-1-1024x684.jpg 1024w, https:\/\/quepocamadre.com\/wp-content\/uploads\/2026\/04\/lo-matan-1-768x513.jpg 768w, https:\/\/quepocamadre.com\/wp-content\/uploads\/2026\/04\/lo-matan-1.jpg 1200w\" sizes=\"(max-width: 300px) 100vw, 300px\" \/><\/div>\n\t\t<\/a>\n\t\t\t\t<div class=\"elementor-post__text\">\n\t\t\t\t<h3 class=\"elementor-post__title\">\n\t\t\t<a href=\"https:\/\/quepocamadre.com\/?p=66005\" >\n\t\t\t\tLO MATAN AFUERA DE SU CASA Y SU PADRE LO RECONOCE\t\t\t<\/a>\n\t\t<\/h3>\n\t\t\t\t<div class=\"elementor-post__meta-data\">\n\t\t\t\t\t<span class=\"elementor-post-date\">\n\t\t\t24 abril, 2026\t\t<\/span>\n\t\t\t\t<\/div>\n\t\t\t\t<div class=\"elementor-post__excerpt\">\n\t\t\t<p>Un joven de 20 a\u00f1os, identificado como Juan, fue asesinado a balazos en la colonia<\/p>\n\t\t<\/div>\n\t\t\t\t<\/div>\n\t\t\t\t<\/article>\n\t\t\t\t<article class=\"elementor-post elementor-grid-item post-65955 post type-post status-publish format-standard has-post-thumbnail hentry category-cdmx\">\n\t\t\t\t<a class=\"elementor-post__thumbnail__link\" href=\"https:\/\/quepocamadre.com\/?p=65955\" >\n\t\t\t<div class=\"elementor-post__thumbnail\"><img loading=\"lazy\" decoding=\"async\" width=\"300\" height=\"200\" src=\"https:\/\/quepocamadre.com\/wp-content\/uploads\/2026\/04\/vinculan-300x200.jpg\" class=\"attachment-medium size-medium wp-image-65960\" alt=\"\" srcset=\"https:\/\/quepocamadre.com\/wp-content\/uploads\/2026\/04\/vinculan-300x200.jpg 300w, https:\/\/quepocamadre.com\/wp-content\/uploads\/2026\/04\/vinculan-1024x684.jpg 1024w, https:\/\/quepocamadre.com\/wp-content\/uploads\/2026\/04\/vinculan-768x513.jpg 768w, https:\/\/quepocamadre.com\/wp-content\/uploads\/2026\/04\/vinculan.jpg 1200w\" sizes=\"(max-width: 300px) 100vw, 300px\" \/><\/div>\n\t\t<\/a>\n\t\t\t\t<div class=\"elementor-post__text\">\n\t\t\t\t<h3 class=\"elementor-post__title\">\n\t\t\t<a href=\"https:\/\/quepocamadre.com\/?p=65955\" >\n\t\t\t\tVinculan a proceso a Juan Jes\u00fas &#8220;N&#8221; por el asesinato de Edith Guadalupe\t\t\t<\/a>\n\t\t<\/h3>\n\t\t\t\t<div class=\"elementor-post__meta-data\">\n\t\t\t\t\t<span class=\"elementor-post-date\">\n\t\t\t23 abril, 2026\t\t<\/span>\n\t\t\t\t<\/div>\n\t\t\t\t<div class=\"elementor-post__excerpt\">\n\t\t\t<p>Un juez de control vincul\u00f3 a proceso a Juan Jes\u00fas \u201cN\u201d, de 24 a\u00f1os, se\u00f1alado<\/p>\n\t\t<\/div>\n\t\t\t\t<\/div>\n\t\t\t\t<\/article>\n\t\t\t\t<\/div>\n\n\n\t\t\n\t\t\t\t\t\t<\/div>\n\t\t\t\t<\/div>\n\t\t\t\t<div class=\"elementor-element elementor-element-895720f elementor-widget elementor-widget-spacer\" data-id=\"895720f\" data-element_type=\"widget\" data-widget_type=\"spacer.default\">\n\t\t\t\t<div class=\"elementor-widget-container\">\n\t\t\t\t\t\t\t<div class=\"elementor-spacer\">\n\t\t\t<div class=\"elementor-spacer-inner\"><\/div>\n\t\t<\/div>\n\t\t\t\t\t\t<\/div>\n\t\t\t\t<\/div>\n\t\t\t\t<div class=\"elementor-element elementor-element-44876895 elementor-align-left elementor-widget elementor-widget-button\" data-id=\"44876895\" data-element_type=\"widget\" data-widget_type=\"button.default\">\n\t\t\t\t<div class=\"elementor-widget-container\">\n\t\t\t\t\t\t\t\t\t<div class=\"elementor-button-wrapper\">\n\t\t\t\t\t<a class=\"elementor-button elementor-size-sm\" role=\"button\">\n\t\t\t\t\t\t<span class=\"elementor-button-content-wrapper\">\n\t\t\t\t\t\t<span class=\"elementor-button-icon\">\n\t\t\t\t<i aria-hidden=\"true\" class=\"fas fa-hand-point-down\"><\/i>\t\t\t<\/span>\n\t\t\t\t\t\t\t\t\t<span class=\"elementor-button-text\">Estado de M\u00e9xico:<\/span>\n\t\t\t\t\t<\/span>\n\t\t\t\t\t<\/a>\n\t\t\t\t<\/div>\n\t\t\t\t\t\t\t\t<\/div>\n\t\t\t\t<\/div>\n\t\t\t\t<div class=\"elementor-element elementor-element-3813fa2a elementor-widget-divider--view-line elementor-widget elementor-widget-divider\" data-id=\"3813fa2a\" data-element_type=\"widget\" data-widget_type=\"divider.default\">\n\t\t\t\t<div class=\"elementor-widget-container\">\n\t\t\t\t\t\t\t<div class=\"elementor-divider\">\n\t\t\t<span class=\"elementor-divider-separator\">\n\t\t\t\t\t\t<\/span>\n\t\t<\/div>\n\t\t\t\t\t\t<\/div>\n\t\t\t\t<\/div>\n\t\t\t\t<div class=\"elementor-element elementor-element-2cf0284c elementor-posts--align-center elementor-grid-tablet-3 elementor-grid-mobile-2 elementor-grid-3 elementor-posts--thumbnail-top elementor-widget elementor-widget-posts\" data-id=\"2cf0284c\" data-element_type=\"widget\" data-settings=\"{&quot;classic_row_gap&quot;:{&quot;unit&quot;:&quot;px&quot;,&quot;size&quot;:5,&quot;sizes&quot;:[]},&quot;classic_columns_tablet&quot;:&quot;3&quot;,&quot;classic_columns_mobile&quot;:&quot;2&quot;,&quot;classic_columns&quot;:&quot;3&quot;,&quot;classic_row_gap_tablet&quot;:{&quot;unit&quot;:&quot;px&quot;,&quot;size&quot;:&quot;&quot;,&quot;sizes&quot;:[]},&quot;classic_row_gap_mobile&quot;:{&quot;unit&quot;:&quot;px&quot;,&quot;size&quot;:&quot;&quot;,&quot;sizes&quot;:[]}}\" data-widget_type=\"posts.classic\">\n\t\t\t\t<div class=\"elementor-widget-container\">\n\t\t\t\t\t\t\t<div class=\"elementor-posts-container elementor-posts elementor-posts--skin-classic elementor-grid\">\n\t\t\t\t<article class=\"elementor-post elementor-grid-item post-66332 post type-post status-publish format-standard has-post-thumbnail hentry category-edomex category-otzolotepec\">\n\t\t\t\t<a class=\"elementor-post__thumbnail__link\" href=\"https:\/\/quepocamadre.com\/?p=66332\" >\n\t\t\t<div class=\"elementor-post__thumbnail\"><img loading=\"lazy\" decoding=\"async\" width=\"300\" height=\"200\" src=\"https:\/\/quepocamadre.com\/wp-content\/uploads\/2026\/04\/LO-ASALTAN-Y-MATAN-A-BICITAXISTA-EN-OTZOLOTEPEC-3-300x200.jpg\" class=\"attachment-medium size-medium wp-image-66337\" alt=\"\" srcset=\"https:\/\/quepocamadre.com\/wp-content\/uploads\/2026\/04\/LO-ASALTAN-Y-MATAN-A-BICITAXISTA-EN-OTZOLOTEPEC-3-300x200.jpg 300w, https:\/\/quepocamadre.com\/wp-content\/uploads\/2026\/04\/LO-ASALTAN-Y-MATAN-A-BICITAXISTA-EN-OTZOLOTEPEC-3-1024x684.jpg 1024w, https:\/\/quepocamadre.com\/wp-content\/uploads\/2026\/04\/LO-ASALTAN-Y-MATAN-A-BICITAXISTA-EN-OTZOLOTEPEC-3-768x513.jpg 768w, https:\/\/quepocamadre.com\/wp-content\/uploads\/2026\/04\/LO-ASALTAN-Y-MATAN-A-BICITAXISTA-EN-OTZOLOTEPEC-3.jpg 1200w\" sizes=\"(max-width: 300px) 100vw, 300px\" \/><\/div>\n\t\t<\/a>\n\t\t\t\t<div class=\"elementor-post__text\">\n\t\t\t\t<h3 class=\"elementor-post__title\">\n\t\t\t<a href=\"https:\/\/quepocamadre.com\/?p=66332\" >\n\t\t\t\tASALTAN Y MATAN A BICITAXISTA EN OTZOLOTEPEC\t\t\t<\/a>\n\t\t<\/h3>\n\t\t\t\t<div class=\"elementor-post__meta-data\">\n\t\t\t\t\t<span class=\"elementor-post-date\">\n\t\t\t30 abril, 2026\t\t<\/span>\n\t\t\t\t<\/div>\n\t\t\t\t<div class=\"elementor-post__excerpt\">\n\t\t\t<p>Un joven de 34 a\u00f1os fue asesinado tras un presunto asalto cuando trabajaba como bicitaxista<\/p>\n\t\t<\/div>\n\t\t\t\t<\/div>\n\t\t\t\t<\/article>\n\t\t\t\t<article class=\"elementor-post elementor-grid-item post-66304 post type-post status-publish format-standard has-post-thumbnail hentry category-edomex category-toluca\">\n\t\t\t\t<a class=\"elementor-post__thumbnail__link\" href=\"https:\/\/quepocamadre.com\/?p=66304\" >\n\t\t\t<div class=\"elementor-post__thumbnail\"><img loading=\"lazy\" decoding=\"async\" width=\"300\" height=\"300\" src=\"https:\/\/quepocamadre.com\/wp-content\/uploads\/2026\/04\/WhatsApp-Image-2026-04-29-at-10.24.16-AM-300x300.jpeg\" class=\"attachment-medium size-medium wp-image-66312\" alt=\"\" srcset=\"https:\/\/quepocamadre.com\/wp-content\/uploads\/2026\/04\/WhatsApp-Image-2026-04-29-at-10.24.16-AM-300x300.jpeg 300w, https:\/\/quepocamadre.com\/wp-content\/uploads\/2026\/04\/WhatsApp-Image-2026-04-29-at-10.24.16-AM-1024x1024.jpeg 1024w, https:\/\/quepocamadre.com\/wp-content\/uploads\/2026\/04\/WhatsApp-Image-2026-04-29-at-10.24.16-AM-150x150.jpeg 150w, https:\/\/quepocamadre.com\/wp-content\/uploads\/2026\/04\/WhatsApp-Image-2026-04-29-at-10.24.16-AM-768x768.jpeg 768w, https:\/\/quepocamadre.com\/wp-content\/uploads\/2026\/04\/WhatsApp-Image-2026-04-29-at-10.24.16-AM.jpeg 1254w\" sizes=\"(max-width: 300px) 100vw, 300px\" \/><\/div>\n\t\t<\/a>\n\t\t\t\t<div class=\"elementor-post__text\">\n\t\t\t\t<h3 class=\"elementor-post__title\">\n\t\t\t<a href=\"https:\/\/quepocamadre.com\/?p=66304\" >\n\t\t\t\tLO CACHAN DESARMANDO UNA PIPA EN TOLUCA\u2026 Y CAE EN FLAGRANCIA\t\t\t<\/a>\n\t\t<\/h3>\n\t\t\t\t<div class=\"elementor-post__meta-data\">\n\t\t\t\t\t<span class=\"elementor-post-date\">\n\t\t\t29 abril, 2026\t\t<\/span>\n\t\t\t\t<\/div>\n\t\t\t\t<div class=\"elementor-post__excerpt\">\n\t\t\t<p>Un hombre fue detenido en Toluca tras ser sorprendido robando autopartes de una pipa de<\/p>\n\t\t<\/div>\n\t\t\t\t<\/div>\n\t\t\t\t<\/article>\n\t\t\t\t<article class=\"elementor-post elementor-grid-item post-66305 post type-post status-publish format-standard has-post-thumbnail hentry category-edomex category-otzolotepec category-valle-de-toluca\">\n\t\t\t\t<a class=\"elementor-post__thumbnail__link\" href=\"https:\/\/quepocamadre.com\/?p=66305\" >\n\t\t\t<div class=\"elementor-post__thumbnail\"><img loading=\"lazy\" decoding=\"async\" width=\"300\" height=\"251\" src=\"https:\/\/quepocamadre.com\/wp-content\/uploads\/2026\/04\/Copia-de-DISENO-FOTO-VIDEO-2026-04-29T104040.179-300x251.png\" class=\"attachment-medium size-medium wp-image-66309\" alt=\"\" srcset=\"https:\/\/quepocamadre.com\/wp-content\/uploads\/2026\/04\/Copia-de-DISENO-FOTO-VIDEO-2026-04-29T104040.179-300x251.png 300w, https:\/\/quepocamadre.com\/wp-content\/uploads\/2026\/04\/Copia-de-DISENO-FOTO-VIDEO-2026-04-29T104040.179-768x644.png 768w, https:\/\/quepocamadre.com\/wp-content\/uploads\/2026\/04\/Copia-de-DISENO-FOTO-VIDEO-2026-04-29T104040.179.png 940w\" sizes=\"(max-width: 300px) 100vw, 300px\" \/><\/div>\n\t\t<\/a>\n\t\t\t\t<div class=\"elementor-post__text\">\n\t\t\t\t<h3 class=\"elementor-post__title\">\n\t\t\t<a href=\"https:\/\/quepocamadre.com\/?p=66305\" >\n\t\t\t\tCOMO TODAS LAS MA\u00d1ANAS JES\u00daS SALI\u00d3 A TRABAJAR\u2026 PERO HOY LO ENCONTRARON SIN VIDA JUNTO A SU BICITAXI\t\t\t<\/a>\n\t\t<\/h3>\n\t\t\t\t<div class=\"elementor-post__meta-data\">\n\t\t\t\t\t<span class=\"elementor-post-date\">\n\t\t\t29 abril, 2026\t\t<\/span>\n\t\t\t\t<\/div>\n\t\t\t\t<div class=\"elementor-post__excerpt\">\n\t\t\t<p>La ma\u00f1ana en Villa Cuauht\u00e9moc, #Otzolotepec, comenz\u00f3 con una escena que nadie esperaba. A un<\/p>\n\t\t<\/div>\n\t\t\t\t<\/div>\n\t\t\t\t<\/article>\n\t\t\t\t<article class=\"elementor-post elementor-grid-item post-66292 post type-post status-publish format-standard has-post-thumbnail hentry category-edomex\">\n\t\t\t\t<a class=\"elementor-post__thumbnail__link\" href=\"https:\/\/quepocamadre.com\/?p=66292\" >\n\t\t\t<div class=\"elementor-post__thumbnail\"><img loading=\"lazy\" decoding=\"async\" width=\"300\" height=\"200\" src=\"https:\/\/quepocamadre.com\/wp-content\/uploads\/2026\/04\/8delfina-2-5-300x200.jpg\" class=\"attachment-medium size-medium wp-image-66297\" alt=\"\" srcset=\"https:\/\/quepocamadre.com\/wp-content\/uploads\/2026\/04\/8delfina-2-5-300x200.jpg 300w, https:\/\/quepocamadre.com\/wp-content\/uploads\/2026\/04\/8delfina-2-5-1024x684.jpg 1024w, https:\/\/quepocamadre.com\/wp-content\/uploads\/2026\/04\/8delfina-2-5-768x513.jpg 768w, https:\/\/quepocamadre.com\/wp-content\/uploads\/2026\/04\/8delfina-2-5.jpg 1200w\" sizes=\"(max-width: 300px) 100vw, 300px\" \/><\/div>\n\t\t<\/a>\n\t\t\t\t<div class=\"elementor-post__text\">\n\t\t\t\t<h3 class=\"elementor-post__title\">\n\t\t\t<a href=\"https:\/\/quepocamadre.com\/?p=66292\" >\n\t\t\t\tDelfina G\u00f3mez se re\u00fane con protectoras de animales\t\t\t<\/a>\n\t\t<\/h3>\n\t\t\t\t<div class=\"elementor-post__meta-data\">\n\t\t\t\t\t<span class=\"elementor-post-date\">\n\t\t\t29 abril, 2026\t\t<\/span>\n\t\t\t\t<\/div>\n\t\t\t\t<div class=\"elementor-post__excerpt\">\n\t\t\t<p>Agradecieron a la gobernadora la aprobaci\u00f3n de la Ley de Bienestar Animal en la entidad.<\/p>\n\t\t<\/div>\n\t\t\t\t<\/div>\n\t\t\t\t<\/article>\n\t\t\t\t<article class=\"elementor-post elementor-grid-item post-66277 post type-post status-publish format-standard has-post-thumbnail hentry category-edomex\">\n\t\t\t\t<a class=\"elementor-post__thumbnail__link\" href=\"https:\/\/quepocamadre.com\/?p=66277\" >\n\t\t\t<div class=\"elementor-post__thumbnail\"><img loading=\"lazy\" decoding=\"async\" width=\"300\" height=\"200\" src=\"https:\/\/quepocamadre.com\/wp-content\/uploads\/2026\/04\/despojos-300x200.jpg\" class=\"attachment-medium size-medium wp-image-66282\" alt=\"\" srcset=\"https:\/\/quepocamadre.com\/wp-content\/uploads\/2026\/04\/despojos-300x200.jpg 300w, https:\/\/quepocamadre.com\/wp-content\/uploads\/2026\/04\/despojos-1024x684.jpg 1024w, https:\/\/quepocamadre.com\/wp-content\/uploads\/2026\/04\/despojos-768x513.jpg 768w, https:\/\/quepocamadre.com\/wp-content\/uploads\/2026\/04\/despojos.jpg 1200w\" sizes=\"(max-width: 300px) 100vw, 300px\" \/><\/div>\n\t\t<\/a>\n\t\t\t\t<div class=\"elementor-post__text\">\n\t\t\t\t<h3 class=\"elementor-post__title\">\n\t\t\t<a href=\"https:\/\/quepocamadre.com\/?p=66277\" >\n\t\t\t\tOperaci\u00f3n Restituci\u00f3n cumple un a\u00f1o destapando redes y devolviendo hogares en Edom\u00e9x\t\t\t<\/a>\n\t\t<\/h3>\n\t\t\t\t<div class=\"elementor-post__meta-data\">\n\t\t\t\t\t<span class=\"elementor-post-date\">\n\t\t\t29 abril, 2026\t\t<\/span>\n\t\t\t\t<\/div>\n\t\t\t\t<div class=\"elementor-post__excerpt\">\n\t\t\t<p>A un a\u00f1o de su arranque, la pol\u00e9mica pero contundente Operaci\u00f3n \u201cRestituci\u00f3n\u201d ha sacudido al<\/p>\n\t\t<\/div>\n\t\t\t\t<\/div>\n\t\t\t\t<\/article>\n\t\t\t\t<article class=\"elementor-post elementor-grid-item post-66233 post type-post status-publish format-standard has-post-thumbnail hentry category-edomex category-toluca\">\n\t\t\t\t<a class=\"elementor-post__thumbnail__link\" href=\"https:\/\/quepocamadre.com\/?p=66233\" >\n\t\t\t<div class=\"elementor-post__thumbnail\"><img loading=\"lazy\" decoding=\"async\" width=\"300\" height=\"300\" src=\"https:\/\/quepocamadre.com\/wp-content\/uploads\/2026\/04\/WhatsApp-Image-2026-04-28-at-10.40.56-AM-300x300.jpeg\" class=\"attachment-medium size-medium wp-image-66238\" alt=\"\" srcset=\"https:\/\/quepocamadre.com\/wp-content\/uploads\/2026\/04\/WhatsApp-Image-2026-04-28-at-10.40.56-AM-300x300.jpeg 300w, https:\/\/quepocamadre.com\/wp-content\/uploads\/2026\/04\/WhatsApp-Image-2026-04-28-at-10.40.56-AM-1024x1024.jpeg 1024w, https:\/\/quepocamadre.com\/wp-content\/uploads\/2026\/04\/WhatsApp-Image-2026-04-28-at-10.40.56-AM-150x150.jpeg 150w, https:\/\/quepocamadre.com\/wp-content\/uploads\/2026\/04\/WhatsApp-Image-2026-04-28-at-10.40.56-AM-768x768.jpeg 768w, https:\/\/quepocamadre.com\/wp-content\/uploads\/2026\/04\/WhatsApp-Image-2026-04-28-at-10.40.56-AM.jpeg 1254w\" sizes=\"(max-width: 300px) 100vw, 300px\" \/><\/div>\n\t\t<\/a>\n\t\t\t\t<div class=\"elementor-post__text\">\n\t\t\t\t<h3 class=\"elementor-post__title\">\n\t\t\t<a href=\"https:\/\/quepocamadre.com\/?p=66233\" >\n\t\t\t\tCAEN DOS MUCHACHOS CON 15 CELULARES ROBADOS EN TOLUCA\t\t\t<\/a>\n\t\t<\/h3>\n\t\t\t\t<div class=\"elementor-post__meta-data\">\n\t\t\t\t\t<span class=\"elementor-post-date\">\n\t\t\t28 abril, 2026\t\t<\/span>\n\t\t\t\t<\/div>\n\t\t\t\t<div class=\"elementor-post__excerpt\">\n\t\t\t<p>Dos personas fueron detenidas en Toluca tras ser se\u00f1aladas por el robo de celulares en<\/p>\n\t\t<\/div>\n\t\t\t\t<\/div>\n\t\t\t\t<\/article>\n\t\t\t\t<\/div>\n\n\n\t\t\n\t\t\t\t\t\t<\/div>\n\t\t\t\t<\/div>\n\t\t\t\t<div class=\"elementor-element elementor-element-35dcfe23 elementor-widget elementor-widget-spacer\" data-id=\"35dcfe23\" data-element_type=\"widget\" data-widget_type=\"spacer.default\">\n\t\t\t\t<div class=\"elementor-widget-container\">\n\t\t\t\t\t\t\t<div class=\"elementor-spacer\">\n\t\t\t<div class=\"elementor-spacer-inner\"><\/div>\n\t\t<\/div>\n\t\t\t\t\t\t<\/div>\n\t\t\t\t<\/div>\n\t\t\t\t<div class=\"elementor-element elementor-element-1ba0d318 elementor-align-left elementor-widget elementor-widget-button\" data-id=\"1ba0d318\" data-element_type=\"widget\" data-widget_type=\"button.default\">\n\t\t\t\t<div class=\"elementor-widget-container\">\n\t\t\t\t\t\t\t\t\t<div class=\"elementor-button-wrapper\">\n\t\t\t\t\t<a class=\"elementor-button elementor-size-sm\" role=\"button\">\n\t\t\t\t\t\t<span class=\"elementor-button-content-wrapper\">\n\t\t\t\t\t\t<span class=\"elementor-button-icon\">\n\t\t\t\t<i aria-hidden=\"true\" class=\"fas fa-hand-point-down\"><\/i>\t\t\t<\/span>\n\t\t\t\t\t\t\t\t\t<span class=\"elementor-button-text\">Nacionales:<\/span>\n\t\t\t\t\t<\/span>\n\t\t\t\t\t<\/a>\n\t\t\t\t<\/div>\n\t\t\t\t\t\t\t\t<\/div>\n\t\t\t\t<\/div>\n\t\t\t\t<div class=\"elementor-element elementor-element-44c064c1 elementor-widget-divider--view-line elementor-widget elementor-widget-divider\" data-id=\"44c064c1\" data-element_type=\"widget\" data-widget_type=\"divider.default\">\n\t\t\t\t<div class=\"elementor-widget-container\">\n\t\t\t\t\t\t\t<div class=\"elementor-divider\">\n\t\t\t<span class=\"elementor-divider-separator\">\n\t\t\t\t\t\t<\/span>\n\t\t<\/div>\n\t\t\t\t\t\t<\/div>\n\t\t\t\t<\/div>\n\t\t\t\t<div class=\"elementor-element elementor-element-4139dc71 elementor-posts--align-center elementor-grid-tablet-3 elementor-grid-mobile-2 elementor-grid-3 elementor-posts--thumbnail-top elementor-widget elementor-widget-posts\" data-id=\"4139dc71\" data-element_type=\"widget\" data-settings=\"{&quot;classic_row_gap&quot;:{&quot;unit&quot;:&quot;px&quot;,&quot;size&quot;:5,&quot;sizes&quot;:[]},&quot;classic_columns_tablet&quot;:&quot;3&quot;,&quot;classic_columns_mobile&quot;:&quot;2&quot;,&quot;classic_columns&quot;:&quot;3&quot;,&quot;classic_row_gap_tablet&quot;:{&quot;unit&quot;:&quot;px&quot;,&quot;size&quot;:&quot;&quot;,&quot;sizes&quot;:[]},&quot;classic_row_gap_mobile&quot;:{&quot;unit&quot;:&quot;px&quot;,&quot;size&quot;:&quot;&quot;,&quot;sizes&quot;:[]}}\" data-widget_type=\"posts.classic\">\n\t\t\t\t<div class=\"elementor-widget-container\">\n\t\t\t\t\t\t\t<div class=\"elementor-posts-container elementor-posts elementor-posts--skin-classic elementor-grid\">\n\t\t\t\t<article class=\"elementor-post elementor-grid-item post-66419 post type-post status-publish format-standard has-post-thumbnail hentry category-nacional category-queretaro\">\n\t\t\t\t<a class=\"elementor-post__thumbnail__link\" href=\"https:\/\/quepocamadre.com\/?p=66419\" >\n\t\t\t<div class=\"elementor-post__thumbnail\"><img loading=\"lazy\" decoding=\"async\" width=\"300\" height=\"200\" src=\"https:\/\/quepocamadre.com\/wp-content\/uploads\/2026\/05\/INFIERNO-300x200.jpg\" class=\"attachment-medium size-medium wp-image-66423\" alt=\"\" srcset=\"https:\/\/quepocamadre.com\/wp-content\/uploads\/2026\/05\/INFIERNO-300x200.jpg 300w, https:\/\/quepocamadre.com\/wp-content\/uploads\/2026\/05\/INFIERNO-1024x684.jpg 1024w, https:\/\/quepocamadre.com\/wp-content\/uploads\/2026\/05\/INFIERNO-768x513.jpg 768w, https:\/\/quepocamadre.com\/wp-content\/uploads\/2026\/05\/INFIERNO.jpg 1200w\" sizes=\"(max-width: 300px) 100vw, 300px\" \/><\/div>\n\t\t<\/a>\n\t\t\t\t<div class=\"elementor-post__text\">\n\t\t\t\t<h3 class=\"elementor-post__title\">\n\t\t\t<a href=\"https:\/\/quepocamadre.com\/?p=66419\" >\n\t\t\t\t\u00a1INFIERNO EN LA 57! TR\u00c1ILER ARDE Y COLAPSA LA M\u00c9XICO-QUER\u00c9TARO\t\t\t<\/a>\n\t\t<\/h3>\n\t\t\t\t<div class=\"elementor-post__meta-data\">\n\t\t\t\t\t<span class=\"elementor-post-date\">\n\t\t\t1 mayo, 2026\t\t<\/span>\n\t\t\t\t<\/div>\n\t\t\t\t<div class=\"elementor-post__excerpt\">\n\t\t\t<p>Un tr\u00e1iler fue consumido por un voraz incendio la tarde de este jueves sobre la<\/p>\n\t\t<\/div>\n\t\t\t\t<\/div>\n\t\t\t\t<\/article>\n\t\t\t\t<article class=\"elementor-post elementor-grid-item post-66413 post type-post status-publish format-standard has-post-thumbnail hentry category-colima category-nacional\">\n\t\t\t\t<a class=\"elementor-post__thumbnail__link\" href=\"https:\/\/quepocamadre.com\/?p=66413\" >\n\t\t\t<div class=\"elementor-post__thumbnail\"><img loading=\"lazy\" decoding=\"async\" width=\"300\" height=\"200\" src=\"https:\/\/quepocamadre.com\/wp-content\/uploads\/2026\/05\/MACRABRO-300x200.jpg\" class=\"attachment-medium size-medium wp-image-66417\" alt=\"\" srcset=\"https:\/\/quepocamadre.com\/wp-content\/uploads\/2026\/05\/MACRABRO-300x200.jpg 300w, https:\/\/quepocamadre.com\/wp-content\/uploads\/2026\/05\/MACRABRO-1024x684.jpg 1024w, https:\/\/quepocamadre.com\/wp-content\/uploads\/2026\/05\/MACRABRO-768x513.jpg 768w, https:\/\/quepocamadre.com\/wp-content\/uploads\/2026\/05\/MACRABRO.jpg 1200w\" sizes=\"(max-width: 300px) 100vw, 300px\" \/><\/div>\n\t\t<\/a>\n\t\t\t\t<div class=\"elementor-post__text\">\n\t\t\t\t<h3 class=\"elementor-post__title\">\n\t\t\t<a href=\"https:\/\/quepocamadre.com\/?p=66413\" >\n\t\t\t\t\u00a1MACABRO HALLAZGO! ENCUENTRAN TRES CUERPOS EMBOLSADOS EN COLIMA\t\t\t<\/a>\n\t\t<\/h3>\n\t\t\t\t<div class=\"elementor-post__meta-data\">\n\t\t\t\t\t<span class=\"elementor-post-date\">\n\t\t\t1 mayo, 2026\t\t<\/span>\n\t\t\t\t<\/div>\n\t\t\t\t<div class=\"elementor-post__excerpt\">\n\t\t\t<p>Tres cuerpos envueltos en pl\u00e1stico y en avanzado estado de descomposici\u00f3n fueron localizados la tarde<\/p>\n\t\t<\/div>\n\t\t\t\t<\/div>\n\t\t\t\t<\/article>\n\t\t\t\t<article class=\"elementor-post elementor-grid-item post-66410 post type-post status-publish format-standard has-post-thumbnail hentry category-nacional category-puebla\">\n\t\t\t\t<a class=\"elementor-post__thumbnail__link\" href=\"https:\/\/quepocamadre.com\/?p=66410\" >\n\t\t\t<div class=\"elementor-post__thumbnail\"><img loading=\"lazy\" decoding=\"async\" width=\"300\" height=\"200\" src=\"https:\/\/quepocamadre.com\/wp-content\/uploads\/2026\/05\/TRES-300x200.jpg\" class=\"attachment-medium size-medium wp-image-66414\" alt=\"\" srcset=\"https:\/\/quepocamadre.com\/wp-content\/uploads\/2026\/05\/TRES-300x200.jpg 300w, https:\/\/quepocamadre.com\/wp-content\/uploads\/2026\/05\/TRES-1024x684.jpg 1024w, https:\/\/quepocamadre.com\/wp-content\/uploads\/2026\/05\/TRES-768x513.jpg 768w, https:\/\/quepocamadre.com\/wp-content\/uploads\/2026\/05\/TRES.jpg 1200w\" sizes=\"(max-width: 300px) 100vw, 300px\" \/><\/div>\n\t\t<\/a>\n\t\t\t\t<div class=\"elementor-post__text\">\n\t\t\t\t<h3 class=\"elementor-post__title\">\n\t\t\t<a href=\"https:\/\/quepocamadre.com\/?p=66410\" >\n\t\t\t\t\u00a1TRES DISPAROS Y MUERTE! EJECUTAN A CA\u00d1ERO EN IZ\u00daCAR\t\t\t<\/a>\n\t\t<\/h3>\n\t\t\t\t<div class=\"elementor-post__meta-data\">\n\t\t\t\t\t<span class=\"elementor-post-date\">\n\t\t\t1 mayo, 2026\t\t<\/span>\n\t\t\t\t<\/div>\n\t\t\t\t<div class=\"elementor-post__excerpt\">\n\t\t\t<p>Un hombre conocido como \u201cEl C\u00e1mara\u201d fue asesinado a balazos tras una ri\u00f1a en Iz\u00facar<\/p>\n\t\t<\/div>\n\t\t\t\t<\/div>\n\t\t\t\t<\/article>\n\t\t\t\t<article class=\"elementor-post elementor-grid-item post-66407 post type-post status-publish format-standard has-post-thumbnail hentry category-nacional category-nuevo-leon\">\n\t\t\t\t<a class=\"elementor-post__thumbnail__link\" href=\"https:\/\/quepocamadre.com\/?p=66407\" >\n\t\t\t<div class=\"elementor-post__thumbnail\"><img loading=\"lazy\" decoding=\"async\" width=\"300\" height=\"200\" src=\"https:\/\/quepocamadre.com\/wp-content\/uploads\/2026\/05\/IMPACTO-300x200.jpg\" class=\"attachment-medium size-medium wp-image-66408\" alt=\"\" srcset=\"https:\/\/quepocamadre.com\/wp-content\/uploads\/2026\/05\/IMPACTO-300x200.jpg 300w, https:\/\/quepocamadre.com\/wp-content\/uploads\/2026\/05\/IMPACTO-1024x684.jpg 1024w, https:\/\/quepocamadre.com\/wp-content\/uploads\/2026\/05\/IMPACTO-768x513.jpg 768w, https:\/\/quepocamadre.com\/wp-content\/uploads\/2026\/05\/IMPACTO.jpg 1200w\" sizes=\"(max-width: 300px) 100vw, 300px\" \/><\/div>\n\t\t<\/a>\n\t\t\t\t<div class=\"elementor-post__text\">\n\t\t\t\t<h3 class=\"elementor-post__title\">\n\t\t\t<a href=\"https:\/\/quepocamadre.com\/?p=66407\" >\n\t\t\t\t\u00a1IMPACTO DEVASTADOR! PAREJA QUEDA GRAVE TRAS CHOQUE EN MONTERREY\t\t\t<\/a>\n\t\t<\/h3>\n\t\t\t\t<div class=\"elementor-post__meta-data\">\n\t\t\t\t\t<span class=\"elementor-post-date\">\n\t\t\t1 mayo, 2026\t\t<\/span>\n\t\t\t\t<\/div>\n\t\t\t\t<div class=\"elementor-post__excerpt\">\n\t\t\t<p>Una pareja que viajaba en motocicleta result\u00f3 gravemente herida tras ser embestida por una camioneta<\/p>\n\t\t<\/div>\n\t\t\t\t<\/div>\n\t\t\t\t<\/article>\n\t\t\t\t<article class=\"elementor-post elementor-grid-item post-66371 post type-post status-publish format-standard has-post-thumbnail hentry category-nacional category-portada category-sinaloa\">\n\t\t\t\t<a class=\"elementor-post__thumbnail__link\" href=\"https:\/\/quepocamadre.com\/?p=66371\" >\n\t\t\t<div class=\"elementor-post__thumbnail\"><img loading=\"lazy\" decoding=\"async\" width=\"300\" height=\"200\" src=\"https:\/\/quepocamadre.com\/wp-content\/uploads\/2026\/04\/rocha-2-300x200.jpg\" class=\"attachment-medium size-medium wp-image-66375\" alt=\"\" srcset=\"https:\/\/quepocamadre.com\/wp-content\/uploads\/2026\/04\/rocha-2-300x200.jpg 300w, https:\/\/quepocamadre.com\/wp-content\/uploads\/2026\/04\/rocha-2-1024x684.jpg 1024w, https:\/\/quepocamadre.com\/wp-content\/uploads\/2026\/04\/rocha-2-768x513.jpg 768w, https:\/\/quepocamadre.com\/wp-content\/uploads\/2026\/04\/rocha-2.jpg 1200w\" sizes=\"(max-width: 300px) 100vw, 300px\" \/><\/div>\n\t\t<\/a>\n\t\t\t\t<div class=\"elementor-post__text\">\n\t\t\t\t<h3 class=\"elementor-post__title\">\n\t\t\t<a href=\"https:\/\/quepocamadre.com\/?p=66371\" >\n\t\t\t\t\u00a1ME EST\u00c1N CALUMNIANDO! ROCHA MOYA SE DEFIENDE DE LAS ACUSACIONES DE EUA EN SU CONTRA\t\t\t<\/a>\n\t\t<\/h3>\n\t\t\t\t<div class=\"elementor-post__meta-data\">\n\t\t\t\t\t<span class=\"elementor-post-date\">\n\t\t\t30 abril, 2026\t\t<\/span>\n\t\t\t\t<\/div>\n\t\t\t\t<div class=\"elementor-post__excerpt\">\n\t\t\t<p>El gobernador de Sinaloa rechaza cargos por narcotr\u00e1fico y asegura que responder\u00e1 con contundencia; vincula<\/p>\n\t\t<\/div>\n\t\t\t\t<\/div>\n\t\t\t\t<\/article>\n\t\t\t\t<article class=\"elementor-post elementor-grid-item post-66364 post type-post status-publish format-standard has-post-thumbnail hentry category-nacional\">\n\t\t\t\t<a class=\"elementor-post__thumbnail__link\" href=\"https:\/\/quepocamadre.com\/?p=66364\" >\n\t\t\t<div class=\"elementor-post__thumbnail\"><img loading=\"lazy\" decoding=\"async\" width=\"300\" height=\"200\" src=\"https:\/\/quepocamadre.com\/wp-content\/uploads\/2026\/04\/dia-de-la-300x200.jpg\" class=\"attachment-medium size-medium wp-image-66368\" alt=\"\" srcset=\"https:\/\/quepocamadre.com\/wp-content\/uploads\/2026\/04\/dia-de-la-300x200.jpg 300w, https:\/\/quepocamadre.com\/wp-content\/uploads\/2026\/04\/dia-de-la-1024x684.jpg 1024w, https:\/\/quepocamadre.com\/wp-content\/uploads\/2026\/04\/dia-de-la-768x513.jpg 768w, https:\/\/quepocamadre.com\/wp-content\/uploads\/2026\/04\/dia-de-la.jpg 1200w\" sizes=\"(max-width: 300px) 100vw, 300px\" \/><\/div>\n\t\t<\/a>\n\t\t\t\t<div class=\"elementor-post__text\">\n\t\t\t\t<h3 class=\"elementor-post__title\">\n\t\t\t<a href=\"https:\/\/quepocamadre.com\/?p=66364\" >\n\t\t\t\tD\u00eda de la ni\u00f1ez en M\u00e9xico: celebraci\u00f3n entre desigualdad y riesgo\t\t\t<\/a>\n\t\t<\/h3>\n\t\t\t\t<div class=\"elementor-post__meta-data\">\n\t\t\t\t\t<span class=\"elementor-post-date\">\n\t\t\t30 abril, 2026\t\t<\/span>\n\t\t\t\t<\/div>\n\t\t\t\t<div class=\"elementor-post__excerpt\">\n\t\t\t<p>En el marco del D\u00eda de la Ni\u00f1ez, especialistas y organizaciones advierten que millones de<\/p>\n\t\t<\/div>\n\t\t\t\t<\/div>\n\t\t\t\t<\/article>\n\t\t\t\t<\/div>\n\n\n\t\t\n\t\t\t\t\t\t<\/div>\n\t\t\t\t<\/div>\n\t\t\t\t\t<\/div>\n\t\t<\/div>\n\t\t\t\t\t<\/div>\n\t\t<\/section>\n\t\t\t\t<section class=\"elementor-section elementor-top-section elementor-element elementor-element-3990a762 elementor-section-boxed elementor-section-height-default elementor-section-height-default\" data-id=\"3990a762\" data-element_type=\"section\">\n\t\t\t\t\t\t<div class=\"elementor-container elementor-column-gap-default\">\n\t\t\t\t\t<div class=\"elementor-column elementor-col-100 elementor-top-column elementor-element elementor-element-27ed5356\" data-id=\"27ed5356\" data-element_type=\"column\">\n\t\t\t<div class=\"elementor-widget-wrap elementor-element-populated\">\n\t\t\t\t\t\t<div class=\"elementor-element elementor-element-33bef48b elementor-align-left elementor-widget elementor-widget-button\" data-id=\"33bef48b\" data-element_type=\"widget\" data-widget_type=\"button.default\">\n\t\t\t\t<div class=\"elementor-widget-container\">\n\t\t\t\t\t\t\t\t\t<div class=\"elementor-button-wrapper\">\n\t\t\t\t\t<a class=\"elementor-button elementor-size-sm\" role=\"button\">\n\t\t\t\t\t\t<span class=\"elementor-button-content-wrapper\">\n\t\t\t\t\t\t<span class=\"elementor-button-icon\">\n\t\t\t\t<i aria-hidden=\"true\" class=\"fas fa-hand-point-down\"><\/i>\t\t\t<\/span>\n\t\t\t\t\t\t\t\t\t<span class=\"elementor-button-text\">Lo m\u00e1s reciente:<\/span>\n\t\t\t\t\t<\/span>\n\t\t\t\t\t<\/a>\n\t\t\t\t<\/div>\n\t\t\t\t\t\t\t\t<\/div>\n\t\t\t\t<\/div>\n\t\t\t\t<div class=\"elementor-element elementor-element-71b4bf64 elementor-widget-divider--view-line elementor-widget elementor-widget-divider\" data-id=\"71b4bf64\" data-element_type=\"widget\" data-widget_type=\"divider.default\">\n\t\t\t\t<div class=\"elementor-widget-container\">\n\t\t\t\t\t\t\t<div class=\"elementor-divider\">\n\t\t\t<span class=\"elementor-divider-separator\">\n\t\t\t\t\t\t<\/span>\n\t\t<\/div>\n\t\t\t\t\t\t<\/div>\n\t\t\t\t<\/div>\n\t\t\t\t<div class=\"elementor-element elementor-element-7b08634 elementor-grid-6 elementor-posts--align-center elementor-grid-tablet-4 elementor-grid-mobile-2 elementor-posts--thumbnail-top elementor-widget elementor-widget-posts\" data-id=\"7b08634\" data-element_type=\"widget\" data-settings=\"{&quot;classic_columns&quot;:&quot;6&quot;,&quot;classic_row_gap&quot;:{&quot;unit&quot;:&quot;px&quot;,&quot;size&quot;:5,&quot;sizes&quot;:[]},&quot;classic_columns_tablet&quot;:&quot;4&quot;,&quot;classic_columns_mobile&quot;:&quot;2&quot;,&quot;classic_row_gap_tablet&quot;:{&quot;unit&quot;:&quot;px&quot;,&quot;size&quot;:&quot;&quot;,&quot;sizes&quot;:[]},&quot;classic_row_gap_mobile&quot;:{&quot;unit&quot;:&quot;px&quot;,&quot;size&quot;:&quot;&quot;,&quot;sizes&quot;:[]}}\" data-widget_type=\"posts.classic\">\n\t\t\t\t<div class=\"elementor-widget-container\">\n\t\t\t\t\t\t\t<div class=\"elementor-posts-container elementor-posts elementor-posts--skin-classic elementor-grid\">\n\t\t\t\t<article class=\"elementor-post elementor-grid-item post-66454 post type-post status-publish format-standard has-post-thumbnail hentry category-nacional category-portada\">\n\t\t\t\t<a class=\"elementor-post__thumbnail__link\" href=\"https:\/\/quepocamadre.com\/?p=66454\" >\n\t\t\t<div class=\"elementor-post__thumbnail\"><img loading=\"lazy\" decoding=\"async\" width=\"300\" height=\"200\" src=\"https:\/\/quepocamadre.com\/wp-content\/uploads\/2026\/05\/triste-3-300x200.jpg\" class=\"attachment-medium size-medium wp-image-66458\" alt=\"\" srcset=\"https:\/\/quepocamadre.com\/wp-content\/uploads\/2026\/05\/triste-3-300x200.jpg 300w, https:\/\/quepocamadre.com\/wp-content\/uploads\/2026\/05\/triste-3-1024x684.jpg 1024w, https:\/\/quepocamadre.com\/wp-content\/uploads\/2026\/05\/triste-3-768x513.jpg 768w, https:\/\/quepocamadre.com\/wp-content\/uploads\/2026\/05\/triste-3.jpg 1200w\" sizes=\"(max-width: 300px) 100vw, 300px\" \/><\/div>\n\t\t<\/a>\n\t\t\t\t<div class=\"elementor-post__text\">\n\t\t\t\t<h3 class=\"elementor-post__title\">\n\t\t\t<a href=\"https:\/\/quepocamadre.com\/?p=66454\" >\n\t\t\t\t\u00a1TRISTE D\u00cdA DEL NI\u00d1O Y LA NI\u00d1A! LA INFANCIA EN M\u00c9XICO EST\u00c1 EN CRISIS\t\t\t<\/a>\n\t\t<\/h3>\n\t\t\t\t<div class=\"elementor-post__meta-data\">\n\t\t\t\t\t<span class=\"elementor-post-date\">\n\t\t\t1 mayo, 2026\t\t<\/span>\n\t\t\t\t<\/div>\n\t\t\t\t<\/div>\n\t\t\t\t<\/article>\n\t\t\t\t<article class=\"elementor-post elementor-grid-item post-66451 post type-post status-publish format-standard has-post-thumbnail hentry category-edomex\">\n\t\t\t\t<a class=\"elementor-post__thumbnail__link\" href=\"https:\/\/quepocamadre.com\/?p=66451\" >\n\t\t\t<div class=\"elementor-post__thumbnail\"><img loading=\"lazy\" decoding=\"async\" width=\"300\" height=\"200\" src=\"https:\/\/quepocamadre.com\/wp-content\/uploads\/2026\/05\/4DENUNDIA-2-300x200.jpg\" class=\"attachment-medium size-medium wp-image-66455\" alt=\"\" srcset=\"https:\/\/quepocamadre.com\/wp-content\/uploads\/2026\/05\/4DENUNDIA-2-300x200.jpg 300w, https:\/\/quepocamadre.com\/wp-content\/uploads\/2026\/05\/4DENUNDIA-2-1024x684.jpg 1024w, https:\/\/quepocamadre.com\/wp-content\/uploads\/2026\/05\/4DENUNDIA-2-768x513.jpg 768w, https:\/\/quepocamadre.com\/wp-content\/uploads\/2026\/05\/4DENUNDIA-2.jpg 1200w\" sizes=\"(max-width: 300px) 100vw, 300px\" \/><\/div>\n\t\t<\/a>\n\t\t\t\t<div class=\"elementor-post__text\">\n\t\t\t\t<h3 class=\"elementor-post__title\">\n\t\t\t<a href=\"https:\/\/quepocamadre.com\/?p=66451\" >\n\t\t\t\tDenuncia ciudadana contra la extorsi\u00f3n evita pagos de m\u00e1s de 123 mdp: Delfina G\u00f3mez\t\t\t<\/a>\n\t\t<\/h3>\n\t\t\t\t<div class=\"elementor-post__meta-data\">\n\t\t\t\t\t<span class=\"elementor-post-date\">\n\t\t\t1 mayo, 2026\t\t<\/span>\n\t\t\t\t<\/div>\n\t\t\t\t<\/div>\n\t\t\t\t<\/article>\n\t\t\t\t<article class=\"elementor-post elementor-grid-item post-66448 post type-post status-publish format-standard has-post-thumbnail hentry category-nacional\">\n\t\t\t\t<a class=\"elementor-post__thumbnail__link\" href=\"https:\/\/quepocamadre.com\/?p=66448\" >\n\t\t\t<div class=\"elementor-post__thumbnail\"><img loading=\"lazy\" decoding=\"async\" width=\"300\" height=\"200\" src=\"https:\/\/quepocamadre.com\/wp-content\/uploads\/2026\/05\/banda-300x200.jpg\" class=\"attachment-medium size-medium wp-image-66452\" alt=\"\" srcset=\"https:\/\/quepocamadre.com\/wp-content\/uploads\/2026\/05\/banda-300x200.jpg 300w, https:\/\/quepocamadre.com\/wp-content\/uploads\/2026\/05\/banda-1024x684.jpg 1024w, https:\/\/quepocamadre.com\/wp-content\/uploads\/2026\/05\/banda-768x513.jpg 768w, https:\/\/quepocamadre.com\/wp-content\/uploads\/2026\/05\/banda.jpg 1200w\" sizes=\"(max-width: 300px) 100vw, 300px\" \/><\/div>\n\t\t<\/a>\n\t\t\t\t<div class=\"elementor-post__text\">\n\t\t\t\t<h3 class=\"elementor-post__title\">\n\t\t\t<a href=\"https:\/\/quepocamadre.com\/?p=66448\" >\n\t\t\t\tBanda Clave Especial sorprende con donativo al hijo del mexicano que compite en reto de MrBeast\t\t\t<\/a>\n\t\t<\/h3>\n\t\t\t\t<div class=\"elementor-post__meta-data\">\n\t\t\t\t\t<span class=\"elementor-post-date\">\n\t\t\t1 mayo, 2026\t\t<\/span>\n\t\t\t\t<\/div>\n\t\t\t\t<\/div>\n\t\t\t\t<\/article>\n\t\t\t\t<article class=\"elementor-post elementor-grid-item post-66445 post type-post status-publish format-standard has-post-thumbnail hentry category-nacional\">\n\t\t\t\t<a class=\"elementor-post__thumbnail__link\" href=\"https:\/\/quepocamadre.com\/?p=66445\" >\n\t\t\t<div class=\"elementor-post__thumbnail\"><img loading=\"lazy\" decoding=\"async\" width=\"300\" height=\"200\" src=\"https:\/\/quepocamadre.com\/wp-content\/uploads\/2026\/05\/canelo-300x200.jpg\" class=\"attachment-medium size-medium wp-image-66449\" alt=\"\" srcset=\"https:\/\/quepocamadre.com\/wp-content\/uploads\/2026\/05\/canelo-300x200.jpg 300w, https:\/\/quepocamadre.com\/wp-content\/uploads\/2026\/05\/canelo-1024x684.jpg 1024w, https:\/\/quepocamadre.com\/wp-content\/uploads\/2026\/05\/canelo-768x513.jpg 768w, https:\/\/quepocamadre.com\/wp-content\/uploads\/2026\/05\/canelo.jpg 1200w\" sizes=\"(max-width: 300px) 100vw, 300px\" \/><\/div>\n\t\t<\/a>\n\t\t\t\t<div class=\"elementor-post__text\">\n\t\t\t\t<h3 class=\"elementor-post__title\">\n\t\t\t<a href=\"https:\/\/quepocamadre.com\/?p=66445\" >\n\t\t\t\tCanelo va por la revancha: pelear\u00e1 por el t\u00edtulo del CMB en Arabia Saudita\t\t\t<\/a>\n\t\t<\/h3>\n\t\t\t\t<div class=\"elementor-post__meta-data\">\n\t\t\t\t\t<span class=\"elementor-post-date\">\n\t\t\t1 mayo, 2026\t\t<\/span>\n\t\t\t\t<\/div>\n\t\t\t\t<\/div>\n\t\t\t\t<\/article>\n\t\t\t\t<article class=\"elementor-post elementor-grid-item post-66441 post type-post status-publish format-standard has-post-thumbnail hentry category-nacional\">\n\t\t\t\t<a class=\"elementor-post__thumbnail__link\" href=\"https:\/\/quepocamadre.com\/?p=66441\" >\n\t\t\t<div class=\"elementor-post__thumbnail\"><img loading=\"lazy\" decoding=\"async\" width=\"300\" height=\"200\" src=\"https:\/\/quepocamadre.com\/wp-content\/uploads\/2026\/05\/va-por-portada-300x200.jpg\" class=\"attachment-medium size-medium wp-image-66446\" alt=\"\" srcset=\"https:\/\/quepocamadre.com\/wp-content\/uploads\/2026\/05\/va-por-portada-300x200.jpg 300w, https:\/\/quepocamadre.com\/wp-content\/uploads\/2026\/05\/va-por-portada-1024x684.jpg 1024w, https:\/\/quepocamadre.com\/wp-content\/uploads\/2026\/05\/va-por-portada-768x513.jpg 768w, https:\/\/quepocamadre.com\/wp-content\/uploads\/2026\/05\/va-por-portada.jpg 1200w\" sizes=\"(max-width: 300px) 100vw, 300px\" \/><\/div>\n\t\t<\/a>\n\t\t\t\t<div class=\"elementor-post__text\">\n\t\t\t\t<h3 class=\"elementor-post__title\">\n\t\t\t<a href=\"https:\/\/quepocamadre.com\/?p=66441\" >\n\t\t\t\t\u00a1VA POR EL SEXTO! MEMO OCHOA JUGAR\u00c1 EN EL MUNDIAL 2026\t\t\t<\/a>\n\t\t<\/h3>\n\t\t\t\t<div class=\"elementor-post__meta-data\">\n\t\t\t\t\t<span class=\"elementor-post-date\">\n\t\t\t1 mayo, 2026\t\t<\/span>\n\t\t\t\t<\/div>\n\t\t\t\t<\/div>\n\t\t\t\t<\/article>\n\t\t\t\t<article class=\"elementor-post elementor-grid-item post-66437 post type-post status-publish format-standard has-post-thumbnail hentry category-jalisco category-nacional\">\n\t\t\t\t<a class=\"elementor-post__thumbnail__link\" href=\"https:\/\/quepocamadre.com\/?p=66437\" >\n\t\t\t<div class=\"elementor-post__thumbnail\"><img loading=\"lazy\" decoding=\"async\" width=\"300\" height=\"200\" src=\"https:\/\/quepocamadre.com\/wp-content\/uploads\/2026\/05\/caen-por-300x200.jpg\" class=\"attachment-medium size-medium wp-image-66442\" alt=\"\" srcset=\"https:\/\/quepocamadre.com\/wp-content\/uploads\/2026\/05\/caen-por-300x200.jpg 300w, https:\/\/quepocamadre.com\/wp-content\/uploads\/2026\/05\/caen-por-1024x684.jpg 1024w, https:\/\/quepocamadre.com\/wp-content\/uploads\/2026\/05\/caen-por-768x513.jpg 768w, https:\/\/quepocamadre.com\/wp-content\/uploads\/2026\/05\/caen-por.jpg 1200w\" sizes=\"(max-width: 300px) 100vw, 300px\" \/><\/div>\n\t\t<\/a>\n\t\t\t\t<div class=\"elementor-post__text\">\n\t\t\t\t<h3 class=\"elementor-post__title\">\n\t\t\t<a href=\"https:\/\/quepocamadre.com\/?p=66437\" >\n\t\t\t\t\u00a1Caen por violento robo! Detienen a dos por asalto de camioneta en Guadalajara\t\t\t<\/a>\n\t\t<\/h3>\n\t\t\t\t<div class=\"elementor-post__meta-data\">\n\t\t\t\t\t<span class=\"elementor-post-date\">\n\t\t\t1 mayo, 2026\t\t<\/span>\n\t\t\t\t<\/div>\n\t\t\t\t<\/div>\n\t\t\t\t<\/article>\n\t\t\t\t<article class=\"elementor-post elementor-grid-item post-66434 post type-post status-publish format-standard has-post-thumbnail hentry category-durango category-nacional\">\n\t\t\t\t<a class=\"elementor-post__thumbnail__link\" href=\"https:\/\/quepocamadre.com\/?p=66434\" >\n\t\t\t<div class=\"elementor-post__thumbnail\"><img loading=\"lazy\" decoding=\"async\" width=\"300\" height=\"200\" src=\"https:\/\/quepocamadre.com\/wp-content\/uploads\/2026\/05\/justicia-300x200.jpg\" class=\"attachment-medium size-medium wp-image-66438\" alt=\"\" srcset=\"https:\/\/quepocamadre.com\/wp-content\/uploads\/2026\/05\/justicia-300x200.jpg 300w, https:\/\/quepocamadre.com\/wp-content\/uploads\/2026\/05\/justicia-1024x684.jpg 1024w, https:\/\/quepocamadre.com\/wp-content\/uploads\/2026\/05\/justicia-768x513.jpg 768w, https:\/\/quepocamadre.com\/wp-content\/uploads\/2026\/05\/justicia.jpg 1200w\" sizes=\"(max-width: 300px) 100vw, 300px\" \/><\/div>\n\t\t<\/a>\n\t\t\t\t<div class=\"elementor-post__text\">\n\t\t\t\t<h3 class=\"elementor-post__title\">\n\t\t\t<a href=\"https:\/\/quepocamadre.com\/?p=66434\" >\n\t\t\t\t\u00a1Justicia para el peque\u00f1o! Caen presuntos asesinos de ni\u00f1o en balacera en G\u00f3mez Palacio\t\t\t<\/a>\n\t\t<\/h3>\n\t\t\t\t<div class=\"elementor-post__meta-data\">\n\t\t\t\t\t<span class=\"elementor-post-date\">\n\t\t\t1 mayo, 2026\t\t<\/span>\n\t\t\t\t<\/div>\n\t\t\t\t<\/div>\n\t\t\t\t<\/article>\n\t\t\t\t<article class=\"elementor-post elementor-grid-item post-66430 post type-post status-publish format-standard has-post-thumbnail hentry category-nacional category-veracruz\">\n\t\t\t\t<a class=\"elementor-post__thumbnail__link\" href=\"https:\/\/quepocamadre.com\/?p=66430\" >\n\t\t\t<div class=\"elementor-post__thumbnail\"><img loading=\"lazy\" decoding=\"async\" width=\"300\" height=\"200\" src=\"https:\/\/quepocamadre.com\/wp-content\/uploads\/2026\/05\/RAPINA-300x200.jpg\" class=\"attachment-medium size-medium wp-image-66435\" alt=\"\" srcset=\"https:\/\/quepocamadre.com\/wp-content\/uploads\/2026\/05\/RAPINA-300x200.jpg 300w, https:\/\/quepocamadre.com\/wp-content\/uploads\/2026\/05\/RAPINA-1024x684.jpg 1024w, https:\/\/quepocamadre.com\/wp-content\/uploads\/2026\/05\/RAPINA-768x513.jpg 768w, https:\/\/quepocamadre.com\/wp-content\/uploads\/2026\/05\/RAPINA.jpg 1200w\" sizes=\"(max-width: 300px) 100vw, 300px\" \/><\/div>\n\t\t<\/a>\n\t\t\t\t<div class=\"elementor-post__text\">\n\t\t\t\t<h3 class=\"elementor-post__title\">\n\t\t\t<a href=\"https:\/\/quepocamadre.com\/?p=66430\" >\n\t\t\t\t\u00a1RAPI\u00d1A SIN CONTROL! VOLCADURA DESATA SAQUEO EN XALAPA-PEROTE\t\t\t<\/a>\n\t\t<\/h3>\n\t\t\t\t<div class=\"elementor-post__meta-data\">\n\t\t\t\t\t<span class=\"elementor-post-date\">\n\t\t\t1 mayo, 2026\t\t<\/span>\n\t\t\t\t<\/div>\n\t\t\t\t<\/div>\n\t\t\t\t<\/article>\n\t\t\t\t<article class=\"elementor-post elementor-grid-item post-66426 post type-post status-publish format-standard has-post-thumbnail hentry category-nacional category-yucatan\">\n\t\t\t\t<a class=\"elementor-post__thumbnail__link\" href=\"https:\/\/quepocamadre.com\/?p=66426\" >\n\t\t\t<div class=\"elementor-post__thumbnail\"><img loading=\"lazy\" decoding=\"async\" width=\"300\" height=\"200\" src=\"https:\/\/quepocamadre.com\/wp-content\/uploads\/2026\/05\/SE-CONSUME-300x200.jpg\" class=\"attachment-medium size-medium wp-image-66431\" alt=\"\" srcset=\"https:\/\/quepocamadre.com\/wp-content\/uploads\/2026\/05\/SE-CONSUME-300x200.jpg 300w, https:\/\/quepocamadre.com\/wp-content\/uploads\/2026\/05\/SE-CONSUME-1024x684.jpg 1024w, https:\/\/quepocamadre.com\/wp-content\/uploads\/2026\/05\/SE-CONSUME-768x513.jpg 768w, https:\/\/quepocamadre.com\/wp-content\/uploads\/2026\/05\/SE-CONSUME.jpg 1200w\" sizes=\"(max-width: 300px) 100vw, 300px\" \/><\/div>\n\t\t<\/a>\n\t\t\t\t<div class=\"elementor-post__text\">\n\t\t\t\t<h3 class=\"elementor-post__title\">\n\t\t\t<a href=\"https:\/\/quepocamadre.com\/?p=66426\" >\n\t\t\t\t\u00a1SE CONSUME TODO! INCENDIO DEVORA BODEGA EN YUCAT\u00c1N\t\t\t<\/a>\n\t\t<\/h3>\n\t\t\t\t<div class=\"elementor-post__meta-data\">\n\t\t\t\t\t<span class=\"elementor-post-date\">\n\t\t\t1 mayo, 2026\t\t<\/span>\n\t\t\t\t<\/div>\n\t\t\t\t<\/div>\n\t\t\t\t<\/article>\n\t\t\t\t<article class=\"elementor-post elementor-grid-item post-66422 post type-post status-publish format-standard has-post-thumbnail hentry category-nacional category-puebla\">\n\t\t\t\t<a class=\"elementor-post__thumbnail__link\" href=\"https:\/\/quepocamadre.com\/?p=66422\" >\n\t\t\t<div class=\"elementor-post__thumbnail\"><img loading=\"lazy\" decoding=\"async\" width=\"300\" height=\"200\" src=\"https:\/\/quepocamadre.com\/wp-content\/uploads\/2026\/05\/FATAL-CAIDA-300x200.jpg\" class=\"attachment-medium size-medium wp-image-66427\" alt=\"\" srcset=\"https:\/\/quepocamadre.com\/wp-content\/uploads\/2026\/05\/FATAL-CAIDA-300x200.jpg 300w, https:\/\/quepocamadre.com\/wp-content\/uploads\/2026\/05\/FATAL-CAIDA-1024x684.jpg 1024w, https:\/\/quepocamadre.com\/wp-content\/uploads\/2026\/05\/FATAL-CAIDA-768x513.jpg 768w, https:\/\/quepocamadre.com\/wp-content\/uploads\/2026\/05\/FATAL-CAIDA.jpg 1200w\" sizes=\"(max-width: 300px) 100vw, 300px\" \/><\/div>\n\t\t<\/a>\n\t\t\t\t<div class=\"elementor-post__text\">\n\t\t\t\t<h3 class=\"elementor-post__title\">\n\t\t\t<a href=\"https:\/\/quepocamadre.com\/?p=66422\" >\n\t\t\t\t\u00a1FATAL CA\u00cdDA! MUERE JOVEN TRAS ACCIDENTE EN SCOOTER\t\t\t<\/a>\n\t\t<\/h3>\n\t\t\t\t<div class=\"elementor-post__meta-data\">\n\t\t\t\t\t<span class=\"elementor-post-date\">\n\t\t\t1 mayo, 2026\t\t<\/span>\n\t\t\t\t<\/div>\n\t\t\t\t<\/div>\n\t\t\t\t<\/article>\n\t\t\t\t<article class=\"elementor-post elementor-grid-item post-66419 post type-post status-publish format-standard has-post-thumbnail hentry category-nacional category-queretaro\">\n\t\t\t\t<a class=\"elementor-post__thumbnail__link\" href=\"https:\/\/quepocamadre.com\/?p=66419\" >\n\t\t\t<div class=\"elementor-post__thumbnail\"><img loading=\"lazy\" decoding=\"async\" width=\"300\" height=\"200\" src=\"https:\/\/quepocamadre.com\/wp-content\/uploads\/2026\/05\/INFIERNO-300x200.jpg\" class=\"attachment-medium size-medium wp-image-66423\" alt=\"\" srcset=\"https:\/\/quepocamadre.com\/wp-content\/uploads\/2026\/05\/INFIERNO-300x200.jpg 300w, https:\/\/quepocamadre.com\/wp-content\/uploads\/2026\/05\/INFIERNO-1024x684.jpg 1024w, https:\/\/quepocamadre.com\/wp-content\/uploads\/2026\/05\/INFIERNO-768x513.jpg 768w, https:\/\/quepocamadre.com\/wp-content\/uploads\/2026\/05\/INFIERNO.jpg 1200w\" sizes=\"(max-width: 300px) 100vw, 300px\" \/><\/div>\n\t\t<\/a>\n\t\t\t\t<div class=\"elementor-post__text\">\n\t\t\t\t<h3 class=\"elementor-post__title\">\n\t\t\t<a href=\"https:\/\/quepocamadre.com\/?p=66419\" >\n\t\t\t\t\u00a1INFIERNO EN LA 57! TR\u00c1ILER ARDE Y COLAPSA LA M\u00c9XICO-QUER\u00c9TARO\t\t\t<\/a>\n\t\t<\/h3>\n\t\t\t\t<div class=\"elementor-post__meta-data\">\n\t\t\t\t\t<span class=\"elementor-post-date\">\n\t\t\t1 mayo, 2026\t\t<\/span>\n\t\t\t\t<\/div>\n\t\t\t\t<\/div>\n\t\t\t\t<\/article>\n\t\t\t\t<article class=\"elementor-post elementor-grid-item post-66416 post type-post status-publish format-standard has-post-thumbnail hentry category-edomex category-toluca\">\n\t\t\t\t<a class=\"elementor-post__thumbnail__link\" href=\"https:\/\/quepocamadre.com\/?p=66416\" >\n\t\t\t<div class=\"elementor-post__thumbnail\"><img loading=\"lazy\" decoding=\"async\" width=\"300\" height=\"200\" src=\"https:\/\/quepocamadre.com\/wp-content\/uploads\/2026\/05\/TRAGEDIA-300x200.jpg\" class=\"attachment-medium size-medium wp-image-66420\" alt=\"\" srcset=\"https:\/\/quepocamadre.com\/wp-content\/uploads\/2026\/05\/TRAGEDIA-300x200.jpg 300w, https:\/\/quepocamadre.com\/wp-content\/uploads\/2026\/05\/TRAGEDIA-1024x684.jpg 1024w, https:\/\/quepocamadre.com\/wp-content\/uploads\/2026\/05\/TRAGEDIA-768x513.jpg 768w, https:\/\/quepocamadre.com\/wp-content\/uploads\/2026\/05\/TRAGEDIA.jpg 1200w\" sizes=\"(max-width: 300px) 100vw, 300px\" \/><\/div>\n\t\t<\/a>\n\t\t\t\t<div class=\"elementor-post__text\">\n\t\t\t\t<h3 class=\"elementor-post__title\">\n\t\t\t<a href=\"https:\/\/quepocamadre.com\/?p=66416\" >\n\t\t\t\t\u00a1TRAGEDIA EN D\u00cdA DEL NI\u00d1O! MUERE MENOR EN BRUTAL CHOQUE EN TOLUCA\t\t\t<\/a>\n\t\t<\/h3>\n\t\t\t\t<div class=\"elementor-post__meta-data\">\n\t\t\t\t\t<span class=\"elementor-post-date\">\n\t\t\t1 mayo, 2026\t\t<\/span>\n\t\t\t\t<\/div>\n\t\t\t\t<\/div>\n\t\t\t\t<\/article>\n\t\t\t\t<\/div>\n\n\n\t\t\n\t\t\t\t\t\t<\/div>\n\t\t\t\t<\/div>\n\t\t\t\t\t<\/div>\n\t\t<\/div>\n\t\t\t\t\t<\/div>\n\t\t<\/section>\n\t\t\t\t<\/div>\n\t\t","protected":false},"excerpt":{"rendered":"<p>Principales: Trump rechaza disculparse con su santidad Le\u00f3n XIV Trump rechaza disculparse con su santidad<\/p>\n","protected":false},"author":1,"featured_media":45922,"parent":0,"menu_order":0,"comment_status":"closed","ping_status":"closed","template":"","meta":{"footnotes":""},"class_list":["post-45903","page","type-page","status-publish","has-post-thumbnail","hentry"],"_links":{"self":[{"href":"https:\/\/quepocamadre.com\/index.php?rest_route=\/wp\/v2\/pages\/45903","targetHints":{"allow":["GET"]}}],"collection":[{"href":"https:\/\/quepocamadre.com\/index.php?rest_route=\/wp\/v2\/pages"}],"about":[{"href":"https:\/\/quepocamadre.com\/index.php?rest_route=\/wp\/v2\/types\/page"}],"author":[{"embeddable":true,"href":"https:\/\/quepocamadre.com\/index.php?rest_route=\/wp\/v2\/users\/1"}],"replies":[{"embeddable":true,"href":"https:\/\/quepocamadre.com\/index.php?rest_route=%2Fwp%2Fv2%2Fcomments&post=45903"}],"version-history":[{"count":34,"href":"https:\/\/quepocamadre.com\/index.php?rest_route=\/wp\/v2\/pages\/45903\/revisions"}],"predecessor-version":[{"id":65365,"href":"https:\/\/quepocamadre.com\/index.php?rest_route=\/wp\/v2\/pages\/45903\/revisions\/65365"}],"wp:featuredmedia":[{"embeddable":true,"href":"https:\/\/quepocamadre.com\/index.php?rest_route=\/wp\/v2\/media\/45922"}],"wp:attachment":[{"href":"https:\/\/quepocamadre.com\/index.php?rest_route=%2Fwp%2Fv2%2Fmedia&parent=45903"}],"curies":[{"name":"wp","href":"https:\/\/api.w.org\/{rel}","templated":true}]}}